{"id":319,"date":"2025-10-10T18:05:59","date_gmt":"2025-10-10T18:05:59","guid":{"rendered":"https:\/\/conferencia.anuies.mx\/?page_id=319"},"modified":"2025-10-10T19:48:21","modified_gmt":"2025-10-10T19:48:21","slug":"conoce-manzanillo","status":"publish","type":"page","link":"https:\/\/conferencia.anuies.mx\/conoce-manzanillo\/","title":{"rendered":"Conoce Manzanillo"},"content":{"rendered":"<div id=\"pl-319\"  class=\"panel-layout\" ><div id=\"pg-319-0\"  class=\"panel-grid panel-has-style\" ><div style=\"padding: 5px 0; \" data-overlay=\"true\" data-overlay-color=\"#000000\" class=\"panel-row-style panel-row-style-for-319-0\" ><div id=\"pgc-319-0-0\"  class=\"panel-grid-cell\" ><div id=\"panel-319-0-0-0\" class=\"so-panel widget widget_sow-tabs panel-first-child panel-last-child\" data-index=\"0\" ><div style=\"text-align: left;\" data-title-color=\"#443f3f\" data-headings-color=\"#443f3f\" class=\"panel-widget-style panel-widget-style-for-319-0-0-0\" ><div\n\t\t\t\n\t\t\tclass=\"so-widget-sow-tabs so-widget-sow-tabs-default-8c6bfe3abdc7-319\"\n\t\t\t\n\t\t><div class=\"sow-tabs\">\n\t<div class=\"sow-tabs-tab-container\" role=\"tablist\">\n\t\t\t<div\n\t\t\tclass=\"sow-tabs-tab\n\t\t\t sow-tabs-tab-selected\t\t\t\"\n\t\t\trole=\"tab\"\n\t\t\tdata-anchor-id=\"manzanillo\"\n\t\t\taria-selected=\"true\"\n\t\t\ttabindex=\"0\"\n\t\t>\n\t\t\t<div class=\"sow-tabs-title sow-tabs-title-icon-left\">\n\t\t\t\t\t\t\t\tManzanillo\t\t\t\t\t\t\t<\/div>\n\t\t<\/div>\n\t\t\t<div\n\t\t\tclass=\"sow-tabs-tab\n\t\t\t\t\t\t\"\n\t\t\trole=\"tab\"\n\t\t\tdata-anchor-id=\"atractivos\"\n\t\t\taria-selected=\"false\"\n\t\t\ttabindex=\"0\"\n\t\t>\n\t\t\t<div class=\"sow-tabs-title sow-tabs-title-icon-left\">\n\t\t\t\t\t\t\t\tAtractivos\t\t\t\t\t\t\t<\/div>\n\t\t<\/div>\n\t\t\t<div\n\t\t\tclass=\"sow-tabs-tab\n\t\t\t\t\t\t\"\n\t\t\trole=\"tab\"\n\t\t\tdata-anchor-id=\"clima\"\n\t\t\taria-selected=\"false\"\n\t\t\ttabindex=\"0\"\n\t\t>\n\t\t\t<div class=\"sow-tabs-title sow-tabs-title-icon-left\">\n\t\t\t\t\t\t\t\tClima\t\t\t\t\t\t\t<\/div>\n\t\t<\/div>\n\t\t\t<div\n\t\t\tclass=\"sow-tabs-tab\n\t\t\t\t\t\t\"\n\t\t\trole=\"tab\"\n\t\t\tdata-anchor-id=\"como-llegar\"\n\t\t\taria-selected=\"false\"\n\t\t\ttabindex=\"0\"\n\t\t>\n\t\t\t<div class=\"sow-tabs-title sow-tabs-title-icon-left\">\n\t\t\t\t\t\t\t\tC\u00f3mo llegar\t\t\t\t\t\t\t<\/div>\n\t\t<\/div>\n\t\t\t<div\n\t\t\tclass=\"sow-tabs-tab\n\t\t\t\t\t\t\"\n\t\t\trole=\"tab\"\n\t\t\tdata-anchor-id=\"datos-curiosos\"\n\t\t\taria-selected=\"false\"\n\t\t\ttabindex=\"0\"\n\t\t>\n\t\t\t<div class=\"sow-tabs-title sow-tabs-title-icon-left\">\n\t\t\t\t\t\t\t\tDatos curiosos\t\t\t\t\t\t\t<\/div>\n\t\t<\/div>\n\t\t<\/div>\n\n\t<div class=\"sow-tabs-panel-container\">\n\t\t\t<div class=\"sow-tabs-panel\">\n\t\t\t<div\n\t\t\t\tclass=\"sow-tabs-panel-content\"\n\t\t\t\trole=\"tabpanel\"\n\t\t\t\taria-hidden=\"false\"\n\t\t\t>\n\t\t\t\t<p style=\"text-align: justify\"><img loading=\"lazy\" decoding=\"async\" class=\"wp-image-320 alignleft\" src=\"https:\/\/conferencia.anuies.mx\/wp-content\/uploads\/2025\/10\/Manzanillo-Cover-01.jpg\" alt=\"\" width=\"371\" height=\"195\" srcset=\"https:\/\/conferencia.anuies.mx\/wp-content\/uploads\/2025\/10\/Manzanillo-Cover-01.jpg 1200w, https:\/\/conferencia.anuies.mx\/wp-content\/uploads\/2025\/10\/Manzanillo-Cover-01-300x158.jpg 300w, https:\/\/conferencia.anuies.mx\/wp-content\/uploads\/2025\/10\/Manzanillo-Cover-01-1024x538.jpg 1024w, https:\/\/conferencia.anuies.mx\/wp-content\/uploads\/2025\/10\/Manzanillo-Cover-01-768x403.jpg 768w, https:\/\/conferencia.anuies.mx\/wp-content\/uploads\/2025\/10\/Manzanillo-Cover-01-1000x525.jpg 1000w, https:\/\/conferencia.anuies.mx\/wp-content\/uploads\/2025\/10\/Manzanillo-Cover-01-230x121.jpg 230w, https:\/\/conferencia.anuies.mx\/wp-content\/uploads\/2025\/10\/Manzanillo-Cover-01-350x184.jpg 350w, https:\/\/conferencia.anuies.mx\/wp-content\/uploads\/2025\/10\/Manzanillo-Cover-01-480x252.jpg 480w\" sizes=\"auto, (max-width: 371px) 100vw, 371px\" \/><\/p>\n<p>&nbsp;<\/p>\n<p style=\"text-align: justify\"><span style=\"font-size: 14pt\">Manzanillo se localiza en la costa del Pac\u00edfico mexicano, en el estado de Colima. Es el principal puerto comercial del pa\u00eds y una de las joyas tur\u00edsticas m\u00e1s importantes del occidente de M\u00e9xico. Se encuentra aproximadamente a 90 kil\u00f3metros de la capital estatal, Colima, y a unos 850 kil\u00f3metros de la Ciudad de M\u00e9xico.<\/span><\/p>\n<p>&nbsp;<\/p>\n<p style=\"text-align: justify\"><span style=\"font-size: 14pt\">Conocido como la <strong>'Capital Mundial del Pez Vela'<\/strong>, Manzanillo combina la modernidad de su puerto con la tranquilidad de sus playas y la calidez de su gente. Es un destino que atrae tanto a turistas nacionales como internacionales por su diversidad de actividades, su excelente gastronom\u00eda marina y su clima c\u00e1lido durante todo el a\u00f1o.<\/span><\/p>\n\t\t\t<\/div>\n\t\t<\/div>\n\t\t\t<div class=\"sow-tabs-panel\">\n\t\t\t<div\n\t\t\t\tclass=\"sow-tabs-panel-content\"\n\t\t\t\trole=\"tabpanel\"\n\t\t\t\taria-hidden=\"true\"\n\t\t\t>\n\t\t\t\t<p style=\"text-align: justify\"><span style=\"font-size: 14pt\"><strong><img loading=\"lazy\" decoding=\"async\" class=\"wp-image-332 alignleft\" src=\"https:\/\/conferencia.anuies.mx\/wp-content\/uploads\/2025\/10\/Playa-Miramar.jpg\" alt=\"\" width=\"625\" height=\"351\" srcset=\"https:\/\/conferencia.anuies.mx\/wp-content\/uploads\/2025\/10\/Playa-Miramar.jpg 2560w, https:\/\/conferencia.anuies.mx\/wp-content\/uploads\/2025\/10\/Playa-Miramar-300x169.jpg 300w, https:\/\/conferencia.anuies.mx\/wp-content\/uploads\/2025\/10\/Playa-Miramar-1024x576.jpg 1024w, https:\/\/conferencia.anuies.mx\/wp-content\/uploads\/2025\/10\/Playa-Miramar-768x432.jpg 768w, https:\/\/conferencia.anuies.mx\/wp-content\/uploads\/2025\/10\/Playa-Miramar-1536x864.jpg 1536w, https:\/\/conferencia.anuies.mx\/wp-content\/uploads\/2025\/10\/Playa-Miramar-2048x1152.jpg 2048w, https:\/\/conferencia.anuies.mx\/wp-content\/uploads\/2025\/10\/Playa-Miramar-1000x563.jpg 1000w, https:\/\/conferencia.anuies.mx\/wp-content\/uploads\/2025\/10\/Playa-Miramar-230x129.jpg 230w, https:\/\/conferencia.anuies.mx\/wp-content\/uploads\/2025\/10\/Playa-Miramar-350x197.jpg 350w, https:\/\/conferencia.anuies.mx\/wp-content\/uploads\/2025\/10\/Playa-Miramar-480x270.jpg 480w\" sizes=\"auto, (max-width: 625px) 100vw, 625px\" \/> <\/strong><\/span><\/p>\n<p style=\"text-align: justify\"><span style=\"font-size: 14pt\"><strong>Playa Miramar:<\/strong> Ideal para nadar, surfear y disfrutar del sol. Su extensa franja de arena dorada es una de las m\u00e1s visitadas.<\/span><br \/>\n<span style=\"font-size: 14pt\"><strong>Playa La Audiencia:<\/strong> Famosa por sus aguas tranquilas, perfectas para practicar esn\u00f3rquel, kayak y paseos en lancha.<\/span><br \/>\n<span style=\"font-size: 14pt\"><strong>Malec\u00f3n de Manzanillo:<\/strong> Espacio emblem\u00e1tico frente al mar, con esculturas, miradores y el famoso Monumento al Pez Vela, s\u00edmbolo de la ciudad.<\/span><br \/>\n<span style=\"font-size: 14pt\"><strong>Centro Hist\u00f3rico:<\/strong> Ofrece un recorrido pintoresco entre tiendas de artesan\u00edas, caf\u00e9s y restaurantes con vista al puerto.<\/span><br \/>\n<span style=\"font-size: 14pt\"><strong>Laguna de Cuyutl\u00e1n:<\/strong> \u00c1rea natural donde se pueden observar aves migratorias y visitar el Museo de la Sal, que muestra la historia de la salinera m\u00e1s importante de la regi\u00f3n.<\/span><\/p>\n<p>&nbsp;<\/p>\n<p style=\"text-align: center\"><span style=\"font-size: 14pt\"><strong><img loading=\"lazy\" decoding=\"async\" class=\"alignnone wp-image-333\" src=\"https:\/\/conferencia.anuies.mx\/wp-content\/uploads\/2025\/10\/Laguna-de-Cuyutlan.jpg\" alt=\"\" width=\"309\" height=\"232\" srcset=\"https:\/\/conferencia.anuies.mx\/wp-content\/uploads\/2025\/10\/Laguna-de-Cuyutlan.jpg 900w, https:\/\/conferencia.anuies.mx\/wp-content\/uploads\/2025\/10\/Laguna-de-Cuyutlan-300x225.jpg 300w, https:\/\/conferencia.anuies.mx\/wp-content\/uploads\/2025\/10\/Laguna-de-Cuyutlan-768x576.jpg 768w, https:\/\/conferencia.anuies.mx\/wp-content\/uploads\/2025\/10\/Laguna-de-Cuyutlan-230x173.jpg 230w, https:\/\/conferencia.anuies.mx\/wp-content\/uploads\/2025\/10\/Laguna-de-Cuyutlan-350x263.jpg 350w, https:\/\/conferencia.anuies.mx\/wp-content\/uploads\/2025\/10\/Laguna-de-Cuyutlan-480x360.jpg 480w\" sizes=\"auto, (max-width: 309px) 100vw, 309px\" \/> <img loading=\"lazy\" decoding=\"async\" class=\"alignnone wp-image-334\" src=\"https:\/\/conferencia.anuies.mx\/wp-content\/uploads\/2025\/10\/Paseo-del-Zodiaco.jpeg\" alt=\"\" width=\"375\" height=\"229\" srcset=\"https:\/\/conferencia.anuies.mx\/wp-content\/uploads\/2025\/10\/Paseo-del-Zodiaco.jpeg 720w, https:\/\/conferencia.anuies.mx\/wp-content\/uploads\/2025\/10\/Paseo-del-Zodiaco-300x183.jpeg 300w, https:\/\/conferencia.anuies.mx\/wp-content\/uploads\/2025\/10\/Paseo-del-Zodiaco-230x141.jpeg 230w, https:\/\/conferencia.anuies.mx\/wp-content\/uploads\/2025\/10\/Paseo-del-Zodiaco-350x214.jpeg 350w, https:\/\/conferencia.anuies.mx\/wp-content\/uploads\/2025\/10\/Paseo-del-Zodiaco-480x293.jpeg 480w\" sizes=\"auto, (max-width: 375px) 100vw, 375px\" \/><\/strong><\/span><\/p>\n<p style=\"text-align: justify\"><strong><span style=\"font-size: 18pt\">Festividades<\/span><\/strong><\/p>\n<p style=\"text-align: justify\"><span style=\"font-size: 14pt\">Cada a\u00f1o, en el mes de noviembre, se celebra el <strong>Torneo Internacional de Pez Vela<\/strong>, que re\u00fane a pescadores deportivos de todo el mundo. Otras festividades importantes incluyen las Fiestas de Santiago Ap\u00f3stol y la Feria de Manzanillo, con eventos culturales, musicales y gastron\u00f3micos.<\/span><\/p>\n<p>&nbsp;<\/p>\n<p>&nbsp;<\/p>\n<p><img loading=\"lazy\" decoding=\"async\" class=\"alignnone wp-image-335 aligncenter\" src=\"https:\/\/conferencia.anuies.mx\/wp-content\/uploads\/2025\/10\/Torneo-Internacional-de-Pez-Vela.jpg\" alt=\"\" width=\"467\" height=\"307\" srcset=\"https:\/\/conferencia.anuies.mx\/wp-content\/uploads\/2025\/10\/Torneo-Internacional-de-Pez-Vela.jpg 277w, https:\/\/conferencia.anuies.mx\/wp-content\/uploads\/2025\/10\/Torneo-Internacional-de-Pez-Vela-230x151.jpg 230w\" sizes=\"auto, (max-width: 467px) 100vw, 467px\" \/><\/p>\n\t\t\t<\/div>\n\t\t<\/div>\n\t\t\t<div class=\"sow-tabs-panel\">\n\t\t\t<div\n\t\t\t\tclass=\"sow-tabs-panel-content\"\n\t\t\t\trole=\"tabpanel\"\n\t\t\t\taria-hidden=\"true\"\n\t\t\t>\n\t\t\t\t<p style=\"text-align: justify\"><span style=\"font-size: 14pt\">Manzanillo cuenta con un clima tropical c\u00e1lido, con temperaturas promedio entre <strong>25 y 30 \u00b0C<\/strong>. La temporada de lluvias va de junio a octubre, mientras que los meses de noviembre a mayo son ideales para disfrutar de la playa y actividades al aire libre.<\/span><\/p>\n<p style=\"text-align: center\"><div class=\"tiempo-widget weather_widget_wrap\" data-text-color=\"#000000\" data-background=\"#eff3ff\" data-width=\"100\" data-days=\"10\" data-sunrise=\"on\" data-wind=\"on\" data-current=\"on\" data-language=\"spanish\" data-city=\"Manzanillo\" data-country=\"Colima\">\n             <div class=\"weather_widget_placeholder\"><\/div>\n             <div style=\"font-size: 14px;text-align: center;padding-top: 6px;padding-bottom: 4px;background: rgba(0,0,0,0.03);\">Data from <a target=\"_blank\" href=\"https:\/\/www.tiempo3.com\">Tiempo.com<\/a><\/div><\/div><\/p>\n<p>&nbsp;<\/p>\n<p>&nbsp;<\/p>\n\t\t\t<\/div>\n\t\t<\/div>\n\t\t\t<div class=\"sow-tabs-panel\">\n\t\t\t<div\n\t\t\t\tclass=\"sow-tabs-panel-content\"\n\t\t\t\trole=\"tabpanel\"\n\t\t\t\taria-hidden=\"true\"\n\t\t\t>\n\t\t\t\t<p style=\"text-align: justify\"><span style=\"font-size: 14pt\"><img loading=\"lazy\" decoding=\"async\" class=\" wp-image-336 alignleft\" src=\"https:\/\/conferencia.anuies.mx\/wp-content\/uploads\/2025\/10\/Aeropuerto-Internacional-Playa-de-Oro.jpg\" alt=\"\" width=\"328\" height=\"206\" srcset=\"https:\/\/conferencia.anuies.mx\/wp-content\/uploads\/2025\/10\/Aeropuerto-Internacional-Playa-de-Oro.jpg 283w, https:\/\/conferencia.anuies.mx\/wp-content\/uploads\/2025\/10\/Aeropuerto-Internacional-Playa-de-Oro-230x145.jpg 230w\" sizes=\"auto, (max-width: 328px) 100vw, 328px\" \/><\/span><\/p>\n<p>&nbsp;<\/p>\n<p style=\"text-align: justify\"><span style=\"font-size: 14pt\">Manzanillo cuenta con el Aeropuerto Internacional Playa de Oro, que recibe vuelos nacionales desde Ciudad de M\u00e9xico, Guadalajara y Monterrey, as\u00ed como algunos internacionales. Tambi\u00e9n es posible llegar por carretera a trav\u00e9s de la autopista Colima\u2013Manzanillo, una v\u00eda moderna y segura.<\/span><\/p>\n\t\t\t<\/div>\n\t\t<\/div>\n\t\t\t<div class=\"sow-tabs-panel\">\n\t\t\t<div\n\t\t\t\tclass=\"sow-tabs-panel-content\"\n\t\t\t\trole=\"tabpanel\"\n\t\t\t\taria-hidden=\"true\"\n\t\t\t>\n\t\t\t\t<ul>\n<li style=\"text-align: justify\"><span style=\"font-size: 14pt\">Su puerto es <strong>el m\u00e1s importante en movimiento de contenedores<\/strong> del Pac\u00edfico mexicano.<\/span><\/li>\n<li style=\"text-align: justify\"><span style=\"font-size: 14pt\">Manzanillo ha sido escenario de diversas <strong>producciones cinematogr\u00e1ficas<\/strong> por sus paisajes costeros.<\/span><\/li>\n<li style=\"text-align: justify\"><span style=\"font-size: 14pt\">Es un destino preferido para el <strong>avistamiento de ballenas jorobadas<\/strong> entre los meses de diciembre y marzo.<\/span><\/li>\n<\/ul>\n<p><img loading=\"lazy\" decoding=\"async\" class=\"wp-image-325 alignleft\" src=\"https:\/\/conferencia.anuies.mx\/wp-content\/uploads\/2025\/10\/contenedores-del-Pacifico-mexicano.jpg\" alt=\"\" width=\"406\" height=\"228\" srcset=\"https:\/\/conferencia.anuies.mx\/wp-content\/uploads\/2025\/10\/contenedores-del-Pacifico-mexicano.jpg 1200w, https:\/\/conferencia.anuies.mx\/wp-content\/uploads\/2025\/10\/contenedores-del-Pacifico-mexicano-300x168.jpg 300w, https:\/\/conferencia.anuies.mx\/wp-content\/uploads\/2025\/10\/contenedores-del-Pacifico-mexicano-1024x574.jpg 1024w, https:\/\/conferencia.anuies.mx\/wp-content\/uploads\/2025\/10\/contenedores-del-Pacifico-mexicano-768x431.jpg 768w, https:\/\/conferencia.anuies.mx\/wp-content\/uploads\/2025\/10\/contenedores-del-Pacifico-mexicano-1000x561.jpg 1000w, https:\/\/conferencia.anuies.mx\/wp-content\/uploads\/2025\/10\/contenedores-del-Pacifico-mexicano-230x129.jpg 230w, https:\/\/conferencia.anuies.mx\/wp-content\/uploads\/2025\/10\/contenedores-del-Pacifico-mexicano-350x196.jpg 350w, https:\/\/conferencia.anuies.mx\/wp-content\/uploads\/2025\/10\/contenedores-del-Pacifico-mexicano-480x269.jpg 480w\" sizes=\"auto, (max-width: 406px) 100vw, 406px\" \/><img loading=\"lazy\" decoding=\"async\" class=\"wp-image-326 alignleft\" src=\"https:\/\/conferencia.anuies.mx\/wp-content\/uploads\/2025\/10\/ballenas.jpg\" alt=\"\" width=\"342\" height=\"227\" srcset=\"https:\/\/conferencia.anuies.mx\/wp-content\/uploads\/2025\/10\/ballenas.jpg 275w, https:\/\/conferencia.anuies.mx\/wp-content\/uploads\/2025\/10\/ballenas-230x153.jpg 230w, https:\/\/conferencia.anuies.mx\/wp-content\/uploads\/2025\/10\/ballenas-272x182.jpg 272w\" sizes=\"auto, (max-width: 342px) 100vw, 342px\" \/><\/p>\n\t\t\t<\/div>\n\t\t<\/div>\n\t\t<\/div>\n<\/div>\n<\/div><\/div><\/div><\/div><\/div><\/div><\/div>","protected":false},"excerpt":{"rendered":"<p>Manzanillo Atractivos Clima C\u00f3mo llegar Datos curiosos &nbsp; Manzanillo se localiza en la costa del Pac\u00edfico mexicano, en el estado de Colima. [&hellip;]<\/p>\n","protected":false},"author":2,"featured_media":0,"parent":0,"menu_order":0,"comment_status":"closed","ping_status":"closed","template":"page-templates\/page_fullwidth.php","meta":{"footnotes":""},"class_list":["post-319","page","type-page","status-publish","hentry"],"_links":{"self":[{"href":"https:\/\/conferencia.anuies.mx\/wp-json\/wp\/v2\/pages\/319","targetHints":{"allow":["GET"]}}],"collection":[{"href":"https:\/\/conferencia.anuies.mx\/wp-json\/wp\/v2\/pages"}],"about":[{"href":"https:\/\/conferencia.anuies.mx\/wp-json\/wp\/v2\/types\/page"}],"author":[{"embeddable":true,"href":"https:\/\/conferencia.anuies.mx\/wp-json\/wp\/v2\/users\/2"}],"replies":[{"embeddable":true,"href":"https:\/\/conferencia.anuies.mx\/wp-json\/wp\/v2\/comments?post=319"}],"version-history":[{"count":17,"href":"https:\/\/conferencia.anuies.mx\/wp-json\/wp\/v2\/pages\/319\/revisions"}],"predecessor-version":[{"id":345,"href":"https:\/\/conferencia.anuies.mx\/wp-json\/wp\/v2\/pages\/319\/revisions\/345"}],"wp:attachment":[{"href":"https:\/\/conferencia.anuies.mx\/wp-json\/wp\/v2\/media?parent=319"}],"curies":[{"name":"wp","href":"https:\/\/api.w.org\/{rel}","templated":true}]}}