{"id":54,"date":"2025-09-25T02:37:35","date_gmt":"2025-09-25T02:37:35","guid":{"rendered":"https:\/\/conferencia.anuies.mx\/?page_id=54"},"modified":"2025-11-06T18:26:18","modified_gmt":"2025-11-06T18:26:18","slug":"programa","status":"publish","type":"page","link":"https:\/\/conferencia.anuies.mx\/programa\/","title":{"rendered":"Programa"},"content":{"rendered":"<div id=\"pl-54\"  class=\"panel-layout\" ><div id=\"pg-54-0\"  class=\"panel-grid panel-has-style\" ><div style=\"padding: 10px 0; \" data-overlay=\"true\" data-overlay-color=\"#000000\" class=\"panel-row-style panel-row-style-for-54-0\" ><div id=\"pgc-54-0-0\"  class=\"panel-grid-cell\" ><div id=\"panel-54-0-0-0\" class=\"so-panel widget widget_sow-tabs panel-first-child\" data-index=\"0\" ><div style=\"text-align: left;\" data-title-color=\"#443f3f\" data-headings-color=\"#443f3f\" class=\"panel-widget-style panel-widget-style-for-54-0-0-0\" ><div\n\t\t\t\n\t\t\tclass=\"so-widget-sow-tabs so-widget-sow-tabs-default-8c6bfe3abdc7-54\"\n\t\t\t\n\t\t><div class=\"sow-tabs\">\n\t<div class=\"sow-tabs-tab-container\" role=\"tablist\">\n\t\t\t<div\n\t\t\tclass=\"sow-tabs-tab\n\t\t\t sow-tabs-tab-selected\t\t\t\"\n\t\t\trole=\"tab\"\n\t\t\tdata-anchor-id=\"martes-11-de-noviembre\"\n\t\t\taria-selected=\"true\"\n\t\t\ttabindex=\"0\"\n\t\t>\n\t\t\t<div class=\"sow-tabs-title sow-tabs-title-icon-left\">\n\t\t\t\t\t\t\t\tMartes 11 de noviembre\t\t\t\t\t\t\t<\/div>\n\t\t<\/div>\n\t\t\t<div\n\t\t\tclass=\"sow-tabs-tab\n\t\t\t\t\t\t\"\n\t\t\trole=\"tab\"\n\t\t\tdata-anchor-id=\"miercoles-12-de-noviembre\"\n\t\t\taria-selected=\"false\"\n\t\t\ttabindex=\"0\"\n\t\t>\n\t\t\t<div class=\"sow-tabs-title sow-tabs-title-icon-left\">\n\t\t\t\t\t\t\t\tMi\u00e9rcoles 12 de noviembre\t\t\t\t\t\t\t<\/div>\n\t\t<\/div>\n\t\t\t<div\n\t\t\tclass=\"sow-tabs-tab\n\t\t\t\t\t\t\"\n\t\t\trole=\"tab\"\n\t\t\tdata-anchor-id=\"jueves-13-de-noviembre\"\n\t\t\taria-selected=\"false\"\n\t\t\ttabindex=\"0\"\n\t\t>\n\t\t\t<div class=\"sow-tabs-title sow-tabs-title-icon-left\">\n\t\t\t\t\t\t\t\tJueves 13 de noviembre\t\t\t\t\t\t\t<\/div>\n\t\t<\/div>\n\t\t<\/div>\n\n\t<div class=\"sow-tabs-panel-container\">\n\t\t\t<div class=\"sow-tabs-panel\">\n\t\t\t<div\n\t\t\t\tclass=\"sow-tabs-panel-content\"\n\t\t\t\trole=\"tabpanel\"\n\t\t\t\taria-hidden=\"false\"\n\t\t\t>\n\t\t\t\t<p style=\"text-align: left\"><span style=\"font-size: 14pt\"><a href=\"https:\/\/portal.ucol.mx\/delegacion1\/\" target=\"_blank\" rel=\"noopener\"><strong>Centro Universitario de Convenciones de la Universidad de Colima, Campus el Naranjo.<\/strong><\/a><br \/>\n<strong>Direcci\u00f3n:<\/strong>\u00a0Carretera Manzanillo-Barra de Navidad, Km 20. Campus El Naranjo. CP 28860, Manzanillo, Colima, M\u00e9xico.<\/span><\/p>\n<table class=\" aligncenter\" style=\"height: 144px;width: 98.8543%\" width=\"643\">\n<tbody>\n<tr style=\"height: 28px\">\n<td style=\"width: 17.4383%;height: 28px;background-color: #5f7a43;text-align: center\" width=\"111\"><span style=\"font-size: 18px;color: #ffffff\"><strong><img loading=\"lazy\" decoding=\"async\" class=\"wp-image-285 aligncenter\" src=\"https:\/\/conferencia.anuies.mx\/wp-content\/uploads\/2025\/10\/icono_horario_png-removebg-preview.png\" alt=\"\" width=\"32\" height=\"23\" srcset=\"https:\/\/conferencia.anuies.mx\/wp-content\/uploads\/2025\/10\/icono_horario_png-removebg-preview.png 348w, https:\/\/conferencia.anuies.mx\/wp-content\/uploads\/2025\/10\/icono_horario_png-removebg-preview-300x221.png 300w, https:\/\/conferencia.anuies.mx\/wp-content\/uploads\/2025\/10\/icono_horario_png-removebg-preview-230x169.png 230w\" sizes=\"auto, (max-width: 32px) 100vw, 32px\" \/>Horario<\/strong><\/span><\/td>\n<td style=\"width: 83.8066%;height: 28px;background-color: #5f7a43\" colspan=\"4\" width=\"531\"><span style=\"font-size: 18px;color: #ffffff\"><strong><img loading=\"lazy\" decoding=\"async\" class=\"wp-image-288 aligncenter\" src=\"https:\/\/conferencia.anuies.mx\/wp-content\/uploads\/2025\/10\/icono_tareas-removebg-preview.png\" alt=\"\" width=\"27\" height=\"27\" srcset=\"https:\/\/conferencia.anuies.mx\/wp-content\/uploads\/2025\/10\/icono_tareas-removebg-preview.png 450w, https:\/\/conferencia.anuies.mx\/wp-content\/uploads\/2025\/10\/icono_tareas-removebg-preview-300x300.png 300w, https:\/\/conferencia.anuies.mx\/wp-content\/uploads\/2025\/10\/icono_tareas-removebg-preview-150x150.png 150w, https:\/\/conferencia.anuies.mx\/wp-content\/uploads\/2025\/10\/icono_tareas-removebg-preview-230x230.png 230w, https:\/\/conferencia.anuies.mx\/wp-content\/uploads\/2025\/10\/icono_tareas-removebg-preview-350x350.png 350w\" sizes=\"auto, (max-width: 27px) 100vw, 27px\" \/>Actividad<\/strong><\/span><\/td>\n<\/tr>\n<tr style=\"height: 24px\">\n<td style=\"height: 10px;width: 17.4383%;background-color: #edf2e4\"><span style=\"font-size: 18px\"><strong>08:30 - 10:00<\/strong><\/span><\/td>\n<td style=\"height: 10px;width: 83.8066%;background-color: #edf2e4\" colspan=\"4\"><span style=\"font-size: 18px\"><strong>Registro<\/strong><\/span><br \/>\n<span style=\"font-size: 18px\">Lugar: \u00c1rea com\u00fan<\/span><\/td>\n<\/tr>\n<tr style=\"height: 28px\">\n<td style=\"height: 10px;width: 17.4383%;background-color: #dbe8c1\"><span style=\"font-size: 18px\"><strong>10:00 \u2013 11:00<\/strong><\/span><\/td>\n<td style=\"height: 10px;width: 83.8066%;background-color: #dbe8c1\" colspan=\"4\"><span style=\"font-size: 18px\"><strong><span style=\"color: #008000\">Sesi\u00f3n Informativa:<\/span> Oportunidades de becas, estudio, programas Erasmus+<\/strong><\/span>\n<p>&nbsp;<\/p>\n<p><span style=\"font-size: 18px\"><em><strong>Facilitadoras:<\/strong><\/em><\/span><\/p>\n<p><span style=\"font-size: 18px\"><a class=\"popmake-429\" style=\"color: #008000;font-weight: bold;cursor: pointer\">Martina Bo<\/a>, Representante del Programa Erasmus+\/ESN para Am\u00e9rica Latina. <span style=\"color: #339966\">(En l\u00ednea)<\/span><\/span><br \/>\n<span style=\"font-size: 18px\"><a class=\"popmake-455\" style=\"color: #008000;font-weight: bold;cursor: pointer\">Gabriela C\u00e1ceres<\/a>, Jefa de Innovaci\u00f3n y Transferencia, Tecnol\u00f3gica de CEDIA y Punto Focal Nacional para los Programas ERASMUS en Ecuador.<\/span><\/p>\n<p><span style=\"font-size: 18px\"><strong><em>Moderadora<\/em><\/strong>: Am\u00e9rica M. Liz\u00e1rraga Gonz\u00e1lez, Directora de Cooperaci\u00f3n Internacional ANUIES.<\/span><\/p>\n<p><span style=\"font-size: 18px\"><strong>Lugar:<\/strong> Auditorio principal. Sesi\u00f3n h\u00edbrida.<\/span><\/p>\n<\/td>\n<\/tr>\n<tr style=\"height: 28px\">\n<td style=\"height: 19px;width: 17.4383%;background-color: #edf2e4\"><span style=\"font-size: 18px\"><strong>11:00 \u2013 12:30<\/strong><\/span><\/td>\n<td style=\"height: 19px;width: 83.8066%;background-color: #edf2e4\" colspan=\"4\"><span style=\"font-size: 18px\"><strong><span style=\"color: #008000\">Taller:<\/span> \"Dise\u00f1ando futuros desde la Universidad a trav\u00e9s de la cultura de paz\"<\/strong><\/span>\n<p>&nbsp;<\/p>\n<p><span style=\"font-size: 18px\"><a class=\"popmake-474\" style=\"color: #008000;font-weight: bold;cursor: pointer\">Dra. Susana Aurelia Preciado Jim\u00e9nez<\/a>, Coordinadora General de Docencia de la Universidad de Colima.<\/span><\/p>\n<p><strong style=\"font-family: inherit;font-size: 18px\"><em>Moderadora:\u00a0<\/em><\/strong><span style=\"font-size: 18px\">Zamia Rodriguez Meneses, Oficina de Internacionalizaci\u00f3n de la Universidad de Colima.<\/span><\/p>\n<p><span style=\"font-size: 18px\"><strong>Lugar:<\/strong> Auditorio principal.<\/span><\/p>\n<\/td>\n<\/tr>\n<tr style=\"height: 28px\">\n<td style=\"height: 11px;width: 17.4383%;background-color: #dbe8c1\"><span style=\"font-size: 18px\"><strong>12:30 \u2013 14:00<\/strong><\/span><\/td>\n<td style=\"height: 11px;width: 83.8066%;background-color: #dbe8c1\" colspan=\"4\"><span style=\"font-size: 18px\"><span style=\"color: #008000\"><strong>Laboratorio de Innovaci\u00f3n Estudiantil:<\/strong><\/span> <strong>\u201cIdeas para transformar la universidad desde el aula<\/strong>\u201d<\/span>\n<p>&nbsp;<\/p>\n<p><span style=\"font-size: 18px\"><strong><em>Facilitadores: <\/em><\/strong><\/span><\/p>\n<p><span style=\"font-size: 18px\"><strong style=\"font-family: inherit\"><span style=\"color: #008000\">D<\/span><\/strong><\/span><a class=\"popmake-478\" style=\"color: #008000;font-weight: bold;cursor: pointer\"><span style=\"font-size: 18px\">ra. Krishna Guzm\u00e1n Benavide<\/span>s, <\/a><span style=\"font-size: 18px\">Directora de Innovaci\u00f3n y cultura emprendedora e<span style=\"font-family: inherit\">n la Universidad de Colima<\/span>.<\/span><br \/>\n<span style=\"font-size: 18px\"><a class=\"popmake-488\" style=\"color: #008000;font-weight: bold;cursor: pointer\">Mtro. Mois\u00e9s Alejandro Guti\u00e9rrez<\/a><span style=\"font-family: inherit\">, Profesor y orientador educativo en la Universidad de Colima.<\/span><\/span><\/p>\n<p><span style=\"font-size: 18px\"><a class=\"popmake-484\" style=\"color: #008000;font-weight: bold;cursor: pointer\"><strong style=\"font-family: inherit;color: #333333\"><em>Moderadora:\u00a0<\/em><\/strong>Mtra. Cindy Carolina Palomares<\/a>, Equipo de Innovaci\u00f3n y Cultura emprendedora en la Universidad de Colima.<\/span><\/p>\n<p><span style=\"font-size: 18px\"><strong>Lugar:<\/strong> Auditorio principal. Sesi\u00f3n h\u00edbrida.<\/span><\/p>\n<\/td>\n<\/tr>\n<tr style=\"height: 48px\">\n<td style=\"height: 30px;width: 17.4383%;background-color: #edf2e4\"><span style=\"font-size: 18px\"><strong>14:00 \u2013 15:00<\/strong><\/span><\/td>\n<td style=\"height: 10px;width: 51.6186%;background-color: #57751e\" colspan=\"4\"><span style=\"color: #ffffff;font-size: 18px\"><strong>Reuni\u00f3n anual de IES miembros de OUI Regi\u00f3n M\u00e9xico.<\/strong><\/span>\n<p><strong><span style=\"color: #ffffff\">Evento Cerrado para miembros de la Red.<\/span><\/strong><\/p>\n<p><span style=\"color: #ffffff;font-size: 18px\"><strong>Lugar: <\/strong>Aula 5.<\/span><\/p>\n<\/td>\n<\/tr>\n<tr style=\"height: 28px\">\n<td style=\"height: 17px;width: 17.4383%;background-color: #dbe8c1\"><span style=\"font-size: 18px\"><strong>15:00 \u2013 18:00<\/strong><\/span><\/td>\n<td style=\"height: 17px;width: 28.3179%;background-color: #dbe8c1\"><span style=\"font-size: 18px\"><strong>Taller 1.<\/strong> <strong>Fortalecimiento de capacidades Erasmus+<\/strong><\/span>\n<p>&nbsp;<\/p>\n<p style=\"text-align: justify\"><span style=\"font-size: 18px\"><strong><em>Facilitadora:\u00a0<\/em><\/strong><a class=\"popmake-455\" style=\"color: #008000;font-weight: bold;cursor: pointer\">Gabriela C\u00e1ceres<\/a>, Jefa de Innovaci\u00f3n y Transferencia Tecnol\u00f3gica de CEDIA y Punto Focal Nacional para los Programas ERASMUS en Ecuador.<\/span><\/p>\n<p style=\"text-align: justify\"><span style=\"font-size: 18px\"><strong><em>Moderadora: <\/em><\/strong>Am\u00e9rica M. Liz\u00e1rraga Gonz\u00e1lez, Directora de Cooperaci\u00f3n Internacional ANUIES.<\/span><\/p>\n<p><span style=\"font-size: 18px\"><strong>Lugar:<\/strong> Aula 7.<\/span><\/p>\n<p style=\"text-align: center\">\n<\/p><\/td>\n<td style=\"height: 17px;width: 23.3007%;background-color: #dbe8c1\"><span style=\"font-size: 18px\"><strong>Taller 2.<\/strong> <strong>Di\u00e1logos sobre interculturalidades<\/strong><\/span>\n<p>&nbsp;<\/p>\n<p style=\"text-align: justify\"><span style=\"font-size: 18px\"><strong><em>Facilitadora:\u00a0<\/em><\/strong><a class=\"popmake-459\" style=\"color: #008000;font-weight: bold;cursor: pointer\">Mtra. Mar\u00eda Adriana Aguilera Arrieta<\/a>, Acad\u00e9mica de la Universidad de Guanajuato.<\/span><\/p>\n<p style=\"text-align: justify\"><span style=\"font-size: 18px\"><strong><em>Moderadora:\u00a0<\/em><\/strong>Ana Cecilia Garc\u00eda Valencia.<\/span><\/p>\n<p><span style=\"font-size: 18px\"><strong>Lugar:<\/strong> Aula 6.<\/span><\/p>\n<p>&nbsp;<\/p>\n<\/td>\n<td style=\"height: 17px;width: 31.3602%;background-color: #dbe8c1\"><span style=\"font-size: 18px\"><strong>Taller 3.<\/strong> <strong>Integrando la Inteligencia Artificial en la Educaci\u00f3n Superior a trav\u00e9s de Gemini AI<\/strong><\/span>\n<p>&nbsp;<\/p>\n<p style=\"text-align: justify\"><span style=\"font-size: 18px\"><strong><em>Facilitador:\u00a0<\/em><a class=\"popmake-461\" style=\"color: #008000;font-weight: bold;cursor: pointer\">Dr. Pedro C\u00e9sar Santana Mancilla<\/a>, <\/strong>Profesor e investigador en la Facultad de Telem\u00e1tica de la Universidad de Colima.<\/span><\/p>\n<p style=\"text-align: justify\"><span style=\"font-size: 18px\"><strong><em>Moderador: <\/em><\/strong>Herik Germ\u00e1n Valles Baca, Director Ejecutivo de Innovaci\u00f3n Acad\u00e9mica de la ANUIES.<\/span><\/p>\n<p style=\"text-align: justify\"><span style=\"font-size: 18px\"><strong>Lugar: <\/strong>CIAM.<\/span><\/p>\n<\/td>\n<\/tr>\n<tr style=\"height: 24px\">\n<td style=\"height: 11px;width: 17.4383%;background-color: #edf2e4\"><span style=\"font-size: 18px\"><strong>18:00 \u2013 20:00<\/strong><\/span><\/td>\n<td style=\"height: 11px;background-color: #edf2e4;width: 83.8066%\" colspan=\"4\"><span style=\"font-size: 18px\"><strong>Actividad cultural<em>\u00a0<\/em><\/strong><\/span><br \/>\n<span style=\"font-size: 18px\"><strong>Lugar: \u00c1rea de encuentro<\/strong><\/span><\/td>\n<\/tr>\n<tr style=\"height: 28px\">\n<td style=\"width: 101.245%;background-color: #e0dfde;height: 28px;text-align: right\" colspan=\"5\"><span style=\"font-size: 18px\"><strong><em>*Programa sujeto a cambios. Agradecemos su comprensi\u00f3n.<\/em><br \/>\n<\/strong><\/span><\/td>\n<\/tr>\n<\/tbody>\n<\/table>\n<p>&nbsp;<\/p>\n<p>&nbsp;<\/p>\n<p>&nbsp;<\/p>\n<p>&nbsp;<\/p>\n<p>&nbsp;<\/p>\n<p><strong>.<\/strong><\/p>\n<p>&nbsp;<\/p>\n<p>&nbsp;<\/p>\n<p>&nbsp;<\/p>\n<p>&nbsp;<\/p>\n<p>&nbsp;<\/p>\n<p>&nbsp;<\/p>\n<p>&nbsp;<\/p>\n<p>&nbsp;<\/p>\n<p>&nbsp;<\/p>\n<p>&nbsp;<\/p>\n<p>&nbsp;<\/p>\n<p>&nbsp;<\/p>\n<p><strong>.<\/strong><\/p>\n<p>&nbsp;<\/p>\n<p>&nbsp;<\/p>\n<p>&nbsp;<\/p>\n<p>&nbsp;<\/p>\n<p>&nbsp;<\/p>\n<p>&nbsp;<\/p>\n<p>&nbsp;<\/p>\n<p>&nbsp;<\/p>\n<p>&nbsp;<\/p>\n<p>&nbsp;<\/p>\n<p>&nbsp;<\/p>\n<p>&nbsp;<\/p>\n<p>&nbsp;<\/p>\n<p>&nbsp;<\/p>\n\t\t\t<\/div>\n\t\t<\/div>\n\t\t\t<div class=\"sow-tabs-panel\">\n\t\t\t<div\n\t\t\t\tclass=\"sow-tabs-panel-content\"\n\t\t\t\trole=\"tabpanel\"\n\t\t\t\taria-hidden=\"true\"\n\t\t\t>\n\t\t\t\t<p style=\"text-align: left\"><span style=\"font-size: 14pt\"><a href=\"https:\/\/portal.ucol.mx\/delegacion1\/\" target=\"_blank\" rel=\"noopener\"><strong>Centro Universitario de Convenciones de la Universidad de Colima, Campus el Naranjo.<\/strong><\/a><br \/>\n<strong>Direcci\u00f3n:<\/strong>\u00a0Carretera Manzanillo-Barra de Navidad, Km 20. Campus El Naranjo. CP 28860, Manzanillo, Colima, M\u00e9xico.<\/span><\/p>\n<table class=\" aligncenter\" style=\"width: 100%;height: 501px\" width=\"642\">\n<tbody>\n<tr style=\"height: 28px\">\n<td style=\"width: 17.4383%;height: 28px;background-color: #5f7a43;text-align: center\" width=\"111\"><span style=\"font-size: 16pt;color: #ffffff\"><strong><img loading=\"lazy\" decoding=\"async\" class=\"wp-image-285 aligncenter\" src=\"https:\/\/conferencia.anuies.mx\/wp-content\/uploads\/2025\/10\/icono_horario_png-removebg-preview.png\" alt=\"\" width=\"32\" height=\"23\" srcset=\"https:\/\/conferencia.anuies.mx\/wp-content\/uploads\/2025\/10\/icono_horario_png-removebg-preview.png 348w, https:\/\/conferencia.anuies.mx\/wp-content\/uploads\/2025\/10\/icono_horario_png-removebg-preview-300x221.png 300w, https:\/\/conferencia.anuies.mx\/wp-content\/uploads\/2025\/10\/icono_horario_png-removebg-preview-230x169.png 230w\" sizes=\"auto, (max-width: 32px) 100vw, 32px\" \/>Horario<\/strong><\/span><\/td>\n<td style=\"width: 134.685%;height: 28px;background-color: #5f7a43\" colspan=\"2\" width=\"531\"><span style=\"font-size: 16pt;color: #ffffff\"><strong><img loading=\"lazy\" decoding=\"async\" class=\"wp-image-288 aligncenter\" src=\"https:\/\/conferencia.anuies.mx\/wp-content\/uploads\/2025\/10\/icono_tareas-removebg-preview.png\" alt=\"\" width=\"27\" height=\"27\" srcset=\"https:\/\/conferencia.anuies.mx\/wp-content\/uploads\/2025\/10\/icono_tareas-removebg-preview.png 450w, https:\/\/conferencia.anuies.mx\/wp-content\/uploads\/2025\/10\/icono_tareas-removebg-preview-300x300.png 300w, https:\/\/conferencia.anuies.mx\/wp-content\/uploads\/2025\/10\/icono_tareas-removebg-preview-150x150.png 150w, https:\/\/conferencia.anuies.mx\/wp-content\/uploads\/2025\/10\/icono_tareas-removebg-preview-230x230.png 230w, https:\/\/conferencia.anuies.mx\/wp-content\/uploads\/2025\/10\/icono_tareas-removebg-preview-350x350.png 350w\" sizes=\"auto, (max-width: 27px) 100vw, 27px\" \/>Actividad<\/strong><\/span><\/td>\n<\/tr>\n<tr style=\"height: 96px\">\n<td style=\"width: 17.4383%;height: 28px;background-color: #edf2e4\" width=\"111\"><span style=\"font-size: 18px\"><strong>10:00 a 11:30<\/strong><\/span><\/td>\n<td style=\"width: 134.685%;height: 28px;background-color: #edf2e4\" colspan=\"2\" width=\"531\"><span style=\"font-size: 18px\"><strong>Registro<\/strong><\/span>\n<p><span style=\"font-size: 18px\">Lugar: \u00c1rea com\u00fan.<\/span><\/p><\/td>\n<\/tr>\n<tr style=\"height: 28px\">\n<td style=\"width: 17.4383%;height: 28px;background-color: #dbe8c1\" width=\"111\"><span style=\"font-size: 18px\"><strong>11:30 a 12:30<\/strong><\/span><\/td>\n<td style=\"width: 134.685%;height: 28px;background-color: #dbe8c1\" colspan=\"2\" width=\"531\"><span style=\"font-size: 18px\"><strong>Ceremonia de Inauguraci\u00f3n y Toma de Fotograf\u00eda Grupal <\/strong><\/span>\n<p><span style=\"font-size: 18px\">Lugar: Auditorio principal.<\/span><\/p><\/td>\n<\/tr>\n<tr style=\"height: 28px\">\n<td style=\"width: 17.4383%;height: 27px;background-color: #edf2e4\" width=\"111\"><span style=\"font-size: 18px\"><strong>12:30 a 13:30<\/strong><\/span><\/td>\n<td style=\"width: 134.685%;height: 27px;background-color: #edf2e4\" colspan=\"2\" width=\"531\"><span style=\"font-size: 18px\"><span style=\"color: #008000\"><strong>Panel inaugural: <span style=\"color: #000000\">\"<\/span><\/strong><\/span><span style=\"color: #000000\"><strong>M\u00e1s All\u00e1 del T\u00edtulo: La Flexibilizaci\u00f3n de la Educaci\u00f3n Superior a trav\u00e9s de Microcredenciales\"<\/strong><\/span><\/span>\n<p>&nbsp;<\/p>\n<p><span style=\"font-size: 18px\"><strong><em>Panelistas:<\/em><\/strong><\/span><\/p>\n<p><span style=\"font-size: 18px\"><strong>Carlos Iv\u00e1n Moreno Arellano, <\/strong>Director General de Educaci\u00f3n Superior y Universitaria, Secretar\u00eda de Educaci\u00f3n P\u00fablica.<\/span><br \/>\n<span style=\"font-size: 18px\"><strong>Israel Jer\u00f3nimo L\u00f3pez, <\/strong>Director de Autorizaci\u00f3n y Registro Profesional, Secretar\u00eda de Educaci\u00f3n P\u00fablica.<\/span><br \/>\n<span style=\"font-size: 18px\"><a class=\"popmake-770\" style=\"color: #008000;font-weight: bold;cursor: pointer\">Carlos Guillermo Elizondo Ancer, <\/a>Director General de Territorium, empresa mexicana pionera en billeteras digitales y LERs con m\u00e1s de 300 implementaciones en EUA.<\/span><\/p>\n<p><span style=\"font-size: 18px\"><strong>Moderador:\u00a0 <\/strong>Luis Alberto Fierro Ram\u00edrez, Coordinador General de Fortalecimiento Acad\u00e9mico e Institucional de la ANUIES.<\/span><\/p>\n<p><span style=\"font-size: 18px\"><strong>Lugar: <\/strong>Auditorio principal.<\/span><\/p><\/td>\n<\/tr>\n<tr style=\"height: 56px\">\n<td style=\"width: 17.4383%;height: 56px;background-color: #dbe8c1\" width=\"111\"><span style=\"font-size: 18px\"><strong>13:30 a 14:30<\/strong><\/span><\/td>\n<td style=\"width: 134.685%;height: 56px;background-color: #dbe8c1\" colspan=\"2\" width=\"531\"><span style=\"font-size: 18px\"><strong><span style=\"color: #008000\">Panel:<\/span> \"<\/strong><strong>Plan M\u00e9xico: desaf\u00edos y oportunidades para la educaci\u00f3n superior\"<\/strong><\/span>\n<p>&nbsp;<\/p>\n<p><span style=\"font-size: 18px\"><strong><em>Panelistas:<\/em><\/strong><\/span><\/p>\n<p><span style=\"font-size: 18px\"><a class=\"popmake-701\" style=\"color: #008000;font-weight: bold;cursor: pointer\">Graciela B\u00e1ez Ric\u00e1rdez<\/a>, Directora General de Cooperaci\u00f3n y Vinculaci\u00f3n Educativa de la SEP.<\/span><br \/>\n<span style=\"font-size: 18px\"><a class=\"popmake-519\" style=\"color: #008000;font-weight: bold;cursor: pointer\">Gaudencio Lucas Bravo<\/a>, Secretario Acad\u00e9mico y de Innovaci\u00f3n Tecnol\u00f3gica del TecNM.<\/span><br \/>\n<span style=\"font-size: 18px\"><a class=\"popmake-697\" style=\"color: #008000;font-weight: bold;cursor: pointer\">Julio C\u00e9sar Leyva Ruiz<\/a>, Director General de Educaci\u00f3n Superior para el Magisterio.<\/span><\/p>\n<p><span style=\"font-size: 18px\"><strong><em>Moderador: <\/em><\/strong>Christian Jorge Torres Ortiz Zerme\u00f1o, Rector de la Universidad de Colima.<\/span><\/p>\n<p><span style=\"font-size: 18px\">Lugar: Auditorio principal.<\/span><\/p><\/td>\n<\/tr>\n<tr style=\"height: 28px\">\n<td style=\"width: 17.4383%;height: 28px;background-color: #edf2e4\" width=\"111\"><span style=\"font-size: 18px\"><strong>14:30 a 16:00<\/strong><\/span><\/td>\n<td style=\"width: 134.685%;height: 28px;background-color: #edf2e4\" colspan=\"2\" width=\"531\"><span style=\"font-size: 18px\"><strong>Comida<\/strong><\/span>\n<p><span style=\"font-size: 18px\">Lugar: \u00e1rea de encuentro.<\/span><\/p><\/td>\n<\/tr>\n<tr style=\"height: 84px\">\n<td style=\"width: 17.4383%;height: 55px;background-color: #d6e087\" width=\"111\"><span style=\"font-size: 18px\"><strong>16:00 \u2013 16:15<\/strong><\/span><\/td>\n<td style=\"width: 40.7407%;height: 55px;background-color: #d6e087\" width=\"266\"><strong><span style=\"color: #008000\">Ajuste de tiempo<\/span><\/strong><\/td>\n<td style=\"width: 93.9439%;height: 223px;background-color: #5f7a43\" rowspan=\"4\" width=\"266\"><span style=\"color: #ffffff;font-size: 18px\"><strong>Sesi\u00f3n 4.2025 del Consejo Nacional<\/strong><\/span>\n<p><span style=\"font-size: 18px\"><span style=\"color: #ffffff\"><strong>Coordinadora:\u00a0<\/strong><\/span><span style=\"color: #ffffff\">Diana Santiago Guzm\u00e1n, Directora de \u00d3rganos Colegiados, ANUIES.<\/span><\/span><\/p>\n<p><span style=\"color: #ffffff\"><b>Actividad exclusiva para miembros del Consejo Nacional.<\/b><\/span><\/p>\n<p><span style=\"color: #ffffff;font-size: 18px\">Lugar: Aula 2.<\/span><\/p><\/td>\n<\/tr>\n<tr style=\"height: 56px\">\n<td style=\"width: 17.4383%;height: 56px;background-color: #edf2e4\" width=\"111\"><span style=\"font-size: 18px\"><strong>16:15 \u2013 18:15<\/strong><\/span><\/td>\n<td style=\"width: 40.7407%;height: 56px;background-color: #edf2e4\" width=\"266\"><span style=\"font-size: 18px\"><span style=\"color: #008000\"><strong>Panel: <\/strong><\/span><strong>\"Juventud que innova: experiencias que abren caminos\"<\/strong><\/span>\n<p>&nbsp;<\/p>\n<p><span style=\"font-size: 18px\"><strong><em>Panelistas: <\/em><\/strong><\/span><\/p>\n<p><span style=\"font-size: 18px\"><a class=\"popmake-581\" style=\"color: #008000;font-weight: bold;cursor: pointer\">Valeria Fernanda Cobian Puente<\/a>, Estudiante de la Universidad de Colima.<\/span><br \/>\n<span style=\"font-size: 18px\"><a class=\"popmake-583\" style=\"color: #008000;font-weight: bold;cursor: pointer\">Joel Adri\u00e1n Garc\u00eda Bravo<\/a>, Estudiante de la Universidad de Colima.<\/span><br \/>\n<span style=\"font-size: 18px\"><a class=\"popmake-585\" style=\"color: #008000;font-weight: bold;cursor: pointer\">Yahir Jes\u00fas Acevedo Mart\u00ednez<\/a>, Estudiante de la Universidad de Colima.<\/span><br \/>\n<span style=\"font-size: 18px\"><a class=\"popmake-744\" style=\"color: #008000;font-weight: bold;cursor: pointer\">Ana Luc\u00eda Ba\u00f1uelos Aguilar<\/a>, Estudiante de la Universidad Aut\u00f3noma de Nayarit.<\/span><\/p>\n<p><span style=\"font-size: 18px\"><strong><em>Moderador: <\/em><\/strong><a class=\"popmake-587\" style=\"color: #008000;font-weight: bold;cursor: pointer\">Gerardo Emmanuel C\u00e1rdenas Villa<\/a>, Coordinador General de Tecnolog\u00edas de Informaci\u00f3n de la Universidad de Colima.<\/span><\/p>\n<p><span style=\"font-size: 18px\"><strong>Lugar:<\/strong> Auditorio principal.<\/span><\/p><\/td>\n<\/tr>\n<tr style=\"height: 56px\">\n<td style=\"width: 17.4383%;height: 56px;background-color: #d6e087\" width=\"111\"><span style=\"font-size: 18px\"><strong>18:15 \u2013 18:30<\/strong><\/span><\/td>\n<td style=\"width: 40.7407%;height: 56px;background-color: #d6e087\" width=\"266\"><strong><span style=\"color: #008000\">Ajuste de tiempo<\/span><\/strong><\/td>\n<\/tr>\n<tr style=\"height: 56px\">\n<td style=\"width: 17.4383%;height: 56px;background-color: #edf2e4\" width=\"111\"><span style=\"font-size: 18px\"><strong>18:30 \u2013 19:30<\/strong><\/span><\/td>\n<td style=\"width: 40.7407%;height: 56px;background-color: #edf2e4\" width=\"266\"><span style=\"font-size: 18px\"><span style=\"color: #008000\"><strong>Conferencia:<\/strong> <\/span><strong>\"Del conocimiento a la transferencia: el modelo CEDIA como catalizador de la Triple H\u00e9lice\"<\/strong><\/span>\n<p>&nbsp;<\/p>\n<p><span style=\"font-size: 18px\"><strong><em>Presentador: <\/em><\/strong><\/span><\/p>\n<p><span style=\"font-size: 18px\"><a class=\"popmake-494\" style=\"color: #008000;font-weight: bold;cursor: pointer\">Juan Pablo Carvallo<\/a>, Director Ejecutivo de CEDIA.<\/span><\/p>\n<p><span style=\"font-size: 18px\"><strong>Moderador:<\/strong> Herik Valles Baca, Director Ejecutivo de Innovaci\u00f3n Acad\u00e9mica de la ANUIES.<\/span><\/p>\n<p><span style=\"font-size: 18px\">Lugar: Auditorio principal.<\/span><\/p><\/td>\n<\/tr>\n<tr style=\"height: 27px\">\n<td style=\"width: 17.4383%;background-color: #dbe8c1;height: 27px\"><span style=\"font-size: 18px\"><strong>19:30 - 20:00<\/strong><\/span><\/td>\n<td style=\"width: 134.685%;background-color: #dbe8c1;height: 27px\" colspan=\"2\"><span style=\"font-size: 18px\"><strong>Traslado a Cena en Karmina Palace.<\/strong><\/span><\/td>\n<\/tr>\n<tr style=\"height: 28px\">\n<td style=\"width: 17.4383%;height: 28px;background-color: #dbe8c1\" width=\"111\"><span style=\"font-size: 18px\"><strong>20:00 \u2013 22:00<\/strong><\/span><\/td>\n<td style=\"height: 28px;background-color: #dbe8c1;width: 134.685%\" colspan=\"2\" width=\"531\"><span style=\"font-size: 18px\"><strong>Cena y entrega de los Premios ANUIES 2025<\/strong>.<\/span><\/td>\n<\/tr>\n<tr style=\"height: 28px\">\n<td style=\"width: 155.642%;background-color: #e0dfde;height: 28px;text-align: right\" colspan=\"5\"><span style=\"font-size: 18px\"><em><strong>*<\/strong>Programa sujeto a cambios. Agradecemos su comprensi\u00f3n.<br \/>\n<\/em><\/span><\/td>\n<\/tr>\n<\/tbody>\n<\/table>\n<p>&nbsp;<\/p>\n<p>&nbsp;<\/p>\n<p>&nbsp;<\/p>\n<p>&nbsp;<\/p>\n<p>&nbsp;<\/p>\n<p>&nbsp;<\/p>\n<p>&nbsp;<\/p>\n<p>&nbsp;<\/p>\n<p>&nbsp;<\/p>\n<p>&nbsp;<\/p>\n<p>&nbsp;<\/p>\n<p>&nbsp;<\/p>\n<p>&nbsp;<\/p>\n<p>&nbsp;<\/p>\n<p>&nbsp;<\/p>\n<p>&nbsp;<\/p>\n<p>&nbsp;<\/p>\n<p>&nbsp;<\/p>\n<p>&nbsp;<\/p>\n<p>&nbsp;<\/p>\n<p>&nbsp;<\/p>\n<p>&nbsp;<\/p>\n<p>&nbsp;<\/p>\n<p>&nbsp;<\/p>\n<p>&nbsp;<\/p>\n<p>&nbsp;<\/p>\n<p>&nbsp;<\/p>\n<p>&nbsp;<\/p>\n<p>&nbsp;<\/p>\n<p>&nbsp;<\/p>\n<p>&nbsp;<\/p>\n<p>&nbsp;<\/p>\n<p>&nbsp;<\/p>\n<p>&nbsp;<\/p>\n<p>&nbsp;<\/p>\n<p>&nbsp;<\/p>\n<p>&nbsp;<\/p>\n<p>&nbsp;<\/p>\n<p>&nbsp;<\/p>\n<p>&nbsp;<\/p>\n\t\t\t<\/div>\n\t\t<\/div>\n\t\t\t<div class=\"sow-tabs-panel\">\n\t\t\t<div\n\t\t\t\tclass=\"sow-tabs-panel-content\"\n\t\t\t\trole=\"tabpanel\"\n\t\t\t\taria-hidden=\"true\"\n\t\t\t>\n\t\t\t\t<p style=\"text-align: left\"><span style=\"font-size: 14pt\"><a href=\"https:\/\/portal.ucol.mx\/delegacion1\/\" target=\"_blank\" rel=\"noopener\"><strong>Centro Universitario de Convenciones de la Universidad de Colima, Campus el Naranjo.<\/strong><\/a><br \/>\n<strong>Direcci\u00f3n:<\/strong>\u00a0Carretera Manzanillo-Barra de Navidad, Km 20. Campus El Naranjo. CP 28860, Manzanillo, Colima, M\u00e9xico.<\/span><\/p>\n<table class=\" aligncenter\" style=\"width: 100%;height: 1128px\" width=\"642\">\n<thead>\n<tr style=\"height: 58px\">\n<td style=\"height: 58px;width: 20.1309%;text-align: center;background-color: #5f7a43\" width=\"104\"><span style=\"font-size: 16px\"><strong><span style=\"color: #ffffff\"><img loading=\"lazy\" decoding=\"async\" class=\"wp-image-285 aligncenter\" src=\"https:\/\/conferencia.anuies.mx\/wp-content\/uploads\/2025\/10\/icono_horario_png-removebg-preview.png\" alt=\"\" width=\"32\" height=\"23\" srcset=\"https:\/\/conferencia.anuies.mx\/wp-content\/uploads\/2025\/10\/icono_horario_png-removebg-preview.png 348w, https:\/\/conferencia.anuies.mx\/wp-content\/uploads\/2025\/10\/icono_horario_png-removebg-preview-300x221.png 300w, https:\/\/conferencia.anuies.mx\/wp-content\/uploads\/2025\/10\/icono_horario_png-removebg-preview-230x169.png 230w\" sizes=\"auto, (max-width: 32px) 100vw, 32px\" \/><span style=\"font-size: 18px\">Horario<\/span><\/span><\/strong><\/span><\/td>\n<td style=\"height: 58px;width: 226.985%;text-align: center;background-color: #5f7a43\" colspan=\"2\" width=\"416\"><span style=\"font-size: 18px\"><strong><span style=\"color: #ffffff\"><span style=\"color: #ffffff\"><img loading=\"lazy\" decoding=\"async\" class=\"wp-image-288 aligncenter\" src=\"https:\/\/conferencia.anuies.mx\/wp-content\/uploads\/2025\/10\/icono_tareas-removebg-preview.png\" alt=\"\" width=\"27\" height=\"27\" srcset=\"https:\/\/conferencia.anuies.mx\/wp-content\/uploads\/2025\/10\/icono_tareas-removebg-preview.png 450w, https:\/\/conferencia.anuies.mx\/wp-content\/uploads\/2025\/10\/icono_tareas-removebg-preview-300x300.png 300w, https:\/\/conferencia.anuies.mx\/wp-content\/uploads\/2025\/10\/icono_tareas-removebg-preview-150x150.png 150w, https:\/\/conferencia.anuies.mx\/wp-content\/uploads\/2025\/10\/icono_tareas-removebg-preview-230x230.png 230w, https:\/\/conferencia.anuies.mx\/wp-content\/uploads\/2025\/10\/icono_tareas-removebg-preview-350x350.png 350w\" sizes=\"auto, (max-width: 27px) 100vw, 27px\" \/><\/span>Actividad<\/span><\/strong><\/span><\/td>\n<\/tr>\n<\/thead>\n<tbody>\n<tr style=\"height: 96px\">\n<td style=\"height: 96px;background-color: #dbe8c1;width: 20.1309%;text-align: center\" width=\"104\"><span style=\"font-size: 18px\"><strong>09:00 -10:00<\/strong><\/span><\/td>\n<td style=\"height: 1021px;width: 34.8148%;background-color: #5f7a43\" rowspan=\"5\">\n<p style=\"text-align: center\"><span style=\"font-size: 18px;color: #ffffff\"><strong>LXVII SESI\u00d3N ORDINARIA DE LA ASAMBLEA GENERAL<\/strong><\/span><\/p>\n<p style=\"text-align: center\"><span style=\"font-size: 18px;color: #ffffff\"><strong>\u00a0<\/strong><\/span><\/p>\n<p style=\"text-align: center\"><span style=\"font-size: 18px;color: #ffffff\"><strong>Coordinadora: <\/strong>Diana Santiago, ANUIES.<\/span><\/p>\n<p style=\"text-align: center\"><span style=\"font-size: 18px;color: #ffffff\"><strong>\u00a0<\/strong><\/span><\/p>\n<p style=\"text-align: center\"><span style=\"font-size: 18px;color: #ffffff\"><strong>Evento exclusivo para miembros de la Asamblea General.<\/strong><\/span><\/p>\n<p style=\"text-align: center\"><span style=\"font-size: 18px\"><strong><span style=\"color: #ffffff\">Lugar: <\/span><\/strong><span style=\"color: #ffffff\">Auditorio principal<\/span><\/span><\/p>\n<\/td>\n<td style=\"height: 96px;background-color: #dbe8c1;width: 192.17%;text-align: center\" width=\"236\"><span style=\"font-size: 18px\"><strong>Registro de Participantes<\/strong><\/span>\n<p><span style=\"font-size: 18px\"><strong>Lugar:<\/strong> \u00c1rea Com\u00fan.<\/span><\/p>\n<\/td>\n<\/tr>\n<tr style=\"height: 200x\">\n<td style=\"height: 96px;background-color: #edf2e4;width: 20.1309%;text-align: center\" width=\"104\"><span style=\"font-size: 18px\"><strong>10:00 \u2013 11:00<\/strong><\/span><\/td>\n<td style=\"height: 96px;background-color: #edf2e4;width: 192.17%;text-align: center\" width=\"236\"><span style=\"font-size: 18px\"><strong><span style=\"color: #008000\">Conferencia:<\/span> \"<\/strong><strong>Formaci\u00f3n dual e innovaci\u00f3n educativa: convergencia entre el aula y la industria\"<\/strong><\/span>\n<p>&nbsp;<\/p>\n<p><span style=\"font-size: 18px\"><strong>Presentador: <\/strong><\/span><\/p>\n<p><span style=\"font-size: 18px\"><a class=\"popmake-503\" style=\"color: #008000;font-weight: bold;cursor: pointer\">Christop Hansert<\/a>, Director de la Oficina Regional para M\u00e9xico, Am\u00e9rica Central y el Caribe, DAAD.<\/span><\/p>\n<p><span style=\"font-size: 18px\"><strong>Moderadora:<\/strong> Alep Blancas, Subdirectora de Proyectos de Asesor\u00eda y Diplomacia Cient\u00edfica de la ANUIES.<\/span><\/p>\n<p><span style=\"font-size: 18px\"><strong>Lugar:<\/strong> Aula 4.<\/span><\/p>\n<\/td>\n<\/tr>\n<tr style=\"height: 96px\">\n<td style=\"height: 96px;background-color: #dbe8c1;width: 20.1309%;text-align: center\" width=\"104\"><span style=\"font-size: 18px\"><strong>11:00 \u2013 12:30<\/strong><\/span><\/td>\n<td style=\"height: 96px;background-color: #dbe8c1;width: 192.17%;text-align: center\" width=\"236\"><span style=\"font-size: 18px\"><strong><span style=\"color: #008000\">Panel:<\/span> \"<\/strong><\/span><span style=\"font-size: 18px\"><strong>Innovaci\u00f3n Colaborativa: Educaci\u00f3n Superior y su Rol en un Ecosistema Interconectado\"<\/strong><\/span>\n<p>&nbsp;<\/p>\n<p><span style=\"font-size: 18px\"><strong>Panelistas:<\/strong><\/span><br \/>\n<span style=\"font-size: 18px\"><a class=\"popmake-704\" style=\"color: #008000;font-weight: bold;cursor: pointer\">Isabella Dufour<\/a>, Subdirectora de Asuntos Internacionales de IMT-Albi (Francia).<\/span><br \/>\n<span style=\"font-size: 18px\"><a class=\"popmake-709\" style=\"color: #008000;font-weight: bold;cursor: pointer\">Salom\u00f3n Amkie<\/a>, Director de Relaciones Institucionales de Santander Universidades (M\u00e9xico).<\/span><br \/>\n<span style=\"font-size: 18px\"><a class=\"popmake-719\" style=\"color: #008000;font-weight: bold;cursor: pointer\">Alia Imtoual, <\/a>Consejera (Educaci\u00f3n e Investigaci\u00f3n) de la Embajada de Australia (Australia). <span style=\"color: #339966\">(En l\u00ednea)<\/span><\/span><br \/>\n<span style=\"font-size: 18px\"><a class=\"popmake-723\" style=\"color: #008000;font-weight: bold;cursor: pointer\">Renato Balderrama, <\/a>Profesor investigador del CIDE y Director del Observatorio Iberoamericano de Industrias Creativas de Corea(M\u00e9xico).<\/span><\/p>\n<p><span style=\"font-size: 18px\"><strong>Moderador: <\/strong>Cesar Eduardo Guti\u00e9rrez Jurado, Director Ejecutivo de Fortalecimiento Institucional de la ANUIES.<\/span><\/p>\n<p>&nbsp;<\/p>\n<p style=\"text-align: justify\"><span style=\"font-size: 18px\"><strong>\u00a0Lugar: <\/strong>Aula 4. Sesi\u00f3n h\u00edbrida.<\/span><\/p>\n<\/td>\n<\/tr>\n<tr style=\"height: 96px\">\n<td style=\"height: 96px;background-color: #edf2e4;width: 20.1309%;text-align: center\" width=\"104\"><span style=\"font-size: 18px\"><strong>12:30 \u2013 13:00<\/strong><\/span><\/td>\n<td style=\"height: 96px;background-color: #edf2e4;width: 192.17%;text-align: center\" width=\"236\"><span style=\"font-size: 18px\"><strong>Pausa para caf\u00e9<\/strong><\/span>\n<p><span style=\"font-size: 18px\"><strong>Lugar:<\/strong> \u00c1rea Com\u00fan.<\/span><\/p>\n<\/td>\n<\/tr>\n<tr style=\"height: 96px\">\n<td style=\"height: 458px;background-color: #dbe8c1;width: 20.1309%;text-align: center\" width=\"104\"><span style=\"font-size: 18px\"><strong>13:00 \u2013 14:00<\/strong><\/span><\/td>\n<td style=\"height: 96px;background-color: #dbe8c1;width: 192.17%;text-align: center\" width=\"236\"><span style=\"font-size: 18px\"><strong><span style=\"color: #008000\">Conferencia:<\/span> \"<\/strong><\/span><span style=\"font-size: 18px\"><strong>De la investigaci\u00f3n a la innovaci\u00f3n: estrategias para fortalecer la I+D+i en las universidades latinoamericanas\"<\/strong><\/span>\n<p><span style=\"font-size: 18px\"><strong>Presentadora: <\/strong><\/span><\/p>\n<p><span style=\"font-size: 18px\"><a class=\"popmake-729\" style=\"color: #008000;font-weight: bold;cursor: pointer\">Romina Hidalgo Emparanza<\/a>, Directora de I+D+i del Centro de Innovaci\u00f3n UC Anacleto Angelini (Chile).<\/span><\/p>\n<p><span style=\"font-size: 18px\"><strong>Moderadora: <\/strong>Blanca Inguanzo, Secretaria T\u00e9cnica de la Subsecretar\u00eda de Educaci\u00f3n Superior.<\/span><\/p>\n<p><span style=\"font-size: 18px\"><strong>Lugar: <\/strong>Aula 4.<\/span><\/p>\n<\/td>\n<\/tr>\n<tr style=\"height: 96px\">\n<td style=\"height: 39px;background-color: #edf2e4;width: 20.1309%;text-align: center\" width=\"104\"><span style=\"font-size: 18px\"><strong>14:00 \u2013 14:30<\/strong><\/span><\/td>\n<td style=\"height: 39px;background-color: #edf2e4;width: 226.985%\" colspan=\"2\" width=\"416\">\n<p style=\"text-align: center\"><span style=\"font-size: 18px\"><strong>Ceremonia de Clausura<\/strong><\/span><\/p>\n<p style=\"text-align: center\"><span style=\"font-size: 18px\"><strong>Lugar:<\/strong> Auditorio Principal.<\/span><\/p>\n<\/td>\n<\/tr>\n<tr style=\"height: 10px\">\n<td style=\"background-color: #e0dfde;width: 247.116%;text-align: right;height: 10px\" colspan=\"3\"><span style=\"font-size: 18px\"><em>*Programa sujeto a cambios. Agradecemos su comprensi\u00f3n.<\/em><\/span><\/td>\n<\/tr>\n<\/tbody>\n<\/table>\n<p>&nbsp;<\/p>\n<p>&nbsp;<\/p>\n<p>&nbsp;<\/p>\n<p>&nbsp;<\/p>\n<p>&nbsp;<\/p>\n<p>&nbsp;<\/p>\n<p>&nbsp;<\/p>\n<p>&nbsp;<\/p>\n<p>&nbsp;<\/p>\n<p>&nbsp;<\/p>\n<p>&nbsp;<\/p>\n<p>&nbsp;<\/p>\n<p>&nbsp;<\/p>\n<p>&nbsp;<\/p>\n<p>&nbsp;<\/p>\n<p>&nbsp;<\/p>\n<p>&nbsp;<\/p>\n\t\t\t<\/div>\n\t\t<\/div>\n\t\t<\/div>\n<\/div>\n<\/div><\/div><\/div><div id=\"panel-54-0-0-1\" class=\"so-panel widget widget_sow-editor panel-last-child\" data-index=\"1\" ><div style=\"text-align: left;\" data-title-color=\"#443f3f\" data-headings-color=\"#443f3f\" class=\"panel-widget-style panel-widget-style-for-54-0-0-1\" ><div\n\t\t\t\n\t\t\tclass=\"so-widget-sow-editor so-widget-sow-editor-base\"\n\t\t\t\n\t\t>\n<div class=\"siteorigin-widget-tinymce textwidget\">\n\t<p>&nbsp;<\/p>\n<p>&nbsp;<\/p>\n<\/div>\n<\/div><\/div><\/div><\/div><\/div><\/div><\/div>","protected":false},"excerpt":{"rendered":"<p>&nbsp; &nbsp;<\/p>\n","protected":false},"author":1,"featured_media":0,"parent":0,"menu_order":0,"comment_status":"closed","ping_status":"closed","template":"page-templates\/page_fullwidth.php","meta":{"footnotes":""},"class_list":["post-54","page","type-page","status-publish","hentry"],"_links":{"self":[{"href":"https:\/\/conferencia.anuies.mx\/wp-json\/wp\/v2\/pages\/54","targetHints":{"allow":["GET"]}}],"collection":[{"href":"https:\/\/conferencia.anuies.mx\/wp-json\/wp\/v2\/pages"}],"about":[{"href":"https:\/\/conferencia.anuies.mx\/wp-json\/wp\/v2\/types\/page"}],"author":[{"embeddable":true,"href":"https:\/\/conferencia.anuies.mx\/wp-json\/wp\/v2\/users\/1"}],"replies":[{"embeddable":true,"href":"https:\/\/conferencia.anuies.mx\/wp-json\/wp\/v2\/comments?post=54"}],"version-history":[{"count":169,"href":"https:\/\/conferencia.anuies.mx\/wp-json\/wp\/v2\/pages\/54\/revisions"}],"predecessor-version":[{"id":828,"href":"https:\/\/conferencia.anuies.mx\/wp-json\/wp\/v2\/pages\/54\/revisions\/828"}],"wp:attachment":[{"href":"https:\/\/conferencia.anuies.mx\/wp-json\/wp\/v2\/media?parent=54"}],"curies":[{"name":"wp","href":"https:\/\/api.w.org\/{rel}","templated":true}]}}