{"id":56,"date":"2025-09-25T02:37:59","date_gmt":"2025-09-25T02:37:59","guid":{"rendered":"https:\/\/conferencia.anuies.mx\/?page_id=56"},"modified":"2025-11-07T17:09:35","modified_gmt":"2025-11-07T17:09:35","slug":"talleres","status":"publish","type":"page","link":"https:\/\/conferencia.anuies.mx\/talleres\/","title":{"rendered":"Talleres"},"content":{"rendered":"<div id=\"pl-56\"  class=\"panel-layout\" ><div id=\"pg-56-0\"  class=\"panel-grid panel-has-style\" ><div style=\"padding: 5px 0; \" data-overlay=\"true\" data-overlay-color=\"#000000\" class=\"panel-row-style panel-row-style-for-56-0\" ><div id=\"pgc-56-0-0\"  class=\"panel-grid-cell\" ><div id=\"panel-56-0-0-0\" class=\"so-panel widget widget_sow-tabs panel-first-child panel-last-child\" data-index=\"0\" ><div style=\"text-align: left;\" data-title-color=\"#443f3f\" data-headings-color=\"#443f3f\" class=\"panel-widget-style panel-widget-style-for-56-0-0-0\" ><div\n\t\t\t\n\t\t\tclass=\"so-widget-sow-tabs so-widget-sow-tabs-default-8c6bfe3abdc7-56\"\n\t\t\t\n\t\t><div class=\"sow-tabs\">\n\t<div class=\"sow-tabs-tab-container\" role=\"tablist\">\n\t\t\t<div\n\t\t\tclass=\"sow-tabs-tab\n\t\t\t sow-tabs-tab-selected\t\t\t\"\n\t\t\trole=\"tab\"\n\t\t\tdata-anchor-id=\"fortalecimiento-de-capacidades-erasmus\"\n\t\t\taria-selected=\"true\"\n\t\t\ttabindex=\"0\"\n\t\t>\n\t\t\t<div class=\"sow-tabs-title sow-tabs-title-icon-left\">\n\t\t\t\t\t\t\t\tFortalecimiento de capacidades Erasmus+\t\t\t\t\t\t\t<\/div>\n\t\t<\/div>\n\t\t\t<div\n\t\t\tclass=\"sow-tabs-tab\n\t\t\t\t\t\t\"\n\t\t\trole=\"tab\"\n\t\t\tdata-anchor-id=\"dialogos-sobre-interculturalidades\"\n\t\t\taria-selected=\"false\"\n\t\t\ttabindex=\"0\"\n\t\t>\n\t\t\t<div class=\"sow-tabs-title sow-tabs-title-icon-left\">\n\t\t\t\t\t\t\t\tDi\u00e1logos sobre interculturalidades\t\t\t\t\t\t\t<\/div>\n\t\t<\/div>\n\t\t\t<div\n\t\t\tclass=\"sow-tabs-tab\n\t\t\t\t\t\t\"\n\t\t\trole=\"tab\"\n\t\t\tdata-anchor-id=\"integrando-la-ia-en-la-es-a-traves-de-gemini-ai\"\n\t\t\taria-selected=\"false\"\n\t\t\ttabindex=\"0\"\n\t\t>\n\t\t\t<div class=\"sow-tabs-title sow-tabs-title-icon-left\">\n\t\t\t\t\t\t\t\tIntegrando la IA en la ES a trav\u00e9s de Gemini AI\t\t\t\t\t\t\t<\/div>\n\t\t<\/div>\n\t\t<\/div>\n\n\t<div class=\"sow-tabs-panel-container\">\n\t\t\t<div class=\"sow-tabs-panel\">\n\t\t\t<div\n\t\t\t\tclass=\"sow-tabs-panel-content\"\n\t\t\t\trole=\"tabpanel\"\n\t\t\t\taria-hidden=\"false\"\n\t\t\t>\n\t\t\t\t<p><span style=\"font-size: 14pt;color: #000080\"><b>\u00a0 \u00a0 <span style=\"font-size: 14pt\"><strong><img loading=\"lazy\" decoding=\"async\" class=\"size-full wp-image-407 alignleft\" src=\"https:\/\/conferencia.anuies.mx\/wp-content\/uploads\/2025\/10\/Gabriela-Caceres2.png\" alt=\"\" width=\"264\" height=\"599\" srcset=\"https:\/\/conferencia.anuies.mx\/wp-content\/uploads\/2025\/10\/Gabriela-Caceres2.png 264w, https:\/\/conferencia.anuies.mx\/wp-content\/uploads\/2025\/10\/Gabriela-Caceres2-132x300.png 132w, https:\/\/conferencia.anuies.mx\/wp-content\/uploads\/2025\/10\/Gabriela-Caceres2-230x522.png 230w\" sizes=\"auto, (max-width: 264px) 100vw, 264px\" \/><\/strong><\/span>Datos Generales<\/b><\/span><\/p>\n<p style=\"text-align: justify\"><em><span style=\"font-size: 14pt;color: #000080\"><strong>Imparte<\/strong><\/span><\/em><\/p>\n<p style=\"text-align: justify\"><span style=\"font-size: 14pt\"><strong><a class=\"popmake-455 pum-trigger\">Gabriela C\u00e1ceres<\/a><\/strong>, Jefa de Innovaci\u00f3n y Transferencia Tecnol\u00f3gica de CEDIA y Punto Focal Nacional para los Programas ERASMUS en Ecuador.<\/span><\/p>\n<p style=\"text-align: justify\"><em><span style=\"font-size: 14pt;color: #000080\"><span style=\"font-weight: 400\"><strong>Moderadora<\/strong><\/span><\/span><\/em><\/p>\n<p style=\"text-align: justify\"><span style=\"font-size: 18px\">Am\u00e9rica M. Liz\u00e1rraga Gonz\u00e1lez, Directora de Cooperaci\u00f3n Internacional ANUIES.<\/span><\/p>\n<p style=\"text-align: justify\"><span style=\"font-size: 14pt\"><strong>Fecha y horario:\u00a0<\/strong><span style=\"font-weight: 400\">Martes 11 de noviembre de 2025, de 15:00 a 18:00 horas. Aula 7 del Centro de Convenciones de la Universidad de Colima (UCol).<\/span><\/span><\/p>\n<p style=\"text-align: justify\"><span style=\"font-size: 14pt\"><span style=\"font-weight: 400\"><strong>Duraci\u00f3n total:<\/strong>\u00a0<\/span><span style=\"font-weight: 400\">3 horas.<\/span><\/span><\/p>\n<p style=\"text-align: justify\"><span style=\"font-size: 14pt\"><strong>Dirigido a<\/strong><\/span><\/p>\n<p style=\"text-align: justify\"><span style=\"font-weight: 400;font-size: 14pt\">Estudiantes, acad\u00e9micos, gestores de cooperaci\u00f3n internacional, responsables de vinculaci\u00f3n e internacionalizaci\u00f3n, estudiantes de posgrado y representantes de Instituciones de Educaci\u00f3n Superior (IES) interesadas en programas de movilidad y cooperaci\u00f3n acad\u00e9mica internacional.<\/span><\/p>\n<p style=\"text-align: justify\"><span style=\"font-size: 14pt\"><b><i>Destinatarios<\/i><\/b><\/span><\/p>\n<p style=\"text-align: justify\"><span style=\"font-weight: 400;font-size: 14pt\">El taller est\u00e1 dirigido a miembros de la comunidad acad\u00e9mica de las IES asociadas a la ANUIES, con especial inter\u00e9s en la movilidad internacional, la cooperaci\u00f3n con instituciones europeas y la participaci\u00f3n en proyectos de desarrollo educativo y cient\u00edfico.<\/span><\/p>\n<p style=\"text-align: justify\"><span style=\"font-size: 14pt\"><b><i>Objetivo<\/i><\/b><\/span><\/p>\n<p style=\"text-align: justify\"><span style=\"font-weight: 400;font-size: 14pt\">Generar un espacio de di\u00e1logo e intercambio de experiencias sobre el programa Erasmus+ entre la comunidad educativa, con el prop\u00f3sito de fomentar el conocimiento sobre las oportunidades de movilidad, colaboraci\u00f3n acad\u00e9mica y desarrollo profesional que ofrece la Uni\u00f3n Europea. Asimismo, se busca fortalecer las capacidades institucionales para participar activamente en convocatorias y proyectos Erasmus+, promoviendo la internacionalizaci\u00f3n, el intercambio cultural y la cooperaci\u00f3n interinstitucional.<\/span><\/p>\n<p style=\"text-align: justify\"><span style=\"font-size: 14pt\"><b><i>Metodolog\u00eda<\/i><\/b><\/span><\/p>\n<p style=\"text-align: justify\"><span style=\"font-weight: 400;font-size: 14pt\">El taller combinar\u00e1 exposiciones magistrales, din\u00e1micas participativas y un espacio de di\u00e1logo abierto.<\/span><\/p>\n<p style=\"text-align: justify\"><span style=\"font-weight: 400;font-size: 14pt\">Se desarrollar\u00e1 bajo un enfoque pr\u00e1ctico, orientado a resolver dudas, compartir experiencias exitosas y guiar a los asistentes en el proceso de postulaci\u00f3n a becas y programas Erasmus+.<\/span><\/p>\n<p style=\"text-align: justify\"><span style=\"font-weight: 400;font-size: 14pt\">Se emplear\u00e1n recursos audiovisuales, gu\u00edas informativas y ejemplos reales de proyectos y movilidades desarrolladas en Am\u00e9rica Latina y Europa.<\/span><\/p>\n<p style=\"text-align: justify\"><span style=\"font-size: 14pt\"><b><i>Mecanismos y criterios de evaluaci\u00f3n<\/i><\/b><\/span><\/p>\n<ul style=\"text-align: justify\">\n<li style=\"font-weight: 400\"><span style=\"font-weight: 400;font-size: 14pt\">Participaci\u00f3n activa en las discusiones y actividades.<\/span><\/li>\n<li style=\"font-weight: 400\"><span style=\"font-weight: 400;font-size: 14pt\">Identificaci\u00f3n de oportunidades concretas para la instituci\u00f3n o persona participante.<\/span><\/li>\n<li style=\"font-weight: 400\"><span style=\"font-weight: 400;font-size: 14pt\">Elaboraci\u00f3n breve de un plan o idea de participaci\u00f3n institucional en Erasmus+ (de forma individual o grupal).<\/span><\/li>\n<li style=\"font-weight: 400\"><span style=\"font-weight: 400;font-size: 14pt\">Evaluaci\u00f3n cualitativa final, mediante retroalimentaci\u00f3n oral de la ponente y la moderadora.<\/span><\/li>\n<\/ul>\n<p style=\"text-align: justify\"><span style=\"font-size: 14pt;color: #339966\"><b>\u00a0 \u00a0 <span style=\"color: #000080\">\u00a0Temario<\/span><\/b><\/span><\/p>\n<ol>\n<li style=\"font-weight: 400;text-align: justify\"><strong><span style=\"font-size: 14pt\">Introducci\u00f3n al programa Erasmus+<\/span><\/strong>\n<ol>\n<li style=\"font-weight: 400\"><span style=\"font-weight: 400;font-size: 14pt\">Contexto, objetivos y evoluci\u00f3n del programa.<\/span><\/li>\n<li style=\"font-weight: 400\"><span style=\"font-weight: 400;font-size: 14pt\">Tipos de movilidad: estudios, pr\u00e1cticas, docencia y cooperaci\u00f3n institucional.<\/span><\/li>\n<li style=\"font-weight: 400\"><span style=\"font-weight: 400;font-size: 14pt\">Impacto en Am\u00e9rica Latina y M\u00e9xico.<\/span><\/li>\n<\/ol>\n<\/li>\n<li style=\"font-weight: 400;text-align: justify\"><span style=\"font-size: 14pt\"><strong>Fortalecimiento de capacidades Erasmus+<\/strong><span style=\"font-weight: 400\">\u00a0<\/span><\/span>\n<ol>\n<li style=\"font-weight: 400\"><span style=\"font-weight: 400;font-size: 14pt\">Estructura y componentes del programa.<\/span><\/li>\n<li style=\"font-weight: 400\"><span style=\"font-weight: 400;font-size: 14pt\">Convocatorias y l\u00edneas de financiamiento.<\/span><\/li>\n<li style=\"font-weight: 400\"><span style=\"font-weight: 400;font-size: 14pt\">Rol de las IES en la gesti\u00f3n y postulaci\u00f3n de proyectos.<\/span><\/li>\n<li style=\"font-weight: 400\"><span style=\"font-weight: 400;font-size: 14pt\">Buenas pr\u00e1cticas y casos de \u00e9xito regionales.<\/span><\/li>\n<\/ol>\n<\/li>\n<li style=\"font-weight: 400\"><span style=\"font-size: 14pt\"><strong>Taller pr\u00e1ctico: Identificaci\u00f3n de oportunidades<\/strong><span style=\"font-weight: 400\">\u00a0<\/span><\/span>\n<ol>\n<li style=\"font-weight: 400;text-align: justify\"><span style=\"font-weight: 400;font-size: 14pt\">An\u00e1lisis de intereses institucionales y personales.<\/span><\/li>\n<li style=\"font-weight: 400;text-align: justify\"><span style=\"font-weight: 400;font-size: 14pt\">B\u00fasqueda de socios y proyectos.<\/span><\/li>\n<li style=\"font-weight: 400;text-align: justify\"><span style=\"font-weight: 400;font-size: 14pt\">Elaboraci\u00f3n de un esquema b\u00e1sico de participaci\u00f3n en Erasmus+.<\/span><\/li>\n<\/ol>\n<\/li>\n<\/ol>\n<p>&nbsp;<\/p>\n<p><img loading=\"lazy\" decoding=\"async\" class=\"wp-image-675 aligncenter\" src=\"https:\/\/conferencia.anuies.mx\/wp-content\/uploads\/2025\/10\/TALLERES-HOJA-CARTA-01.png\" alt=\"\" width=\"400\" height=\"517\" srcset=\"https:\/\/conferencia.anuies.mx\/wp-content\/uploads\/2025\/10\/TALLERES-HOJA-CARTA-01.png 1275w, https:\/\/conferencia.anuies.mx\/wp-content\/uploads\/2025\/10\/TALLERES-HOJA-CARTA-01-232x300.png 232w, https:\/\/conferencia.anuies.mx\/wp-content\/uploads\/2025\/10\/TALLERES-HOJA-CARTA-01-791x1024.png 791w, https:\/\/conferencia.anuies.mx\/wp-content\/uploads\/2025\/10\/TALLERES-HOJA-CARTA-01-768x994.png 768w, https:\/\/conferencia.anuies.mx\/wp-content\/uploads\/2025\/10\/TALLERES-HOJA-CARTA-01-1187x1536.png 1187w, https:\/\/conferencia.anuies.mx\/wp-content\/uploads\/2025\/10\/TALLERES-HOJA-CARTA-01-1000x1294.png 1000w, https:\/\/conferencia.anuies.mx\/wp-content\/uploads\/2025\/10\/TALLERES-HOJA-CARTA-01-230x298.png 230w, https:\/\/conferencia.anuies.mx\/wp-content\/uploads\/2025\/10\/TALLERES-HOJA-CARTA-01-350x453.png 350w, https:\/\/conferencia.anuies.mx\/wp-content\/uploads\/2025\/10\/TALLERES-HOJA-CARTA-01-480x621.png 480w\" sizes=\"auto, (max-width: 400px) 100vw, 400px\" \/><\/p>\n\t\t\t<\/div>\n\t\t<\/div>\n\t\t\t<div class=\"sow-tabs-panel\">\n\t\t\t<div\n\t\t\t\tclass=\"sow-tabs-panel-content\"\n\t\t\t\trole=\"tabpanel\"\n\t\t\t\taria-hidden=\"true\"\n\t\t\t>\n\t\t\t\t<p><span style=\"font-size: 14pt;color: #339966\"><b><img loading=\"lazy\" decoding=\"async\" class=\"size-full wp-image-408 alignleft\" src=\"https:\/\/conferencia.anuies.mx\/wp-content\/uploads\/2025\/10\/MARIA-ADRIANA-AGUILERA-ARRIETA2.png\" alt=\"\" width=\"278\" height=\"604\" srcset=\"https:\/\/conferencia.anuies.mx\/wp-content\/uploads\/2025\/10\/MARIA-ADRIANA-AGUILERA-ARRIETA2.png 278w, https:\/\/conferencia.anuies.mx\/wp-content\/uploads\/2025\/10\/MARIA-ADRIANA-AGUILERA-ARRIETA2-138x300.png 138w, https:\/\/conferencia.anuies.mx\/wp-content\/uploads\/2025\/10\/MARIA-ADRIANA-AGUILERA-ARRIETA2-230x500.png 230w\" sizes=\"auto, (max-width: 278px) 100vw, 278px\" \/>\u00a0 \u00a0 \u00a0<span style=\"color: #4d8234\">Datos Generales<\/span><\/b><\/span><\/p>\n<p style=\"text-align: justify\"><span style=\"font-size: 18px\"><strong><em>Facilitadora<\/em><\/strong><\/span><\/p>\n<p style=\"text-align: justify\"><span style=\"font-size: 18px\"><strong><a class=\"popmake-459 pum-trigger\">Mtra. Mar\u00eda Adriana Aguilera Arrieta<\/a><\/strong>, Acad\u00e9mica de la Universidad de Guanajuato.<\/span><\/p>\n<p style=\"text-align: justify\"><span style=\"font-size: 14pt\"><span style=\"font-weight: 400\"><strong>Moderadora<\/strong><\/span><\/span><\/p>\n<p style=\"text-align: justify\"><span style=\"font-size: 18px\">Mtra. Ana Cecilia Garc\u00eda Valencia.<\/span><\/p>\n<p style=\"text-align: justify\"><span style=\"font-size: 14pt\"><strong>Fecha y horario: <\/strong>Martes 11 de noviembre de 15:00 a 18:00 horas. <span style=\"font-weight: 400\">Aula 6.<\/span><\/span><\/p>\n<p style=\"text-align: justify\"><span style=\"font-size: 14pt\"><span style=\"font-weight: 400\"><strong>Duraci\u00f3n total: <\/strong>3 horas.<\/span><\/span><\/p>\n<p style=\"text-align: justify\"><span style=\"font-size: 14pt\"><strong>Dirigido a<\/strong><\/span><\/p>\n<p style=\"text-align: justify\"><span style=\"font-size: 14pt\">Personal docente y directivo.<\/span><\/p>\n<p style=\"text-align: justify\"><span style=\"font-size: 14pt\"><strong><em>Destinatarios<\/em><\/strong><\/span><\/p>\n<p style=\"text-align: justify\"><span style=\"font-size: 14pt\">Las y los participantes de este taller podr\u00e1n dialogar sobre los aspectos de la interculturalidad que conocen y ampliar su visi\u00f3n sobre las dimensiones de la interculturalidad en sus instituciones, adaptando y acomodando lo que se relacione de mejor manera con sus estructuras institucionales.<\/span><\/p>\n<p style=\"text-align: justify\"><span style=\"font-size: 14pt\"><strong><em>Objetivo<\/em><\/strong><\/span><\/p>\n<p style=\"text-align: justify\"><span style=\"font-size: 14pt\">El objetivo es analizar las perspectivas sobre la interculturalidad para beneficiar a todas las comunidades de las IES con un panorama abierto, emp\u00e1tico y colaborativo que refuerce las estrategias institucionales para la transversalizaci\u00f3n de la interculturalidad y la internacionalizaci\u00f3n<\/span><\/p>\n<p style=\"text-align: justify\"><span style=\"font-size: 14pt\"><strong><em>Metodolog\u00eda<\/em><\/strong><\/span><\/p>\n<p style=\"text-align: justify\"><span style=\"font-size: 14pt\"> El taller tiene un enfoque colaborativo de participaci\u00f3n. Las metodolog\u00edas son variadas, desde el enfoque de di\u00e1logo intercultural de la UNESCO, hasta los c\u00edrculos de narrativas y la escucha para la comprensi\u00f3n.<\/span><\/p>\n<p style=\"text-align: justify\"><span style=\"font-size: 14pt\"><strong><em>Mecanismos y criterios de evaluaci\u00f3n<\/em><\/strong><\/span><\/p>\n<p style=\"text-align: justify\"><span style=\"font-size: 14pt\">Despu\u00e9s de rondas de di\u00e1logo y procesos de asociaci\u00f3n comunitaria, se construye por equipos un \u00e1rbol de interculturalidad hecho con las palabras que formaron aparte del di\u00e1logo que se realiz\u00f3 durante las sesiones de inicio. Se comparan perspectivas y visiones y se retroalimenta una mirada de conjunto que siga posibilitando el di\u00e1logo entre las y los pares.<\/span><\/p>\n<p style=\"text-align: justify\"><span style=\"font-size: 14pt\">Hay un QR de Evaluaci\u00f3n y el certificado de participaci\u00f3n.<\/span><\/p>\n<p style=\"text-align: justify\"><span style=\"font-size: 14pt;color: #339966\"><b>\u00a0 \u00a0<span style=\"color: #4d8234\"> \u00a0Temario<\/span><\/b><\/span><\/p>\n<ul>\n<li><span style=\"font-size: 14pt\">Bienvenida.<\/span><\/li>\n<li><span style=\"font-size: 14pt\">Presentaci\u00f3n de participantes.<\/span><\/li>\n<li><span style=\"font-size: 14pt\">Actividad rompe hielo.<\/span><\/li>\n<li><span style=\"font-size: 14pt\">Compartiendo las nociones de interculturalidad que hay en el grupo.<\/span><\/li>\n<li><span style=\"font-size: 14pt\">An\u00e1lisis de conceptos y concepciones.<\/span><\/li>\n<li><span style=\"font-size: 14pt\">Mirada comunitaria sobre la interculturalidad.<\/span><\/li>\n<li><span style=\"font-size: 14pt\">Apropiaci\u00f3n personal para mi pr\u00e1ctica y entorno.<\/span><\/li>\n<li><span style=\"font-size: 14pt\">Compartiendo lo aprendido en comunidad.<\/span><\/li>\n<\/ul>\n<p><img loading=\"lazy\" decoding=\"async\" class=\"wp-image-871 aligncenter\" src=\"https:\/\/conferencia.anuies.mx\/wp-content\/uploads\/2025\/11\/TALLERES-HOJA-CARTA-scaled.png\" alt=\"\" width=\"430\" height=\"556\" srcset=\"https:\/\/conferencia.anuies.mx\/wp-content\/uploads\/2025\/11\/TALLERES-HOJA-CARTA-scaled.png 1978w, https:\/\/conferencia.anuies.mx\/wp-content\/uploads\/2025\/11\/TALLERES-HOJA-CARTA-232x300.png 232w, https:\/\/conferencia.anuies.mx\/wp-content\/uploads\/2025\/11\/TALLERES-HOJA-CARTA-791x1024.png 791w, https:\/\/conferencia.anuies.mx\/wp-content\/uploads\/2025\/11\/TALLERES-HOJA-CARTA-768x994.png 768w, https:\/\/conferencia.anuies.mx\/wp-content\/uploads\/2025\/11\/TALLERES-HOJA-CARTA-1187x1536.png 1187w, https:\/\/conferencia.anuies.mx\/wp-content\/uploads\/2025\/11\/TALLERES-HOJA-CARTA-1583x2048.png 1583w, https:\/\/conferencia.anuies.mx\/wp-content\/uploads\/2025\/11\/TALLERES-HOJA-CARTA-1000x1294.png 1000w, https:\/\/conferencia.anuies.mx\/wp-content\/uploads\/2025\/11\/TALLERES-HOJA-CARTA-230x298.png 230w, https:\/\/conferencia.anuies.mx\/wp-content\/uploads\/2025\/11\/TALLERES-HOJA-CARTA-350x453.png 350w, https:\/\/conferencia.anuies.mx\/wp-content\/uploads\/2025\/11\/TALLERES-HOJA-CARTA-480x621.png 480w\" sizes=\"auto, (max-width: 430px) 100vw, 430px\" \/><\/p>\n<p>&nbsp;<\/p>\n\t\t\t<\/div>\n\t\t<\/div>\n\t\t\t<div class=\"sow-tabs-panel\">\n\t\t\t<div\n\t\t\t\tclass=\"sow-tabs-panel-content\"\n\t\t\t\trole=\"tabpanel\"\n\t\t\t\taria-hidden=\"true\"\n\t\t\t>\n\t\t\t\t<p><span style=\"font-size: 14pt;color: #339966\"><b><img loading=\"lazy\" decoding=\"async\" class=\"size-full wp-image-410 alignleft\" src=\"https:\/\/conferencia.anuies.mx\/wp-content\/uploads\/2025\/10\/Dr.-Pedro-Cesar-Santana-Mancilla2.png\" alt=\"\" width=\"277\" height=\"601\" srcset=\"https:\/\/conferencia.anuies.mx\/wp-content\/uploads\/2025\/10\/Dr.-Pedro-Cesar-Santana-Mancilla2.png 277w, https:\/\/conferencia.anuies.mx\/wp-content\/uploads\/2025\/10\/Dr.-Pedro-Cesar-Santana-Mancilla2-138x300.png 138w, https:\/\/conferencia.anuies.mx\/wp-content\/uploads\/2025\/10\/Dr.-Pedro-Cesar-Santana-Mancilla2-230x499.png 230w\" sizes=\"auto, (max-width: 277px) 100vw, 277px\" \/> \u00a0<span style=\"color: #008080\"> Datos Generales<\/span><\/b><\/span><\/p>\n<p style=\"text-align: justify\"><span style=\"font-size: 18px\"><strong><em>Facilitador<\/em><\/strong><\/span><\/p>\n<p style=\"text-align: justify\"><span style=\"font-size: 18px\"><strong> <a class=\"popmake-461 pum-trigger\">Dr. Pedro C\u00e9sar Santana Mancilla<\/a>,\u00a0<\/strong>Profesor e investigador en la Facultad de Telem\u00e1tica de la Universidad de Colima.<\/span><\/p>\n<p style=\"text-align: justify\"><span style=\"font-size: 14pt\"><span style=\"font-weight: 400\"><strong>Moderador:<\/strong><\/span><\/span><\/p>\n<p style=\"text-align: justify\"><span style=\"font-size: 14pt\">Herik Germ\u00e1n Valles Baca, Director Ejecutivo de Innovaci\u00f3n Acad\u00e9mica de la ANUIES.<\/span><\/p>\n<p style=\"text-align: justify\"><span style=\"font-size: 14pt\"><strong>Fecha y horario:\u00a0<\/strong>Martes 11 de noviembre de 15:00 a 18:00 horas. CIAM.<\/span><\/p>\n<p style=\"text-align: justify\"><span style=\"font-size: 14pt\"><span style=\"font-weight: 400\"><strong>Duraci\u00f3n total: <\/strong>3 horas.<\/span><\/span><\/p>\n<p style=\"text-align: justify\"><span style=\"font-size: 14pt\"><strong>Dirigido a<\/strong><\/span><\/p>\n<p style=\"text-align: justify\"><span style=\"font-size: 14pt\">Personal Docente, de Investigaci\u00f3n y Administrativo de instituciones de Educaci\u00f3n Superior (Universidades e Institutos Tecnol\u00f3gicos).<\/span><\/p>\n<p style=\"text-align: justify\"><span style=\"font-size: 14pt\"><b>\u00a0<span style=\"color: #339966\">\u00a0<\/span><\/b><\/span><span style=\"font-size: 14pt\"><strong><em>Destinatarios<\/em><\/strong><\/span><\/p>\n<p><span style=\"font-size: 14pt\">El taller est\u00e1 dise\u00f1ado para maximizar el valor en dos perfiles clave del sector de la Educaci\u00f3n Superior:<\/span><\/p>\n<ul>\n<li><span style=\"font-size: 14pt\"><strong>Docentes e investigadores:<\/strong> De todas las \u00e1reas del conocimiento, interesados en optimizar la planificaci\u00f3n de clases, crear material did\u00e1ctico innovador y fomentar el pensamiento cr\u00edtico en sus estudiantes.<\/span><\/li>\n<li><span style=\"font-size: 14pt\"><strong>Personal directivo y administrativo:<\/strong> Encargado de la gesti\u00f3n acad\u00e9mica, la comunicaci\u00f3n institucional, la coordinaci\u00f3n de proyectos y la optimizaci\u00f3n de procesos operativos.<\/span><\/li>\n<\/ul>\n<p><span style=\"font-size: 14pt\"><strong><em>Objetivo<\/em><\/strong><\/span><\/p>\n<p><span style=\"font-size: 14pt\">El objetivo de este taller es que los participantes adquieran las <strong>competencias pr\u00e1cticas<\/strong> necesarias para <strong>integrar Gemini AI<\/strong> como un asistente de alto rendimiento en sus funciones diarias.<\/span><\/p>\n<p><span style=\"font-size: 14pt\">Al finalizar el taller, los participantes estar\u00e1n capacitados para:<\/span><\/p>\n<ol>\n<li><span style=\"font-size: 14pt\"><strong>Potenciar la ense\u00f1anza:<\/strong> Aplicar t\u00e9cnicas de <em>prompting<\/em> para generar contenido, evaluaciones y estrategias de aprendizaje diferenciadas.<\/span><\/li>\n<li><span style=\"font-size: 14pt\"><strong>Optimizar la gesti\u00f3n:<\/strong> Utilizar Gemini para resumir documentos extensos, redactar comunicaciones formales y automatizar tareas administrativas.<\/span><\/li>\n<li><span style=\"font-size: 14pt\"><strong>Garantizar el uso responsable:<\/strong> Comprender las implicaciones \u00e9ticas y los criterios de privacidad para utilizar la herramienta de manera segura y profesional.<\/span><\/li>\n<\/ol>\n<p><span style=\"font-size: 14pt\"><strong><em>Metodolog\u00eda<\/em><\/strong><\/span><\/p>\n<p><span style=\"font-size: 14pt\">El taller se desarrollar\u00e1 bajo una <strong>metodolog\u00eda activo-participativa (Aprender-Haciendo)<\/strong>, maximizando el uso del tiempo disponible en el centro de c\u00f3mputo. El enfoque ser\u00e1 80% pr\u00e1ctico y 20% te\u00f3rico.<\/span><\/p>\n<p>&nbsp;<\/p>\n<table width=\"0\">\n<tbody>\n<tr>\n<td><span style=\"font-size: 14pt;color: #008080\"><strong>Componente<\/strong><\/span><\/td>\n<td><span style=\"font-size: 14pt;color: #008080\"><strong>Descripci\u00f3n<\/strong><\/span><\/td>\n<\/tr>\n<tr>\n<td><span style=\"font-size: 14pt\"><strong>Exposici\u00f3n y demostraci\u00f3n<\/strong><\/span><\/td>\n<td><span style=\"font-size: 14pt\">Presentaci\u00f3n breve de los conceptos clave de Gemini y su versi\u00f3n educativa, seguida de una demostraci\u00f3n en vivo de las funcionalidades.<\/span><\/td>\n<\/tr>\n<tr>\n<td><span style=\"font-size: 14pt\"><strong>Pr\u00e1ctica guiada<\/strong><\/span><\/td>\n<td><span style=\"font-size: 14pt\">Los participantes replicar\u00e1n los ejercicios en sus propios equipos, bajo la gu\u00eda del facilitador, para aplicar t\u00e9cnicas de prompting directamente a escenarios acad\u00e9micos y administrativos.<\/span><\/td>\n<\/tr>\n<tr>\n<td><span style=\"font-size: 14pt\"><strong>Retos pr\u00e1cticos<\/strong><\/span><\/td>\n<td><span style=\"font-size: 14pt\">Se propondr\u00e1n retos de aplicaci\u00f3n real al final de cada m\u00f3dulo (ej. crear una r\u00fabrica, redactar un comunicado), fomentando la resoluci\u00f3n de problemas en equipo o individualmente.<\/span><\/td>\n<\/tr>\n<\/tbody>\n<\/table>\n<p>&nbsp;<\/p>\n<p><span style=\"font-size: 14pt\"><strong><em>Mecanismos y criterios de evaluaci\u00f3n<\/em><\/strong><\/span><\/p>\n<p><span style=\"font-size: 14pt\">La evaluaci\u00f3n se enfocar\u00e1 en la <strong>aplicaci\u00f3n pr\u00e1ctica de las herramientas<\/strong> y la adquisici\u00f3n de las nuevas competencias.<\/span><\/p>\n<p>&nbsp;<\/p>\n<table width=\"0\">\n<tbody>\n<tr>\n<td><span style=\"font-size: 14pt;color: #008080\"><strong>Mecanismo<\/strong><\/span><\/td>\n<td><span style=\"font-size: 14pt;color: #008080\"><strong>Criterio de logro<\/strong><\/span><\/td>\n<\/tr>\n<tr>\n<td><span style=\"font-size: 14pt\"><strong>Participaci\u00f3n activa<\/strong><\/span><\/td>\n<td><span style=\"font-size: 14pt\">Involucramiento en las discusiones sobre \u00e9tica y casos de uso, demostrando la comprensi\u00f3n de las limitaciones y el potencial de la herramienta.<\/span><\/td>\n<\/tr>\n<tr>\n<td><span style=\"font-size: 14pt\"><strong>Ejecuci\u00f3n de prompts<\/strong><\/span><\/td>\n<td><span style=\"font-size: 14pt\">Desarrollo exitoso de los ejercicios pr\u00e1cticos propuestos en el M\u00f3dulo 2, logrando generar borradores de planes de clase o res\u00famenes administrativos de alta calidad.<\/span><\/td>\n<\/tr>\n<tr>\n<td><span style=\"font-size: 14pt\"><strong>Reto final integrador<\/strong><\/span><\/td>\n<td><span style=\"font-size: 14pt\">Presentaci\u00f3n o env\u00edo digital de un entregable generado durante el taller (ej. prompt avanzado y su resultado refinado), que evidencie la aplicaci\u00f3n de las t\u00e9cnicas avanzadas y el criterio \u00e9tico (M\u00f3dulo 3).<\/span><\/td>\n<\/tr>\n<\/tbody>\n<\/table>\n<p><span style=\"font-size: 14pt\"><strong><em>\u00a0<\/em><\/strong><\/span><\/p>\n<p style=\"text-align: justify\"><span style=\"font-size: 14pt;color: #339966\"><b>\u00a0 \u00a0<span style=\"color: #008080\"> \u00a0Temario<\/span><\/b><\/span><\/p>\n<ul>\n<li><span style=\"font-size: 14pt\"><strong>M\u00f3dulo 1: Introducci\u00f3n a Gemini y sus fundamento<\/strong>s<\/span>\n<ul>\n<li><span style=\"font-size: 14pt\">\u00bfQu\u00e9 es la IA y por qu\u00e9 es relevante hoy?<\/span><\/li>\n<li><span style=\"font-size: 14pt\">Conociendo a Gemini: primeros pasos<\/span><\/li>\n<\/ul>\n<\/li>\n<li><strong><span style=\"font-size: 14pt\">M\u00f3dulo 2: Gemini como asistente acad\u00e9mico y administrativo<\/span><\/strong>\n<ul>\n<li><span style=\"font-size: 14pt\">IA potenciando la ense\u00f1anza<\/span><\/li>\n<li><span style=\"font-size: 14pt\">IA optimizando la gesti\u00f3n<\/span><\/li>\n<\/ul>\n<\/li>\n<li><strong><span style=\"font-size: 14pt\">M\u00f3dulo 3: Gemini Avanzado y consideraciones \u00e9ticas<\/span><\/strong>\n<ul>\n<li><span style=\"font-size: 14pt\">T\u00e9cnicas de prompting avanzado<\/span><\/li>\n<li><span style=\"font-size: 14pt\">\u00c9tica, privacidad y uso responsable<\/span><\/li>\n<\/ul>\n<\/li>\n<\/ul>\n<p>&nbsp;<\/p>\n<p><img loading=\"lazy\" decoding=\"async\" class=\"wp-image-676 aligncenter\" src=\"https:\/\/conferencia.anuies.mx\/wp-content\/uploads\/2025\/10\/TALLERES-HOJA-CARTA-03.png\" alt=\"\" width=\"400\" height=\"517\" srcset=\"https:\/\/conferencia.anuies.mx\/wp-content\/uploads\/2025\/10\/TALLERES-HOJA-CARTA-03.png 1275w, https:\/\/conferencia.anuies.mx\/wp-content\/uploads\/2025\/10\/TALLERES-HOJA-CARTA-03-232x300.png 232w, https:\/\/conferencia.anuies.mx\/wp-content\/uploads\/2025\/10\/TALLERES-HOJA-CARTA-03-791x1024.png 791w, https:\/\/conferencia.anuies.mx\/wp-content\/uploads\/2025\/10\/TALLERES-HOJA-CARTA-03-768x994.png 768w, https:\/\/conferencia.anuies.mx\/wp-content\/uploads\/2025\/10\/TALLERES-HOJA-CARTA-03-1187x1536.png 1187w, https:\/\/conferencia.anuies.mx\/wp-content\/uploads\/2025\/10\/TALLERES-HOJA-CARTA-03-1000x1294.png 1000w, https:\/\/conferencia.anuies.mx\/wp-content\/uploads\/2025\/10\/TALLERES-HOJA-CARTA-03-230x298.png 230w, https:\/\/conferencia.anuies.mx\/wp-content\/uploads\/2025\/10\/TALLERES-HOJA-CARTA-03-350x453.png 350w, https:\/\/conferencia.anuies.mx\/wp-content\/uploads\/2025\/10\/TALLERES-HOJA-CARTA-03-480x621.png 480w\" sizes=\"auto, (max-width: 400px) 100vw, 400px\" \/><\/p>\n<p>&nbsp;<\/p>\n\t\t\t<\/div>\n\t\t<\/div>\n\t\t<\/div>\n<\/div>\n<\/div><\/div><\/div><\/div><\/div><\/div><\/div>","protected":false},"excerpt":{"rendered":"<p>Fortalecimiento de capacidades Erasmus+ Di\u00e1logos sobre interculturalidades Integrando la IA en la ES a trav\u00e9s de Gemini AI \u00a0 \u00a0 Datos Generales [&hellip;]<\/p>\n","protected":false},"author":1,"featured_media":0,"parent":0,"menu_order":0,"comment_status":"closed","ping_status":"closed","template":"page-templates\/page_front-page.php","meta":{"footnotes":""},"class_list":["post-56","page","type-page","status-publish","hentry"],"_links":{"self":[{"href":"https:\/\/conferencia.anuies.mx\/wp-json\/wp\/v2\/pages\/56","targetHints":{"allow":["GET"]}}],"collection":[{"href":"https:\/\/conferencia.anuies.mx\/wp-json\/wp\/v2\/pages"}],"about":[{"href":"https:\/\/conferencia.anuies.mx\/wp-json\/wp\/v2\/types\/page"}],"author":[{"embeddable":true,"href":"https:\/\/conferencia.anuies.mx\/wp-json\/wp\/v2\/users\/1"}],"replies":[{"embeddable":true,"href":"https:\/\/conferencia.anuies.mx\/wp-json\/wp\/v2\/comments?post=56"}],"version-history":[{"count":21,"href":"https:\/\/conferencia.anuies.mx\/wp-json\/wp\/v2\/pages\/56\/revisions"}],"predecessor-version":[{"id":874,"href":"https:\/\/conferencia.anuies.mx\/wp-json\/wp\/v2\/pages\/56\/revisions\/874"}],"wp:attachment":[{"href":"https:\/\/conferencia.anuies.mx\/wp-json\/wp\/v2\/media?parent=56"}],"curies":[{"name":"wp","href":"https:\/\/api.w.org\/{rel}","templated":true}]}}