{"id":597,"date":"2025-10-24T20:40:27","date_gmt":"2025-10-24T20:40:27","guid":{"rendered":"https:\/\/conferencia.anuies.mx\/?page_id=597"},"modified":"2025-11-07T16:59:08","modified_gmt":"2025-11-07T16:59:08","slug":"conferencias-y-paneles","status":"publish","type":"page","link":"https:\/\/conferencia.anuies.mx\/conferencias-y-paneles\/","title":{"rendered":"Conferencias y Paneles"},"content":{"rendered":"<div id=\"pl-597\"  class=\"panel-layout\" ><div id=\"pg-597-0\"  class=\"panel-grid panel-has-style\" ><div style=\"padding: 5px 0; \" data-overlay=\"true\" data-overlay-color=\"#000000\" class=\"panel-row-style panel-row-style-for-597-0\" ><div id=\"pgc-597-0-0\"  class=\"panel-grid-cell\" ><div id=\"panel-597-0-0-0\" class=\"so-panel widget widget_sow-tabs panel-first-child\" data-index=\"0\" ><div style=\"text-align: left;\" data-title-color=\"#443f3f\" data-headings-color=\"#443f3f\" class=\"panel-widget-style panel-widget-style-for-597-0-0-0\" ><div\n\t\t\t\n\t\t\tclass=\"so-widget-sow-tabs so-widget-sow-tabs-default-8c6bfe3abdc7-597\"\n\t\t\t\n\t\t><h3 class=\"widget-title\">Martes 11 de noviembre<\/h3><div class=\"sow-tabs\">\n\t<div class=\"sow-tabs-tab-container\" role=\"tablist\">\n\t\t\t<div\n\t\t\tclass=\"sow-tabs-tab\n\t\t\t sow-tabs-tab-selected\t\t\t\"\n\t\t\trole=\"tab\"\n\t\t\tdata-anchor-id=\"sesion-informativa-oportunidades-de-becas-estudio-programas-erasmus\"\n\t\t\taria-selected=\"true\"\n\t\t\ttabindex=\"0\"\n\t\t>\n\t\t\t<div class=\"sow-tabs-title sow-tabs-title-icon-left\">\n\t\t\t\t\t\t\t\tSesi\u00f3n Informativa: Oportunidades de becas, estudio, programas Erasmus+\t\t\t\t\t\t\t<\/div>\n\t\t<\/div>\n\t\t\t<div\n\t\t\tclass=\"sow-tabs-tab\n\t\t\t\t\t\t\"\n\t\t\trole=\"tab\"\n\t\t\tdata-anchor-id=\"taller-disenando-futuros-desde-la-universidad-a-traves-de-la-cultura-de-paz\"\n\t\t\taria-selected=\"false\"\n\t\t\ttabindex=\"0\"\n\t\t>\n\t\t\t<div class=\"sow-tabs-title sow-tabs-title-icon-left\">\n\t\t\t\t\t\t\t\tTaller: \"Dise\u00f1ando futuros desde la Universidad a trav\u00e9s de la cultura de paz\"\t\t\t\t\t\t\t<\/div>\n\t\t<\/div>\n\t\t\t<div\n\t\t\tclass=\"sow-tabs-tab\n\t\t\t\t\t\t\"\n\t\t\trole=\"tab\"\n\t\t\tdata-anchor-id=\"laboratorio-de-innovacion-estudiantil-ideas-para-transformar-la-universidad-desde-el-aula\"\n\t\t\taria-selected=\"false\"\n\t\t\ttabindex=\"0\"\n\t\t>\n\t\t\t<div class=\"sow-tabs-title sow-tabs-title-icon-left\">\n\t\t\t\t\t\t\t\tLaboratorio de Innovaci\u00f3n Estudiantil: \u201cIdeas para transformar la universidad desde el aula\u201d\t\t\t\t\t\t\t<\/div>\n\t\t<\/div>\n\t\t<\/div>\n\n\t<div class=\"sow-tabs-panel-container\">\n\t\t\t<div class=\"sow-tabs-panel\">\n\t\t\t<div\n\t\t\t\tclass=\"sow-tabs-panel-content\"\n\t\t\t\trole=\"tabpanel\"\n\t\t\t\taria-hidden=\"false\"\n\t\t\t>\n\t\t\t\t<p style=\"text-align: justify\"><span style=\"font-size: 18px\"><em><span style=\"color: #000080\"><b><img loading=\"lazy\" decoding=\"async\" class=\"size-full wp-image-612 alignleft\" src=\"https:\/\/conferencia.anuies.mx\/wp-content\/uploads\/2025\/10\/Erasmus-ponentes.png\" alt=\"\" width=\"357\" height=\"601\" srcset=\"https:\/\/conferencia.anuies.mx\/wp-content\/uploads\/2025\/10\/Erasmus-ponentes.png 357w, https:\/\/conferencia.anuies.mx\/wp-content\/uploads\/2025\/10\/Erasmus-ponentes-178x300.png 178w, https:\/\/conferencia.anuies.mx\/wp-content\/uploads\/2025\/10\/Erasmus-ponentes-230x387.png 230w, https:\/\/conferencia.anuies.mx\/wp-content\/uploads\/2025\/10\/Erasmus-ponentes-350x589.png 350w\" sizes=\"auto, (max-width: 357px) 100vw, 357px\" \/>D\u00eda y hora:<\/b><\/span><\/em><span style=\"font-weight: 400\"> Martes 11 de noviembre, 10:00 - 11:00 Sesi\u00f3n hibrida.<\/span><\/span><\/p>\n<p style=\"text-align: justify\"><span style=\"color: #000080;font-size: 18px\"><b><i>Facilitadoras\u00a0<\/i><\/b><\/span><\/p>\n<p style=\"text-align: justify\"><span style=\"font-size: 18px\"><strong><a class=\"popmake-429 pum-trigger\">Martina Bo<\/a><\/strong>, Representante del Programa Erasmus+\/ESN para Am\u00e9rica Latina.\u00a0(En l\u00ednea)<\/span><br \/>\n<span style=\"font-size: 18px\"><strong><a class=\"popmake-455 pum-trigger\">Gabriela C\u00e1ceres<\/a><\/strong>, Jefa de Innovaci\u00f3n y Transferencia, Tecnol\u00f3gica de CEDIA y Punto Focal Nacional para los Programas ERASMUS en Ecuador.<\/span><\/p>\n<p style=\"text-align: justify\"><span style=\"color: #000080;font-size: 18px\"><b><i>Moderadora\u00a0<\/i><\/b><\/span><\/p>\n<p style=\"text-align: justify\"><span style=\"font-size: 18px\">Am\u00e9rica M. Liz\u00e1rraga Gonz\u00e1lez, Directora de Cooperaci\u00f3n Internacional de la ANUIES.<\/span><\/p>\n<p style=\"text-align: justify\"><span style=\"font-size: 18px\"><em><span style=\"color: #000080\"><b>Contexto<\/b><\/span><\/em><\/span><\/p>\n<p style=\"text-align: justify\"><span style=\"font-weight: 400;font-size: 18px\">En M\u00e9xico, el inter\u00e9s por participar en programas de intercambio acad\u00e9mico internacional ha crecido significativamente en los \u00faltimos a\u00f1os, atrayendo a diversos actores de la comunidad educativa que buscan fortalecer sus v\u00ednculos con el exterior y enriquecer sus perspectivas globales.\u00a0<\/span><\/p>\n<p style=\"text-align: justify\"><span style=\"font-weight: 400;font-size: 18px\">Particularmente, el programa Erasmus + es una de las iniciativas m\u00e1s grandes a nivel global para la movilidad internacional, la cooperaci\u00f3n acad\u00e9mica y el desarrollo de competencias. Es una propuesta de la Uni\u00f3n Europea para la realizaci\u00f3n de estudios, pr\u00e1cticas, intercambios y proyectos de colaboraci\u00f3n en diversos \u00e1mbitos educativos.\u00a0<\/span><\/p>\n<p style=\"text-align: justify\"><span style=\"font-weight: 400;font-size: 18px\">Para aumentar las probabilidades de \u00e9xito en cuesti\u00f3n de postulaciones a convocatorias de movilidad estudiantil e intercambio acad\u00e9mico, particularmente aquellas relacionadas con los programas Erasmus+, es necesario facilitar informaci\u00f3n a estudiantes, acad\u00e9micos e instituciones de educaci\u00f3n superior de los programas y oportunidades vigentes, profundizando en los beneficios, desaf\u00edos, requerimientos, procedimientos y recomendaciones de profesionistas en el tema.<\/span><\/p>\n<p style=\"text-align: justify\"><span style=\"font-size: 18px\"><em><span style=\"color: #000080\"><b>Objetivo<\/b><\/span><\/em><\/span><\/p>\n<p style=\"text-align: justify\"><span style=\"font-weight: 400;font-size: 18px\">Brindar un espacio de difusi\u00f3n sobre las oportunidades de becas y estudios en el extranjero para estudiantes de nivel superior entre las instituciones de educaci\u00f3n superior (IES) asociadas a la ANUIES, en el que se pueda conocer con mayor profundidad sobre el respectivo funcionamiento, procedimiento y las ventajas de realizar programas de movilidad estudiantil internacional, con el prop\u00f3sito de alentar la participaci\u00f3n de la comunidad educativa en el pa\u00eds.<\/span><\/p>\n<p>&nbsp;<\/p>\n\t\t\t<\/div>\n\t\t<\/div>\n\t\t\t<div class=\"sow-tabs-panel\">\n\t\t\t<div\n\t\t\t\tclass=\"sow-tabs-panel-content\"\n\t\t\t\trole=\"tabpanel\"\n\t\t\t\taria-hidden=\"true\"\n\t\t\t>\n\t\t\t\t<p style=\"text-align: justify\"><span style=\"font-size: 18px\"><em><span style=\"color: #000080\"><b><img loading=\"lazy\" decoding=\"async\" class=\"size-full wp-image-613 alignleft\" src=\"https:\/\/conferencia.anuies.mx\/wp-content\/uploads\/2025\/10\/pLAN-MEXICO.png\" alt=\"\" width=\"322\" height=\"595\" srcset=\"https:\/\/conferencia.anuies.mx\/wp-content\/uploads\/2025\/10\/pLAN-MEXICO.png 322w, https:\/\/conferencia.anuies.mx\/wp-content\/uploads\/2025\/10\/pLAN-MEXICO-162x300.png 162w, https:\/\/conferencia.anuies.mx\/wp-content\/uploads\/2025\/10\/pLAN-MEXICO-230x425.png 230w\" sizes=\"auto, (max-width: 322px) 100vw, 322px\" \/>D\u00eda y hora:<\/b><\/span><\/em><span style=\"font-weight: 400\"> Martes 11 de noviembre, 11:00 - 12:30 horas. Auditorio principal.<\/span><\/span><\/p>\n<p><span style=\"font-size: 18px\"><a class=\"popmake-474 pum-trigger\"><strong><em><span style=\"color: #000080\">Facilitadora<\/span><\/em><\/strong><\/a><\/span><\/p>\n<p><span style=\"font-size: 18px\"><strong><a class=\"popmake-474 pum-trigger\">Dra. Susana Aurelia Preciado Jim\u00e9nez<\/a><\/strong>, Coordinadora General de Docencia de la Universidad de Colima.<\/span><\/p>\n<p><span style=\"font-size: 18px\"><strong><em><span style=\"color: #000080\">Moderadora<\/span><\/em><\/strong><\/span><\/p>\n<p><span style=\"font-size: 18px\">Zamia Rodriguez Meneses, Oficina de Internacionalizaci\u00f3n de la Universidad de Colima.<\/span><\/p>\n<p style=\"text-align: justify\"><em><span style=\"font-size: 18px;color: #000080\"><b>Contexto<\/b><\/span><\/em><\/p>\n<p style=\"text-align: justify\"><span style=\"font-weight: 400;font-size: 18px\">Una de las herramientas m\u00e1s relevantes y quiz\u00e1 m\u00e1s infravaloradas es la imaginaci\u00f3n, la posibilidad de imaginar escenarios, contextos, condiciones, situaciones que posibiliten alcanzar los ideales humanos. Bajo estas ideas imaginar posibilidades de futuro para las universidades configura ejercicios de proyecci\u00f3n, de planeaci\u00f3n y de encuentro en los cuales se puede coincidir o diferir en cuanto a lo que se quiere para los lugares y espacios que se habitan, las comunidades de las cuales se forma parte como integrante, particularmente la universidad.\u00a0<\/span><\/p>\n<p style=\"text-align: justify\"><span style=\"font-size: 18px\"><span style=\"font-weight: 400\">En este sentido, proyectar nos remite al ejercicio colectivo y\/o personal de plantear posibilidades, alcances, prop\u00f3sitos; de considerar limitantes, amenazas, barreras y debilidades para superarlas, para fortalecer lo construido, <\/span><span style=\"font-weight: 400\">para fortalecer lo construido y consolidar uno varios caminos.<\/span><\/span><\/p>\n<p style=\"text-align: justify\"><em><span style=\"font-size: 18px;color: #000080\"><b>Objetivo<\/b><\/span><\/em><\/p>\n<p style=\"text-align: justify\"><span style=\"font-weight: 400;font-size: 18px\">Invitar a los estudiantes a imaginar c\u00f3mo deber\u00eda ser la educaci\u00f3n superior del futuro para responder a los desaf\u00edos globales y locales.<\/span><\/p>\n\t\t\t<\/div>\n\t\t<\/div>\n\t\t\t<div class=\"sow-tabs-panel\">\n\t\t\t<div\n\t\t\t\tclass=\"sow-tabs-panel-content\"\n\t\t\t\trole=\"tabpanel\"\n\t\t\t\taria-hidden=\"true\"\n\t\t\t>\n\t\t\t\t<p style=\"text-align: justify\"><span style=\"font-size: 18px\"><strong><em><span style=\"color: #000080\"><img loading=\"lazy\" decoding=\"async\" class=\" wp-image-615 alignleft\" src=\"https:\/\/conferencia.anuies.mx\/wp-content\/uploads\/2025\/10\/laboratorio.png\" alt=\"\" width=\"334\" height=\"570\" srcset=\"https:\/\/conferencia.anuies.mx\/wp-content\/uploads\/2025\/10\/laboratorio.png 350w, https:\/\/conferencia.anuies.mx\/wp-content\/uploads\/2025\/10\/laboratorio-176x300.png 176w, https:\/\/conferencia.anuies.mx\/wp-content\/uploads\/2025\/10\/laboratorio-230x393.png 230w\" sizes=\"auto, (max-width: 334px) 100vw, 334px\" \/>D\u00eda y hora: <\/span><\/em><\/strong><span style=\"color: #000000\">martes 11 de noviembre,\u00a0 12:30 \u2013 14:00. Auditorio principal. Sesi\u00f3n h\u00edbrida.<\/span><\/span><\/p>\n<p><span style=\"color: #000080;font-size: 18px\"><strong><em>Facilitadores<\/em><\/strong><\/span><\/p>\n<p><span style=\"font-size: 18px\"><a class=\"popmake-478 pum-trigger\"><strong>Dra. Krishna Guzm\u00e1n Benavides<\/strong>, <\/a>Directora de Innovaci\u00f3n y cultura emprendedora en la Universidad de Colima.<\/span><br \/>\n<span style=\"font-size: 18px\"><strong><a class=\"popmake-488 pum-trigger\">Mtro. Mois\u00e9s Alejandro Guti\u00e9rrez<\/a><\/strong>, Profesor y orientador educativo en la Universidad de Colima.<\/span><\/p>\n<p><span style=\"font-size: 18px\"><a class=\"popmake-484 pum-trigger\"><strong><em>Moderadora:\u00a0<\/em><\/strong>Mtra. Cindy Carolina Palomares<\/a>, Equipo de Innovaci\u00f3n y Cultura emprendedora en la Universidad de Colima.<\/span><\/p>\n<p style=\"text-align: justify\"><span style=\"font-size: 18px\"><strong><em><span style=\"color: #000080\">Objetivo<\/span><\/em><\/strong><\/span><\/p>\n<p style=\"text-align: justify\"><span style=\"font-size: 18px\">Fomentar el desarrollo de ideas innovadoras que impulsen soluciones de alto impacto orientadas a <\/span><span style=\"font-size: 18px\">transformar la Universidad de Colima desde el aula.<\/span><\/p>\n<p><span style=\"font-size: 18px\"><strong><span style=\"color: #000080\">Dirigido a<\/span><\/strong><\/span><\/p>\n<p style=\"text-align: justify\"><span style=\"font-size: 18px\">Estudiantes (No se limita la participaci\u00f3n a otros asistentes interesados).<\/span><\/p>\n\t\t\t<\/div>\n\t\t<\/div>\n\t\t<\/div>\n<\/div>\n<\/div><\/div><\/div><div id=\"panel-597-0-0-1\" class=\"so-panel widget widget_sow-tabs\" data-index=\"1\" ><div style=\"text-align: left;\" data-title-color=\"#443f3f\" data-headings-color=\"#443f3f\" class=\"panel-widget-style panel-widget-style-for-597-0-0-1\" ><div\n\t\t\t\n\t\t\tclass=\"so-widget-sow-tabs so-widget-sow-tabs-default-8c6bfe3abdc7-597\"\n\t\t\t\n\t\t><h3 class=\"widget-title\">Mi\u00e9rcoles 12 de noviembre<\/h3><div class=\"sow-tabs\">\n\t<div class=\"sow-tabs-tab-container\" role=\"tablist\">\n\t\t\t<div\n\t\t\tclass=\"sow-tabs-tab\n\t\t\t sow-tabs-tab-selected\t\t\t\"\n\t\t\trole=\"tab\"\n\t\t\tdata-anchor-id=\"panel-inaugural-mas-alla-del-titulo-la-flexibilizacion-de-la-educacion-superior-a-traves-de-microcredenciales\"\n\t\t\taria-selected=\"true\"\n\t\t\ttabindex=\"0\"\n\t\t>\n\t\t\t<div class=\"sow-tabs-title sow-tabs-title-icon-left\">\n\t\t\t\t\t\t\t\tPanel inaugural: \"M\u00e1s All\u00e1 del T\u00edtulo: La Flexibilizaci\u00f3n de la Educaci\u00f3n Superior a trav\u00e9s de Microcredenciales\"\t\t\t\t\t\t\t<\/div>\n\t\t<\/div>\n\t\t\t<div\n\t\t\tclass=\"sow-tabs-tab\n\t\t\t\t\t\t\"\n\t\t\trole=\"tab\"\n\t\t\tdata-anchor-id=\"panel-plan-mexico-desafios-y-oportunidades-para-la-educacion-superior\"\n\t\t\taria-selected=\"false\"\n\t\t\ttabindex=\"0\"\n\t\t>\n\t\t\t<div class=\"sow-tabs-title sow-tabs-title-icon-left\">\n\t\t\t\t\t\t\t\tPanel: \"Plan M\u00e9xico: desaf\u00edos y oportunidades para la educaci\u00f3n superior\"\t\t\t\t\t\t\t<\/div>\n\t\t<\/div>\n\t\t\t<div\n\t\t\tclass=\"sow-tabs-tab\n\t\t\t\t\t\t\"\n\t\t\trole=\"tab\"\n\t\t\tdata-anchor-id=\"panel-juventud-que-innova-experiencias-que-abren-caminos\"\n\t\t\taria-selected=\"false\"\n\t\t\ttabindex=\"0\"\n\t\t>\n\t\t\t<div class=\"sow-tabs-title sow-tabs-title-icon-left\">\n\t\t\t\t\t\t\t\tPanel: Juventud que innova: experiencias que abren caminos\t\t\t\t\t\t\t<\/div>\n\t\t<\/div>\n\t\t\t<div\n\t\t\tclass=\"sow-tabs-tab\n\t\t\t\t\t\t\"\n\t\t\trole=\"tab\"\n\t\t\tdata-anchor-id=\"conferencia-del-conocimiento-a-la-transferencia-el-modelo-cedia-como-catalizador-de-la-triple-helice\"\n\t\t\taria-selected=\"false\"\n\t\t\ttabindex=\"0\"\n\t\t>\n\t\t\t<div class=\"sow-tabs-title sow-tabs-title-icon-left\">\n\t\t\t\t\t\t\t\tConferencia: \"Del conocimiento a la transferencia: el modelo CEDIA como catalizador de la Triple H\u00e9lice\"\t\t\t\t\t\t\t<\/div>\n\t\t<\/div>\n\t\t<\/div>\n\n\t<div class=\"sow-tabs-panel-container\">\n\t\t\t<div class=\"sow-tabs-panel\">\n\t\t\t<div\n\t\t\t\tclass=\"sow-tabs-panel-content\"\n\t\t\t\trole=\"tabpanel\"\n\t\t\t\taria-hidden=\"false\"\n\t\t\t>\n\t\t\t\t<p style=\"text-align: justify\"><span style=\"font-size: 18px\"><span style=\"color: #000080\"><em><b>D\u00eda y hora:<\/b><\/em><\/span><span style=\"font-weight: 400\"> mi\u00e9rcoles 12 de noviembre, 12:30 a 13:30hrs.\u00a0<\/span><\/span><\/p>\n<p style=\"text-align: justify\"><em><strong><span style=\"font-size: 18px;color: #000080\">Panelistas invitados<\/span><\/strong><\/em><\/p>\n<ul style=\"text-align: justify\">\n<li style=\"font-weight: 400\"><span style=\"font-size: 18px\"><b>Dr. Carlos Iv\u00e1n<em><strong><span style=\"font-size: 18px;color: #000080\"> (por confirmar)<\/span><\/strong><\/em>, <\/b><span style=\"font-weight: 400\">Director General de Educaci\u00f3n Superior y Universitaria, Secretar\u00eda de Educaci\u00f3n P\u00fablica.<\/span><\/span><\/li>\n<li style=\"font-weight: 400\"><span style=\"font-size: 18px\"><b>Israel Jer\u00f3nimo L\u00f3pez<em><strong><span style=\"font-size: 18px;color: #000080\"> (por confirmar)<\/span><\/strong><\/em>,\u00a0 <\/b><span style=\"font-weight: 400\">Director de Autorizaci\u00f3n y Registro Profesional, Secretar\u00eda de Educaci\u00f3n P\u00fablica<\/span><\/span><\/li>\n<li style=\"font-weight: 400\"><span style=\"font-size: 18px\"><span style=\"font-weight: 400\"><strong><a class=\"popmake-770 pum-trigger\">Carlos Guillermo Elizondo Ancer<\/a><\/strong>, Director General de Territorium, empresa mexicana pionera en billeteras digitales y LERs con m\u00e1s de 300 implementaciones en EUA.<\/span><\/span><\/li>\n<\/ul>\n<p style=\"text-align: justify\"><span style=\"font-size: 18px\"><strong><em><span style=\"color: #000080\">Moderador<\/span><\/em><\/strong><\/span><\/p>\n<p style=\"text-align: justify\"><span style=\"font-size: 18px\"><strong>\u00a0<\/strong>Luis Alberto Fierro Ram\u00edrez, Coordinador General de Fortalecimiento Acad\u00e9mico e Institucional de la ANUIES.<\/span><\/p>\n<p style=\"text-align: justify\"><em><span style=\"font-size: 18px;color: #000080\"><b>Contexto<\/b><\/span><\/em><\/p>\n<p style=\"text-align: justify\"><span style=\"font-weight: 400;font-size: 18px\">La educaci\u00f3n superior avanza hacia un modelo m\u00e1s flexible, donde los aprendizajes adquiridos a lo largo de la vida pueden acumularse (\u201capilarse\u201d) en forma de microcredenciales y convertirse progresivamente en cr\u00e9ditos universitarios que conduzcan a la obtenci\u00f3n de un t\u00edtulo formal. A nivel global, diversas universidades ya reconocen microcredenciales por cr\u00e9ditos acad\u00e9micos, acelerando la titulaci\u00f3n y generando beneficios concretos como mayor empleabilidad, ahorro de tiempo y reducci\u00f3n de costos educativos.<\/span><\/p>\n<p style=\"text-align: justify\"><span style=\"font-weight: 400;font-size: 18px\">Este nuevo enfoque redefine la trayectoria del estudiante en un recorrido continuo, din\u00e1mico y orientado a resultados, donde cada microcredencial representa un avance verificable dentro del Marco Nacional de Cualificaciones, articulando la educaci\u00f3n formal, la capacitaci\u00f3n y la experiencia laboral.<\/span><\/p>\n<p style=\"text-align: justify\"><span style=\"font-weight: 400;font-size: 18px\">Para alcanzar esta visi\u00f3n, M\u00e9xico requiere una infraestructura nacional interoperable, sustentada en billeteras digitales y credenciales verificables bajo est\u00e1ndares internacionales como el Learning and Employment Record (LER). Esta infraestructura permitir\u00e1 transferir cr\u00e9ditos entre universidades, garantizar la verificabilidad de los aprendizajes, y fortalecer la Constancia de Situaci\u00f3n Profesional emitida por la SEP al incorporar microcredenciales actualizables en tiempo real.<\/span><\/p>\n<p style=\"text-align: justify\"><span style=\"font-weight: 400;font-size: 18px\">El panel presentar\u00e1 casos de \u00e9xito de Territorium \u2014empresa que ya opera con m\u00e1s de 300 universidades en Estados Unidos\u2014 y analizar\u00e1 el potencial de M\u00e9xico para desarrollar un proyecto nacional que impulse la formaci\u00f3n acelerada de talento alineado con las necesidades del mercado laboral y con los objetivos del Plan M\u00e9xico, orientado a fortalecer la competitividad y atraer inversi\u00f3n a trav\u00e9s del capital humano.<\/span><\/p>\n<p style=\"text-align: justify\"><span style=\"color: #000080\"><em><span style=\"font-size: 18px\"><b>Objetivo<\/b><\/span><\/em><\/span><\/p>\n<p style=\"text-align: justify\"><span style=\"font-weight: 400;font-size: 18px\">Analizar el enfoque de Microcredenciales y su papel en la educaci\u00f3n superior, de modo que se realicen consideraciones en torno a sus posibles implementaciones y aplicaciones en t\u00e9rminos de las condiciones y estructura en el contexto de las instituciones en M\u00e9xico.\u00a0<\/span><\/p>\n\t\t\t<\/div>\n\t\t<\/div>\n\t\t\t<div class=\"sow-tabs-panel\">\n\t\t\t<div\n\t\t\t\tclass=\"sow-tabs-panel-content\"\n\t\t\t\trole=\"tabpanel\"\n\t\t\t\taria-hidden=\"true\"\n\t\t\t>\n\t\t\t\t<p style=\"text-align: justify\"><span style=\"font-size: 18px\"><em><span style=\"color: #000080\"><b><img loading=\"lazy\" decoding=\"async\" class=\"size-full wp-image-858 alignleft\" src=\"https:\/\/conferencia.anuies.mx\/wp-content\/uploads\/2025\/11\/Plan-mexico2.png\" alt=\"\" width=\"321\" height=\"583\" srcset=\"https:\/\/conferencia.anuies.mx\/wp-content\/uploads\/2025\/11\/Plan-mexico2.png 321w, https:\/\/conferencia.anuies.mx\/wp-content\/uploads\/2025\/11\/Plan-mexico2-165x300.png 165w, https:\/\/conferencia.anuies.mx\/wp-content\/uploads\/2025\/11\/Plan-mexico2-230x418.png 230w\" sizes=\"auto, (max-width: 321px) 100vw, 321px\" \/>D\u00eda y hora:<\/b><\/span><\/em><span style=\"font-weight: 400\"> Mi\u00e9rcoles 12 de noviembre, 12:30 - 13:30\u00a0<\/span><\/span><\/p>\n<p style=\"text-align: justify\"><span style=\"color: #000080;font-size: 18px\"><strong><em>Panelistas<\/em><\/strong><\/span><\/p>\n<p style=\"text-align: justify\"><span style=\"font-size: 18px\"><strong><a class=\"popmake-701 pum-trigger\">Graciela B\u00e1ez Ric\u00e1rdez<\/a>,<\/strong> Directora General de Cooperaci\u00f3n y Vinculaci\u00f3n Educativa de la SEP.<\/span><br \/>\n<span style=\"font-size: 18px\"><strong><a class=\"popmake-519 pum-trigger\">Gaudencio Lucas Bravo<\/a>,<\/strong> Secretario Acad\u00e9mico y de Innovaci\u00f3n Tecnol\u00f3gica del TecNM.<\/span><br \/>\n<span style=\"font-size: 18px\"><strong><a class=\"popmake-697 pum-trigger\">Julio C\u00e9sar Leyva Ruiz<\/a><\/strong>, Director General de Educaci\u00f3n Superior para el Magisterio.<\/span><\/p>\n<p style=\"text-align: justify\"><span style=\"font-size: 18px;color: #000080\"><b><i>Moderador<\/i><\/b><\/span><\/p>\n<p style=\"text-align: justify\"><span style=\"font-weight: 400;font-size: 18px\"><strong>Christian Jorge Torres Ortiz Zerme\u00f1o<\/strong>. Rector de la Universidad de Colima.<\/span><\/p>\n<p style=\"text-align: justify\"><em><span style=\"font-size: 18px;color: #000080\"><b>Contexto<\/b><\/span><\/em><\/p>\n<p style=\"text-align: justify\"><span style=\"font-weight: 400;font-size: 18px\">Aunque la educaci\u00f3n ha sido siempre un pilar en el desarrollo del pa\u00eds, recientemente en el Plan M\u00e9xico se ha reforzado su importancia como eje transformador de la realidad mexicana. Expl\u00edcitamente, esta estrategia propone ampliar el acceso a la educaci\u00f3n media superior y superior y vincularla con los dem\u00e1s objetivos del plan como son la generaci\u00f3n de empleos bien remunerados y el fortalecimiento del desarrollo cient\u00edfico, tecnol\u00f3gico y la innovaci\u00f3n.<\/span><\/p>\n<p style=\"text-align: justify\"><span style=\"font-weight: 400;font-size: 18px\">Adaptar la oferta educativa a la misi\u00f3n del Plan M\u00e9xico supone un esfuerzo colectivo para responder a las necesidades actuales del pa\u00eds. Por ello, resulta fundamental que entre instituciones de educaci\u00f3n superior, sectores productivos e instancias gubernamentales se creen espacios de reflexi\u00f3n, donde se analicen y propongan respuestas que contribuyan a la transformaci\u00f3n tal lo previsto en el Plan M\u00e9xico.<\/span><\/p>\n<p style=\"text-align: justify\"><em><span style=\"font-size: 18px;color: #000080\"><b>Objetivo<\/b><\/span><\/em><\/p>\n<p style=\"text-align: justify\"><span style=\"font-weight: 400;font-size: 18px\">Discutir las oportunidades y desaf\u00edos de la educaci\u00f3n superior en el contexto de la implementaci\u00f3n, evoluci\u00f3n y proyecciones del Plan M\u00e9xico como estrategia nacional para el desarrollo del pa\u00eds a largo plazo. Lo anterior con el prop\u00f3sito de reconocer las \u00e1reas de mejora del sector educativo en el pa\u00eds, proponer soluciones concretas a dichas problem\u00e1ticas y fomentar mejores condiciones laborales, econ\u00f3micas y sociales en el marco del PND de este sexenio.<\/span><\/p>\n\t\t\t<\/div>\n\t\t<\/div>\n\t\t\t<div class=\"sow-tabs-panel\">\n\t\t\t<div\n\t\t\t\tclass=\"sow-tabs-panel-content\"\n\t\t\t\trole=\"tabpanel\"\n\t\t\t\taria-hidden=\"true\"\n\t\t\t>\n\t\t\t\t<p style=\"text-align: justify\"><span style=\"font-size: 18px;color: #000080\"><b><em><img loading=\"lazy\" decoding=\"async\" class=\"size-full wp-image-864 alignleft\" src=\"https:\/\/conferencia.anuies.mx\/wp-content\/uploads\/2025\/11\/panel-juventudes5.png\" alt=\"\" width=\"425\" height=\"594\" srcset=\"https:\/\/conferencia.anuies.mx\/wp-content\/uploads\/2025\/11\/panel-juventudes5.png 425w, https:\/\/conferencia.anuies.mx\/wp-content\/uploads\/2025\/11\/panel-juventudes5-215x300.png 215w, https:\/\/conferencia.anuies.mx\/wp-content\/uploads\/2025\/11\/panel-juventudes5-230x321.png 230w, https:\/\/conferencia.anuies.mx\/wp-content\/uploads\/2025\/11\/panel-juventudes5-350x489.png 350w\" sizes=\"auto, (max-width: 425px) 100vw, 425px\" \/>Fecha y lugar:<\/em> <\/b><\/span><span style=\"font-size: 18px\">12 de noviembre, 16:15- 18:15 horas.<\/span><\/p>\n<p style=\"text-align: justify\"><span style=\"font-size: 18px\">Centro de convenciones universitario, Manzanillo.<\/span><\/p>\n<p style=\"text-align: justify\"><span style=\"font-size: 18px\">Enfocado en j\u00f3venes innovadores participantes del <strong>Mirai Innovation Research Institute en Jap\u00f3n<\/strong>. Se compartir\u00e1n experiencias que abren nuevos caminos e inspiran.<\/span><\/p>\n<p style=\"text-align: justify\"><em><span style=\"font-size: 18px;color: #000080\"><b>Participantes<\/b><\/span><\/em><\/p>\n<p><span style=\"font-size: 18px\"><strong><a class=\"popmake-581 pum-trigger\">Valeria Fernanda Cobian Puente<\/a><\/strong>, Estudiante de la Universidad de Colima.<\/span><br \/>\n<span style=\"font-size: 18px\"><strong><a class=\"popmake-583 pum-trigger\">Joel Adri\u00e1n Garc\u00eda Bravo<\/a><\/strong>, Estudiante de la Universidad de Colima.<\/span><br \/>\n<span style=\"font-size: 18px\"><strong><a class=\"popmake-585 pum-trigger\">Yahir Jes\u00fas Acevedo Mart\u00ednez<\/a><\/strong>, Estudiante de la Universidad de Colima.<\/span><br \/>\n<span style=\"font-size: 18px\"><strong><a class=\"popmake-744 pum-trigger\">Ana Luc\u00eda Ba\u00f1uelos Aguilar<\/a><\/strong>, Estudiante de la Universidad Aut\u00f3noma de Nayarit.<\/span><\/p>\n<p style=\"text-align: justify\"><em><span style=\"font-size: 18px;color: #000080\"><b>Moderador<\/b><\/span><\/em><\/p>\n<p style=\"text-align: justify\"><b> <\/b><span style=\"font-size: 18px\"><strong>Dr. Gerardo Emmanuel C\u00e1rdenas Villa, <\/strong>Coordinador General de Tecnolog\u00edas de Informaci\u00f3n de la Universidad de Colima.<\/span><\/p>\n<h1 style=\"text-align: justify\"><em><span style=\"font-size: 18px;color: #000080\"><b>Objetivos\u00a0<\/b><\/span><\/em><\/h1>\n<h1 style=\"text-align: justify\"><span style=\"font-size: 18px\"><strong>Mostrar logros: <\/strong>Resaltar sus aportes en investigaci\u00f3n, innovaci\u00f3n y emprendimiento.<\/span><\/h1>\n<p style=\"text-align: justify\"><span style=\"font-size: 18px\"><strong>Compartir aprendizajes: <\/strong>Transmitir las lecciones que han adquirido en su trayectoria.<\/span><\/p>\n<p style=\"text-align: justify\"><span style=\"font-size: 18px\"><strong>Inspirar: <\/strong>Motivar a otras personas a explorar nuevas oportunidades.<\/span><\/p>\n\t\t\t<\/div>\n\t\t<\/div>\n\t\t\t<div class=\"sow-tabs-panel\">\n\t\t\t<div\n\t\t\t\tclass=\"sow-tabs-panel-content\"\n\t\t\t\trole=\"tabpanel\"\n\t\t\t\taria-hidden=\"true\"\n\t\t\t>\n\t\t\t\t<p style=\"text-align: justify\"><span style=\"color: #000080\"><em><b><img loading=\"lazy\" decoding=\"async\" class=\"size-full wp-image-608 alignleft\" src=\"https:\/\/conferencia.anuies.mx\/wp-content\/uploads\/2025\/10\/Carvallo.png\" alt=\"\" width=\"299\" height=\"594\" srcset=\"https:\/\/conferencia.anuies.mx\/wp-content\/uploads\/2025\/10\/Carvallo.png 299w, https:\/\/conferencia.anuies.mx\/wp-content\/uploads\/2025\/10\/Carvallo-151x300.png 151w, https:\/\/conferencia.anuies.mx\/wp-content\/uploads\/2025\/10\/Carvallo-230x457.png 230w\" sizes=\"auto, (max-width: 299px) 100vw, 299px\" \/><span style=\"font-size: 18px\">D\u00eda y hora:<\/span><\/b><\/em><\/span><span style=\"font-weight: 400;font-size: 18px\"> mi\u00e9rcoles 12 de noviembre, 18:30 \u2013 19:30 hrs.\u00a0<\/span><\/p>\n<p style=\"text-align: justify\"><span style=\"color: #000080;font-size: 18px\"><b><i>Presentador<\/i><\/b><\/span><\/p>\n<p style=\"text-align: justify\"><span style=\"font-weight: 400;font-size: 18px\"><strong>Juan Pablo Carvallo<\/strong>, Director Ejecutivo de CEDIA.<\/span><\/p>\n<p style=\"text-align: justify\"><span style=\"font-size: 18px\"><em><span style=\"color: #000080\"><b>Contexto<\/b><\/span><\/em><\/span><\/p>\n<p style=\"text-align: justify\"><span style=\"font-weight: 400;font-size: 18px\">El fortalecimiento de capacidades en profesionistas es una de las necesidades prioritarias en M\u00e9xico y el mundo. Los estudiantes de educaci\u00f3n superior, a la v\u00edspera de integrarse en el sector laboral, demandan por oportunidades que vinculen sus respectivas industrias con el \u00e1mbito acad\u00e9mico pues de ellas deviene el desarrollo de capacidades laborales, adquisici\u00f3n de experiencia, ofertas de trabajo y otros beneficios para su formaci\u00f3n profesional.\u00a0<\/span><\/p>\n<p style=\"text-align: justify\"><span style=\"font-weight: 400;font-size: 18px\">Es por ello que brindar espacios de discusi\u00f3n entre acad\u00e9micos y personas del sector productivo resulta \u00fatil para conocer el panorama, desaf\u00edos y oportunidades de acuerdo con las perspectivas tanto de la industria como de la academia. Se espera que a partir de este di\u00e1logo se generen l\u00edneas de trabajo conjunto, que permitan que la complementaci\u00f3n de ambos sectores se refuerce y permita un mayor crecimiento econ\u00f3mico y social.\u00a0<\/span><\/p>\n<p style=\"text-align: justify\"><span style=\"font-size: 18px\"><em><span style=\"color: #000080\"><b>Objetivo<\/b><\/span><\/em><\/span><\/p>\n<p style=\"text-align: justify\"><span style=\"font-weight: 400;font-size: 18px\">Explorar la vinculaci\u00f3n entre la educaci\u00f3n superior y la industria, con el fin de reconocer su importancia y generar iniciativas concretas que potencien la conexi\u00f3n entre ambos sectores.\u00a0<\/span><\/p>\n\t\t\t<\/div>\n\t\t<\/div>\n\t\t<\/div>\n<\/div>\n<\/div><\/div><\/div><div id=\"panel-597-0-0-2\" class=\"so-panel widget widget_sow-tabs panel-last-child\" data-index=\"2\" ><div style=\"text-align: left;\" data-title-color=\"#443f3f\" data-headings-color=\"#443f3f\" class=\"panel-widget-style panel-widget-style-for-597-0-0-2\" ><div\n\t\t\t\n\t\t\tclass=\"so-widget-sow-tabs so-widget-sow-tabs-default-8c6bfe3abdc7-597\"\n\t\t\t\n\t\t><h3 class=\"widget-title\">Jueves 13 de noviembre<\/h3><div class=\"sow-tabs\">\n\t<div class=\"sow-tabs-tab-container\" role=\"tablist\">\n\t\t\t<div\n\t\t\tclass=\"sow-tabs-tab\n\t\t\t sow-tabs-tab-selected\t\t\t\"\n\t\t\trole=\"tab\"\n\t\t\tdata-anchor-id=\"conferencia-formacion-dual-e-innovacion-educativa-convergencia-entre-el-aula-y-la-industria\"\n\t\t\taria-selected=\"true\"\n\t\t\ttabindex=\"0\"\n\t\t>\n\t\t\t<div class=\"sow-tabs-title sow-tabs-title-icon-left\">\n\t\t\t\t\t\t\t\tConferencia:\u00a0\"Formaci\u00f3n dual e innovaci\u00f3n educativa: convergencia entre el aula y la industria\"\t\t\t\t\t\t\t<\/div>\n\t\t<\/div>\n\t\t\t<div\n\t\t\tclass=\"sow-tabs-tab\n\t\t\t\t\t\t\"\n\t\t\trole=\"tab\"\n\t\t\tdata-anchor-id=\"panel-innovacion-colaborativa-educacion-superior-y-su-rol-en-un-ecosistema-interconectado\"\n\t\t\taria-selected=\"false\"\n\t\t\ttabindex=\"0\"\n\t\t>\n\t\t\t<div class=\"sow-tabs-title sow-tabs-title-icon-left\">\n\t\t\t\t\t\t\t\tPanel: \"Innovaci\u00f3n Colaborativa: Educaci\u00f3n Superior y su Rol en un Ecosistema Interconectado\"\t\t\t\t\t\t\t<\/div>\n\t\t<\/div>\n\t\t\t<div\n\t\t\tclass=\"sow-tabs-tab\n\t\t\t\t\t\t\"\n\t\t\trole=\"tab\"\n\t\t\tdata-anchor-id=\"conferencia-de-la-investigacion-a-la-innovacion-estrategias-para-fortalecer-la-idi-en-las-universidades-latinoamericanas\"\n\t\t\taria-selected=\"false\"\n\t\t\ttabindex=\"0\"\n\t\t>\n\t\t\t<div class=\"sow-tabs-title sow-tabs-title-icon-left\">\n\t\t\t\t\t\t\t\tConferencia: \"De la investigaci\u00f3n a la innovaci\u00f3n: estrategias para fortalecer la I+D+i en las universidades latinoamericanas\"\t\t\t\t\t\t\t<\/div>\n\t\t<\/div>\n\t\t<\/div>\n\n\t<div class=\"sow-tabs-panel-container\">\n\t\t\t<div class=\"sow-tabs-panel\">\n\t\t\t<div\n\t\t\t\tclass=\"sow-tabs-panel-content\"\n\t\t\t\trole=\"tabpanel\"\n\t\t\t\taria-hidden=\"false\"\n\t\t\t>\n\t\t\t\t<p><span style=\"font-size: 18px\"><em><span style=\"color: #000080\"><b><img loading=\"lazy\" decoding=\"async\" class=\"size-full wp-image-622 alignleft\" src=\"https:\/\/conferencia.anuies.mx\/wp-content\/uploads\/2025\/10\/formacion-dual.png\" alt=\"\" width=\"237\" height=\"598\" srcset=\"https:\/\/conferencia.anuies.mx\/wp-content\/uploads\/2025\/10\/formacion-dual.png 237w, https:\/\/conferencia.anuies.mx\/wp-content\/uploads\/2025\/10\/formacion-dual-119x300.png 119w, https:\/\/conferencia.anuies.mx\/wp-content\/uploads\/2025\/10\/formacion-dual-230x580.png 230w\" sizes=\"auto, (max-width: 237px) 100vw, 237px\" \/>D\u00eda y hora:<\/b><\/span><\/em><span style=\"font-weight: 400\"> jueves 13 de noviembre, 10:00 \u2013 11:00. Aula 4.<\/span><\/span><\/p>\n<p><span style=\"color: #000080\"><em><span style=\"font-size: 18px\"><strong>Presentador<\/strong><\/span><\/em><\/span><\/p>\n<p><span style=\"font-size: 18px\"><a class=\"popmake-503 pum-trigger\">Christop Hansert<\/a>, Director de la Oficina Regional para M\u00e9xico, Am\u00e9rica Central y el Caribe, DAA.<\/span><\/p>\n<p style=\"text-align: justify\"><em><span style=\"font-size: 18px;color: #000080\"><b>Contexto\u00a0<\/b><\/span><\/em><\/p>\n<p style=\"text-align: justify\"><span style=\"font-weight: 400;font-size: 18px\">El mundo se mantiene en constante cambio, actualmente, Industria y Academia han tenido que responder a un entorno emergente caracterizado por la automatizaci\u00f3n, la digitalizaci\u00f3n y la r\u00e1pida evoluci\u00f3n tecnol\u00f3gica. En este proceso, las iniciativas para la formaci\u00f3n dual e innovaci\u00f3n educativa combinan la experiencia de ambos sectores rec\u00edprocamente, tanto las empresas aportan informaci\u00f3n actual sobre tendencias, procesos y necesidades del mercado, como las instituciones educativas contribuyen con investigaci\u00f3n, innovaci\u00f3n y talento.\u00a0<\/span><\/p>\n<p style=\"text-align: justify\"><span style=\"font-weight: 400;font-size: 18px\">Discutir sobre estas herramientas es esencial para el fortalecimiento de competencias dentro del aula y de la industria pues impulsa a la creaci\u00f3n de ecosistemas colaborativos m\u00e1s flexibles, adaptativos y alineados con la transformaci\u00f3n del entorno productivo y social del pa\u00eds.\u00a0<\/span><\/p>\n<p style=\"text-align: justify\"><em><span style=\"font-size: 18px;color: #000080\"><b>Objetivo<\/b><\/span><\/em><\/p>\n<p style=\"text-align: justify\"><span style=\"font-weight: 400;font-size: 18px\">Explorar la aplicaci\u00f3n, desaf\u00edos y \u00e1reas de oportunidad de programas de formaci\u00f3n dual e innovaci\u00f3n educativa en el pa\u00eds y a nivel global, para poder generar iniciativas concretas entre industria e instituciones de educaci\u00f3n superior que permitan a estudiantes de nivel superior incrementar sus capacidades productivas. <\/span><\/p>\n\t\t\t<\/div>\n\t\t<\/div>\n\t\t\t<div class=\"sow-tabs-panel\">\n\t\t\t<div\n\t\t\t\tclass=\"sow-tabs-panel-content\"\n\t\t\t\trole=\"tabpanel\"\n\t\t\t\taria-hidden=\"true\"\n\t\t\t>\n\t\t\t\t<p><span style=\"font-size: 18px\"><em><span style=\"color: #000080\"><b><img loading=\"lazy\" decoding=\"async\" class=\"size-full wp-image-866 alignleft\" src=\"https:\/\/conferencia.anuies.mx\/wp-content\/uploads\/2025\/11\/panel-innovacion.png\" alt=\"\" width=\"389\" height=\"586\" srcset=\"https:\/\/conferencia.anuies.mx\/wp-content\/uploads\/2025\/11\/panel-innovacion.png 389w, https:\/\/conferencia.anuies.mx\/wp-content\/uploads\/2025\/11\/panel-innovacion-199x300.png 199w, https:\/\/conferencia.anuies.mx\/wp-content\/uploads\/2025\/11\/panel-innovacion-230x346.png 230w, https:\/\/conferencia.anuies.mx\/wp-content\/uploads\/2025\/11\/panel-innovacion-350x527.png 350w\" sizes=\"auto, (max-width: 389px) 100vw, 389px\" \/>Fecha<\/b><b>:<\/b><\/span><\/em><span style=\"font-weight: 400\"> 13 de noviembre, 11:00 -12:30 hrs. Aula 4. Sesi\u00f3n h\u00edbrida<\/span><\/span><\/p>\n<p><em><span style=\"font-size: 18px;color: #000080\"><strong>Panelistas<\/strong><\/span><\/em><\/p>\n<p><span style=\"font-size: 18px\"><strong><a class=\"popmake-704 pum-trigger\">Isabella Dufour<\/a>,<\/strong> Subdirectora de Asuntos Internacionales de IMT-Albi (Francia).<\/span><br \/>\n<span style=\"font-size: 18px\"><strong><a class=\"popmake-709 pum-trigger\">Salom\u00f3n Amkie<\/a>,<\/strong> Director de Relaciones Institucionales de Santander Universidades (M\u00e9xico).<\/span><br \/>\n<span style=\"font-size: 18px\"><a class=\"popmake-719 pum-trigger\"><strong>Alia Imtoual,<\/strong>\u00a0<\/a>Consejera (Educaci\u00f3n e Investigaci\u00f3n) de la Embajada de Australia (Australia).\u00a0(En l\u00ednea)<\/span><br \/>\n<span style=\"font-size: 18px\"><a class=\"popmake-723 pum-trigger\"><strong>Renato Balderrama<\/strong>,\u00a0<\/a>Profesor investigador del CIDE y Director del Observatorio Iberoamericano de Industrias Creativas de Corea(M\u00e9xico).<\/span><\/p>\n<p><span style=\"font-size: 18px\"><strong>Moderador:\u00a0<\/strong>Cesar Eduardo Guti\u00e9rrez Jurado, Director Ejecutivo de Fortalecimiento Institucional de la ANUIES.<\/span><\/p>\n<p><span style=\"font-size: 18px;color: #000080\"><b>Descripci\u00f3n general<\/b><\/span><\/p>\n<p style=\"text-align: justify\"><span style=\"font-weight: 400;font-size: 18px\">El panel propone un di\u00e1logo multisectorial sobre el papel de la educaci\u00f3n superior como catalizador de innovaci\u00f3n y desarrollo sostenible en un entorno global interconectado. Desde las perspectivas acad\u00e9mica, financiera, gubernamental y social, se analizar\u00e1n estrategias y experiencias que promueven la colaboraci\u00f3n efectiva entre instituciones de educaci\u00f3n superior, centros de investigaci\u00f3n y actores clave del ecosistema de innovaci\u00f3n.<\/span><\/p>\n<p><span style=\"font-size: 18px;color: #000080\"><b>Objetivos<\/b><\/span><\/p>\n<ul>\n<li style=\"font-weight: 400;text-align: justify\"><span style=\"font-weight: 400;font-size: 18px\">Reflexionar sobre c\u00f3mo la educaci\u00f3n superior puede impulsar ecosistemas de innovaci\u00f3n inclusivos y sostenibles.<\/span><\/li>\n<li style=\"font-weight: 400;text-align: justify\"><span style=\"font-weight: 400;font-size: 18px\">Identificar mecanismos de colaboraci\u00f3n intersectorial e internacional que fortalezcan la vinculaci\u00f3n entre academia, industria, gobierno y sociedad civil.<\/span><\/li>\n<li style=\"font-weight: 400;text-align: justify\"><span style=\"font-weight: 400;font-size: 18px\">Destacar buenas pr\u00e1cticas que promuevan la transferencia de conocimiento y la formaci\u00f3n de talento con impacto social.<\/span><\/li>\n<\/ul>\n<p><span style=\"font-size: 18px;color: #000080\"><b>P\u00fablico objetivo<\/b><\/span><\/p>\n<ul>\n<li style=\"font-weight: 400;text-align: justify\"><span style=\"font-weight: 400;font-size: 18px\">Rectores, vicerrectores y directivos de instituciones de educaci\u00f3n superior.<\/span><\/li>\n<li style=\"font-weight: 400;text-align: justify\"><span style=\"font-weight: 400;font-size: 18px\">Representantes gubernamentales y de organismos de cooperaci\u00f3n internacional.<\/span><\/li>\n<li style=\"font-weight: 400;text-align: justify\"><span style=\"font-weight: 400;font-size: 18px\">Acad\u00e9micos interesados en vinculaci\u00f3n universidad-industria-gobierno-sociedad.\u00a0<\/span><\/li>\n<\/ul>\n\t\t\t<\/div>\n\t\t<\/div>\n\t\t\t<div class=\"sow-tabs-panel\">\n\t\t\t<div\n\t\t\t\tclass=\"sow-tabs-panel-content\"\n\t\t\t\trole=\"tabpanel\"\n\t\t\t\taria-hidden=\"true\"\n\t\t\t>\n\t\t\t\t<p style=\"text-align: justify\"><span style=\"font-size: 18px\"><b><em><span style=\"color: #000080\"><img loading=\"lazy\" decoding=\"async\" class=\" wp-image-855 alignleft\" src=\"https:\/\/conferencia.anuies.mx\/wp-content\/uploads\/2025\/11\/Rominaconferencia.png\" alt=\"\" width=\"291\" height=\"648\" srcset=\"https:\/\/conferencia.anuies.mx\/wp-content\/uploads\/2025\/11\/Rominaconferencia.png 264w, https:\/\/conferencia.anuies.mx\/wp-content\/uploads\/2025\/11\/Rominaconferencia-135x300.png 135w, https:\/\/conferencia.anuies.mx\/wp-content\/uploads\/2025\/11\/Rominaconferencia-230x512.png 230w\" sizes=\"auto, (max-width: 291px) 100vw, 291px\" \/>Fecha del evento:<\/span><\/em><span style=\"font-weight: 400\"> 12 de noviembre, 13:00 -14:00 hrs\u00a0<\/span><\/b><\/span><\/p>\n<p><span style=\"color: #000080\"><em><span style=\"font-size: 18px\"><strong>Presentadora<\/strong><\/span><\/em><\/span><\/p>\n<p><span style=\"font-size: 18px\"><strong><a class=\"popmake-729 pum-trigger\">Romina Hidalgo Emparanza<\/a>,<\/strong> Directora de I+D+i del Centro de Innovaci\u00f3n UC Anacleto Angelini (Chile).<\/span><\/p>\n<p style=\"text-align: justify\"><em><span style=\"font-size: 18px;color: #000080\"><b>Contexto<\/b><\/span><\/em><\/p>\n<p style=\"text-align: justify\"><span style=\"font-weight: 400;font-size: 18px\">La educaci\u00f3n superior en Am\u00e9rica Latina enfrenta el desaf\u00edo de convertir la investigaci\u00f3n en innovaci\u00f3n de impacto, fortaleciendo la capacidad de las universidades para contribuir al desarrollo productivo y social. La gesti\u00f3n de la I+D+i y la vinculaci\u00f3n con empresas y gobierno son esenciales para construir ecosistemas de innovaci\u00f3n sostenibles. Esta conferencia ofrece un enfoque pr\u00e1ctico y replicable, basado en experiencias exitosas, para que los responsables de las IES participantes puedan mejorar su capacidad de innovaci\u00f3n, transferencia tecnol\u00f3gica y emprendimiento, aline\u00e1ndose con los objetivos estrat\u00e9gicos del Plan M\u00e9xico y las demandas del siglo XXI.<\/span><\/p>\n<p style=\"text-align: justify\"><em><span style=\"font-size: 18px;color: #000080\"><b>Objetivos<\/b><\/span><\/em><\/p>\n<p style=\"text-align: justify\"><span style=\"font-weight: 400;font-size: 18px\">Con base en su experiencia como Directora de I+D+i del Centro Universitario Anacleto Angelini:<\/span><\/p>\n<ul style=\"text-align: justify\">\n<li style=\"font-weight: 400\"><span style=\"font-size: 18px\"><b>Presentar modelos de gesti\u00f3n de I+D+i universitaria<\/b><span style=\"font-weight: 400\"> con resultados efectivos.<\/span><\/span><\/li>\n<li style=\"font-weight: 400\"><span style=\"font-size: 18px\"><span style=\"font-weight: 400\">Analizar <\/span><b>estrategias de vinculaci\u00f3n<\/b><span style=\"font-weight: 400\"> universidad-empresa-gobierno.<\/span><\/span><\/li>\n<li style=\"font-weight: 400\"><span style=\"font-size: 18px\"><span style=\"font-weight: 400\">Identificar <\/span><b>oportunidades para fortalecer la innovaci\u00f3n abierta <\/b><span style=\"font-weight: 400\">y la transferencia tecnol\u00f3gica.<\/span><\/span><\/li>\n<li style=\"font-weight: 400\"><span style=\"font-size: 18px\"><span style=\"font-weight: 400\">Reflexionar sobre <\/span><b>liderazgo y cultura organizacional<\/b><span style=\"font-weight: 400\"> como motores de ecosistemas de innovaci\u00f3n.<\/span><\/span><\/li>\n<\/ul>\n<p>&nbsp;<\/p>\n<p style=\"text-align: justify\"><span style=\"color: #000080\"><em><span style=\"font-size: 18px\"><b>P\u00fablico objetivo<\/b><\/span><\/em><\/span><\/p>\n<ul>\n<li style=\"font-weight: 400;text-align: justify\"><span style=\"font-weight: 400;font-size: 18px\">Rectores y directores de universidades.<\/span><\/li>\n<li style=\"font-weight: 400;text-align: justify\"><span style=\"font-weight: 400;font-size: 18px\">Gestores de I+D+i, innovaci\u00f3n y transferencia tecnol\u00f3gica.<\/span><\/li>\n<li style=\"font-weight: 400;text-align: justify\"><span style=\"font-weight: 400;font-size: 18px\">Acad\u00e9micos interesados en emprendimiento y vinculaci\u00f3n universidad-industria.<\/span><\/li>\n<\/ul>\n\t\t\t<\/div>\n\t\t<\/div>\n\t\t<\/div>\n<\/div>\n<\/div><\/div><\/div><\/div><\/div><\/div><\/div>","protected":false},"excerpt":{"rendered":"<p>Martes 11 de noviembre Sesi\u00f3n Informativa: Oportunidades de becas, estudio, programas Erasmus+ Taller: &#8220;Dise\u00f1ando futuros desde la Universidad a trav\u00e9s de la [&hellip;]<\/p>\n","protected":false},"author":2,"featured_media":0,"parent":0,"menu_order":0,"comment_status":"closed","ping_status":"closed","template":"page-templates\/page_fullwidth.php","meta":{"footnotes":""},"class_list":["post-597","page","type-page","status-publish","hentry"],"_links":{"self":[{"href":"https:\/\/conferencia.anuies.mx\/wp-json\/wp\/v2\/pages\/597","targetHints":{"allow":["GET"]}}],"collection":[{"href":"https:\/\/conferencia.anuies.mx\/wp-json\/wp\/v2\/pages"}],"about":[{"href":"https:\/\/conferencia.anuies.mx\/wp-json\/wp\/v2\/types\/page"}],"author":[{"embeddable":true,"href":"https:\/\/conferencia.anuies.mx\/wp-json\/wp\/v2\/users\/2"}],"replies":[{"embeddable":true,"href":"https:\/\/conferencia.anuies.mx\/wp-json\/wp\/v2\/comments?post=597"}],"version-history":[{"count":33,"href":"https:\/\/conferencia.anuies.mx\/wp-json\/wp\/v2\/pages\/597\/revisions"}],"predecessor-version":[{"id":870,"href":"https:\/\/conferencia.anuies.mx\/wp-json\/wp\/v2\/pages\/597\/revisions\/870"}],"wp:attachment":[{"href":"https:\/\/conferencia.anuies.mx\/wp-json\/wp\/v2\/media?parent=597"}],"curies":[{"name":"wp","href":"https:\/\/api.w.org\/{rel}","templated":true}]}}