{"id":663,"date":"2025-10-27T20:14:25","date_gmt":"2025-10-27T20:14:25","guid":{"rendered":"https:\/\/conferencia.anuies.mx\/?page_id=663"},"modified":"2025-11-12T19:30:33","modified_gmt":"2025-11-12T19:30:33","slug":"hoteles-sede","status":"publish","type":"page","link":"https:\/\/conferencia.anuies.mx\/hoteles-sede\/","title":{"rendered":"Hoteles sede y traslados oficiales"},"content":{"rendered":"<div id=\"pl-663\"  class=\"panel-layout\" ><div id=\"pg-663-0\"  class=\"panel-grid panel-has-style\" ><div style=\"padding: 5px 0; \" data-overlay=\"true\" data-overlay-color=\"#000000\" class=\"panel-row-style panel-row-style-for-663-0\" ><div id=\"pgc-663-0-0\"  class=\"panel-grid-cell\" ><div id=\"panel-663-0-0-0\" class=\"so-panel widget widget_sow-editor panel-first-child\" data-index=\"0\" ><div style=\"text-align: left;\" data-title-color=\"#443f3f\" data-headings-color=\"#443f3f\" class=\"panel-widget-style panel-widget-style-for-663-0-0-0\" ><div\n\t\t\t\n\t\t\tclass=\"so-widget-sow-editor so-widget-sow-editor-base\"\n\t\t\t\n\t\t>\n<div class=\"siteorigin-widget-tinymce textwidget\">\n\t<p><img loading=\"lazy\" decoding=\"async\" class=\"alignnone size-full wp-image-673\" src=\"https:\/\/conferencia.anuies.mx\/wp-content\/uploads\/2025\/10\/aviso-de-transporte-si.png\" alt=\"\" width=\"1249\" height=\"179\" srcset=\"https:\/\/conferencia.anuies.mx\/wp-content\/uploads\/2025\/10\/aviso-de-transporte-si.png 1249w, https:\/\/conferencia.anuies.mx\/wp-content\/uploads\/2025\/10\/aviso-de-transporte-si-300x43.png 300w, https:\/\/conferencia.anuies.mx\/wp-content\/uploads\/2025\/10\/aviso-de-transporte-si-1024x147.png 1024w, https:\/\/conferencia.anuies.mx\/wp-content\/uploads\/2025\/10\/aviso-de-transporte-si-768x110.png 768w, https:\/\/conferencia.anuies.mx\/wp-content\/uploads\/2025\/10\/aviso-de-transporte-si-1000x143.png 1000w, https:\/\/conferencia.anuies.mx\/wp-content\/uploads\/2025\/10\/aviso-de-transporte-si-230x33.png 230w, https:\/\/conferencia.anuies.mx\/wp-content\/uploads\/2025\/10\/aviso-de-transporte-si-350x50.png 350w, https:\/\/conferencia.anuies.mx\/wp-content\/uploads\/2025\/10\/aviso-de-transporte-si-480x69.png 480w\" sizes=\"auto, (max-width: 1249px) 100vw, 1249px\" \/><\/p>\n<\/div>\n<\/div><\/div><\/div><div id=\"panel-663-0-0-1\" class=\"so-panel widget widget_sow-tabs\" data-index=\"1\" ><div style=\"text-align: left;\" data-title-color=\"#443f3f\" data-headings-color=\"#443f3f\" class=\"panel-widget-style panel-widget-style-for-663-0-0-1\" ><div\n\t\t\t\n\t\t\tclass=\"so-widget-sow-tabs so-widget-sow-tabs-default-be4a17daecba-663\"\n\t\t\t\n\t\t><div class=\"sow-tabs\">\n\t<div class=\"sow-tabs-tab-container\" role=\"tablist\">\n\t\t\t<div\n\t\t\tclass=\"sow-tabs-tab\n\t\t\t sow-tabs-tab-selected\t\t\t\"\n\t\t\trole=\"tab\"\n\t\t\tdata-anchor-id=\"hotel-barcelo-karmina\"\n\t\t\taria-selected=\"true\"\n\t\t\ttabindex=\"0\"\n\t\t>\n\t\t\t<div class=\"sow-tabs-title sow-tabs-title-icon-left\">\n\t\t\t\t\t\t\t\tHOTEL BARCEL\u00d3 KARMINA\t\t\t\t\t\t\t<\/div>\n\t\t<\/div>\n\t\t\t<div\n\t\t\tclass=\"sow-tabs-tab\n\t\t\t\t\t\t\"\n\t\t\trole=\"tab\"\n\t\t\tdata-anchor-id=\"hotel-las-hadas-by-brisas\"\n\t\t\taria-selected=\"false\"\n\t\t\ttabindex=\"0\"\n\t\t>\n\t\t\t<div class=\"sow-tabs-title sow-tabs-title-icon-left\">\n\t\t\t\t\t\t\t\tHOTEL LAS HADAS BY BRISAS\t\t\t\t\t\t\t<\/div>\n\t\t<\/div>\n\t\t\t<div\n\t\t\tclass=\"sow-tabs-tab\n\t\t\t\t\t\t\"\n\t\t\trole=\"tab\"\n\t\t\tdata-anchor-id=\"hotel-city-express\"\n\t\t\taria-selected=\"false\"\n\t\t\ttabindex=\"0\"\n\t\t>\n\t\t\t<div class=\"sow-tabs-title sow-tabs-title-icon-left\">\n\t\t\t\t\t\t\t\tHOTEL CITY EXPRESS\t\t\t\t\t\t\t<\/div>\n\t\t<\/div>\n\t\t<\/div>\n\n\t<div class=\"sow-tabs-panel-container\">\n\t\t\t<div class=\"sow-tabs-panel\">\n\t\t\t<div\n\t\t\t\tclass=\"sow-tabs-panel-content\"\n\t\t\t\trole=\"tabpanel\"\n\t\t\t\taria-hidden=\"false\"\n\t\t\t>\n\t\t\t\t<p style=\"text-align: justify\"><span style=\"font-size: 18px\">Direcci\u00f3n:\u00a0<a href=\"https:\/\/maps.app.goo.gl\/7NXbLtqQMrG91Xx28\" target=\"_blank\" rel=\"noopener\"><strong>Av. Vista Hermosa 13, Pen\u00ednsula de Santiago, 28867 Manzanillo, Col.<\/strong><\/a>\u00a0<\/span><\/p>\n<p style=\"text-align: justify\"><span style=\"font-size: 18px\"><img loading=\"lazy\" decoding=\"async\" class=\"wp-image-302 alignleft\" src=\"https:\/\/conferencia.anuies.mx\/wp-content\/uploads\/2025\/10\/Hotel-barcelo.jpg\" alt=\"\" width=\"330\" height=\"232\" srcset=\"https:\/\/conferencia.anuies.mx\/wp-content\/uploads\/2025\/10\/Hotel-barcelo.jpg 1140w, https:\/\/conferencia.anuies.mx\/wp-content\/uploads\/2025\/10\/Hotel-barcelo-300x211.jpg 300w, https:\/\/conferencia.anuies.mx\/wp-content\/uploads\/2025\/10\/Hotel-barcelo-1024x719.jpg 1024w, https:\/\/conferencia.anuies.mx\/wp-content\/uploads\/2025\/10\/Hotel-barcelo-768x539.jpg 768w, https:\/\/conferencia.anuies.mx\/wp-content\/uploads\/2025\/10\/Hotel-barcelo-1000x702.jpg 1000w, https:\/\/conferencia.anuies.mx\/wp-content\/uploads\/2025\/10\/Hotel-barcelo-230x161.jpg 230w, https:\/\/conferencia.anuies.mx\/wp-content\/uploads\/2025\/10\/Hotel-barcelo-350x246.jpg 350w, https:\/\/conferencia.anuies.mx\/wp-content\/uploads\/2025\/10\/Hotel-barcelo-480x337.jpg 480w\" sizes=\"auto, (max-width: 330px) 100vw, 330px\" \/><\/span><\/p>\n<p style=\"text-align: justify\"><span style=\"font-size: 18px\"><strong>Reservaciones al tel. 314 331 1300 ext. 8330, 8332, 8329.<\/strong><\/span><\/p>\n<p style=\"text-align: justify\"><span style=\"font-size: 18px\">*Importante mencionar\u00a0<strong>C\u00f3digo de Reservaci\u00f3n:<\/strong>\u00a0<strong>ANUIES 2025\u00a0<\/strong>\u00f3 No. De Reserva:<strong>\u00a031323.<\/strong><\/span><\/p>\n<p style=\"text-align: justify\"><span style=\"font-size: 18px\"><strong>Tarifas preferenciales (*plan todo incluido):<\/strong><br \/>\nOcupaci\u00f3n sencilla\u00a0<strong>$3,838.00 por habitaci\u00f3n.<\/strong><br \/>\nOcupaci\u00f3n doble\u00a0<strong>$4,798.00 por habitaci\u00f3n.<\/strong><\/span><\/p>\n<p style=\"text-align: justify\"><span style=\"font-size: 18px\">Reserve en el siguiente enlace:\u00a0<strong><a href=\"https:\/\/redirector.barcelo.com\/?hotel=7374&amp;rooms=1&amp;adult=2&amp;arrive=2025-11-10&amp;depart=2025-11-14&amp;promo=EVENTOANUIES&amp;currency=MXN\" target=\"_blank\" rel=\"noopener\">Reservar<\/a><\/strong>.<\/span><\/p>\n<p style=\"text-align: right\"><span style=\"font-size: 18px\"><a href=\"https:\/\/www.barcelo.com\/es-us\/barcelo-karmina\/\" target=\"_blank\" rel=\"noopener\"><strong data-wp-editing=\"1\"><img loading=\"lazy\" decoding=\"async\" class=\"alignnone wp-image-305\" src=\"https:\/\/conferencia.anuies.mx\/wp-content\/uploads\/2025\/10\/web-icono.jpg\" alt=\"\" width=\"20\" height=\"20\" srcset=\"https:\/\/conferencia.anuies.mx\/wp-content\/uploads\/2025\/10\/web-icono.jpg 225w, https:\/\/conferencia.anuies.mx\/wp-content\/uploads\/2025\/10\/web-icono-150x150.jpg 150w\" sizes=\"auto, (max-width: 20px) 100vw, 20px\" \/>\u00a0P\u00e1gina web<\/strong><\/a><\/span><\/p>\n<p>&nbsp;<\/p>\n<p><span style=\"font-size: 18px\"><strong>TU TRASLADO A LA SEDE <\/strong><\/span><\/p>\n<p><span style=\"font-size: 18px\">Los tres d\u00edas del evento contaremos con veh\u00edculos esperando afuera del <strong>Hotel Barcel\u00f3 Karmina <\/strong> en los siguientes horarios:<\/span><\/p>\n<p><span style=\"font-size: 18px\"><u>Martes 11<\/u><\/span><br \/>\n<span style=\"font-size: 18px\">8:15 am URVAN 15 espacios<\/span><br \/>\n<span style=\"font-size: 18px\">8:45 am URVAN 15 espacios<\/span><br \/>\n<span style=\"font-size: 18px\">9:15 am URVAN 15 espacios<\/span><\/p>\n<p><span style=\"font-size: 18px\"><u>Mi\u00e9rcoles 12<\/u><\/span><br \/>\n<span style=\"font-size: 18px\">9:15 am URVAN 15 espacios<\/span><br \/>\n<span style=\"font-size: 18px\">9:45 am URVAN 15 espacios<\/span><br \/>\n<span style=\"font-size: 18px\">10:15 am URVAN 15 espacios<\/span><\/p>\n<p><span style=\"font-size: 18px\"><u>Jueves 13<\/u><\/span><br \/>\n<span style=\"font-size: 18px\">8:15 am URVAN 15 espacios<\/span><br \/>\n<span style=\"font-size: 18px\">8:45 am URVAN 15 espacios<\/span><br \/>\n<span style=\"font-size: 18px\">9:15 am URVAN 15 espacios<\/span><\/p>\n\t\t\t<\/div>\n\t\t<\/div>\n\t\t\t<div class=\"sow-tabs-panel\">\n\t\t\t<div\n\t\t\t\tclass=\"sow-tabs-panel-content\"\n\t\t\t\trole=\"tabpanel\"\n\t\t\t\taria-hidden=\"true\"\n\t\t\t>\n\t\t\t\t<p style=\"text-align: justify\"><span style=\"font-size: 18px\">Direcci\u00f3n:\u00a0<a href=\"https:\/\/maps.app.goo.gl\/Vrg8UP3qqsxDpDGv5\" target=\"_blank\" rel=\"noopener\"><strong>Vista Hermosa S\/N, Las Hadas, Pen\u00ednsula de Santiago, 28867 Manzanillo, Col.<\/strong><\/a><\/span><\/p>\n<p style=\"text-align: justify\"><span style=\"font-size: 18px\"><img loading=\"lazy\" decoding=\"async\" class=\" wp-image-307 alignleft\" src=\"https:\/\/conferencia.anuies.mx\/wp-content\/uploads\/2025\/10\/las-hadas-scaled.jpg\" alt=\"\" width=\"320\" height=\"219\" srcset=\"https:\/\/conferencia.anuies.mx\/wp-content\/uploads\/2025\/10\/las-hadas-scaled.jpg 2560w, https:\/\/conferencia.anuies.mx\/wp-content\/uploads\/2025\/10\/las-hadas-300x205.jpg 300w, https:\/\/conferencia.anuies.mx\/wp-content\/uploads\/2025\/10\/las-hadas-1024x700.jpg 1024w, https:\/\/conferencia.anuies.mx\/wp-content\/uploads\/2025\/10\/las-hadas-768x525.jpg 768w, https:\/\/conferencia.anuies.mx\/wp-content\/uploads\/2025\/10\/las-hadas-1536x1050.jpg 1536w, https:\/\/conferencia.anuies.mx\/wp-content\/uploads\/2025\/10\/las-hadas-2048x1401.jpg 2048w, https:\/\/conferencia.anuies.mx\/wp-content\/uploads\/2025\/10\/las-hadas-1000x684.jpg 1000w, https:\/\/conferencia.anuies.mx\/wp-content\/uploads\/2025\/10\/las-hadas-230x157.jpg 230w, https:\/\/conferencia.anuies.mx\/wp-content\/uploads\/2025\/10\/las-hadas-350x239.jpg 350w, https:\/\/conferencia.anuies.mx\/wp-content\/uploads\/2025\/10\/las-hadas-480x328.jpg 480w\" sizes=\"auto, (max-width: 320px) 100vw, 320px\" \/><\/span><\/p>\n<p style=\"text-align: justify\"><span style=\"font-size: 18px\"><strong>Reservaciones al tel. 314 331 0101.<\/strong><\/span><br \/>\n<span style=\"font-size: 18px\">*Importante mencionar\u00a0<strong>C\u00f3digo de Reservaci\u00f3n: Conferencia Internacional ANUIES 2025.<\/strong><\/span><\/p>\n<p style=\"text-align: justify\"><span style=\"font-size: 18px\"><strong>Tarifas preferenciales (*plan todo incluido):<\/strong><\/span><\/p>\n<p style=\"text-align: justify\"><span style=\"font-size: 18px\">Ocupaci\u00f3n sencilla\u00a0<strong>$3,838.00 por habitaci\u00f3n.<\/strong><\/span><br \/>\n<span style=\"font-size: 18px\">Ocupaci\u00f3n doble\u00a0<strong>$4,798.00 por habitaci\u00f3n.<\/strong><\/span><\/p>\n<p style=\"text-align: right\"><a href=\"https:\/\/www.barcelo.com\/es-us\/barcelo-karmina\/\" target=\"_blank\" rel=\"noopener\"><strong data-wp-editing=\"1\"><span style=\"font-size: 18px\"><img loading=\"lazy\" decoding=\"async\" class=\"alignnone wp-image-305\" src=\"https:\/\/conferencia.anuies.mx\/wp-content\/uploads\/2025\/10\/web-icono.jpg\" alt=\"\" width=\"20\" height=\"20\" srcset=\"https:\/\/conferencia.anuies.mx\/wp-content\/uploads\/2025\/10\/web-icono.jpg 225w, https:\/\/conferencia.anuies.mx\/wp-content\/uploads\/2025\/10\/web-icono-150x150.jpg 150w\" sizes=\"auto, (max-width: 20px) 100vw, 20px\" \/>\u00a0P\u00e1gina<\/span> web<\/strong><\/a><\/p>\n<p>&nbsp;<\/p>\n<p><span style=\"font-size: 18px\"><strong>TU TRASLADO A LA SEDE <\/strong><\/span><\/p>\n<p><span style=\"font-size: 18px\">Los tres d\u00edas del evento contaremos con veh\u00edculos esperando afuera del <strong>Hotel Las Hadas By Brisas\u00a0<\/strong>en los siguientes horarios:<\/span><\/p>\n<p><span style=\"font-size: 18px\">Martes 11<\/span><br \/>\n<span style=\"font-size: 18px\">8:45<\/span><\/p>\n<p><span style=\"font-size: 18px\">Mi\u00e9rcoles 12 <\/span><br \/>\n<span style=\"font-size: 18px\">9:45<\/span><\/p>\n<p><span style=\"font-size: 18px\">Jueves\u00a013<\/span><br \/>\n<span style=\"font-size: 18px\">8:15<\/span><\/p>\n\t\t\t<\/div>\n\t\t<\/div>\n\t\t\t<div class=\"sow-tabs-panel\">\n\t\t\t<div\n\t\t\t\tclass=\"sow-tabs-panel-content\"\n\t\t\t\trole=\"tabpanel\"\n\t\t\t\taria-hidden=\"true\"\n\t\t\t>\n\t\t\t\t<p style=\"text-align: justify\"><span style=\"font-size: 18px\">Direcci\u00f3n:\u00a0<a href=\"https:\/\/maps.app.goo.gl\/yG7kdWj6EvTMNhwt5\" target=\"_blank\" rel=\"noopener\"><strong>Blvd. Miguel de la Madrid, Playa Azul Salagua, 28218 Manzanillo, Col.<\/strong><\/a><\/span><\/p>\n<p style=\"text-align: justify\"><span style=\"font-size: 18px\"><img loading=\"lazy\" decoding=\"async\" class=\" wp-image-312 alignleft\" src=\"https:\/\/conferencia.anuies.mx\/wp-content\/uploads\/2025\/10\/CITY-EXPRESS.png\" alt=\"\" width=\"346\" height=\"224\" srcset=\"https:\/\/conferencia.anuies.mx\/wp-content\/uploads\/2025\/10\/CITY-EXPRESS.png 859w, https:\/\/conferencia.anuies.mx\/wp-content\/uploads\/2025\/10\/CITY-EXPRESS-300x195.png 300w, https:\/\/conferencia.anuies.mx\/wp-content\/uploads\/2025\/10\/CITY-EXPRESS-768x498.png 768w, https:\/\/conferencia.anuies.mx\/wp-content\/uploads\/2025\/10\/CITY-EXPRESS-230x149.png 230w, https:\/\/conferencia.anuies.mx\/wp-content\/uploads\/2025\/10\/CITY-EXPRESS-350x227.png 350w, https:\/\/conferencia.anuies.mx\/wp-content\/uploads\/2025\/10\/CITY-EXPRESS-480x311.png 480w\" sizes=\"auto, (max-width: 346px) 100vw, 346px\" \/><\/span><\/p>\n<p style=\"text-align: justify\"><span style=\"font-size: 18px\"><strong>Reservaciones al tel. 55 6658 5204 con Geovani Toledo, e<\/strong><strong>mail:<\/strong>\u00a0<a href=\"mailto:gtoledo@norte19.com\">gtoledo@norte19.com<\/a>.<\/span><br \/>\n<span style=\"font-size: 18px\">*Importante mencionar C\u00f3digo de Reservaci\u00f3n:\u00a0<strong>UDC.<\/strong><\/span><\/p>\n<p style=\"text-align: justify\"><span style=\"font-size: 18px\"><strong>Tarifas preferenciales (*plan todo incluido):<\/strong><br \/>\n<strong>Sencilla<\/strong>\u00a0$1,386.35.<br \/>\n<strong>Dobl<\/strong>e $1,564.85.<br \/>\n<strong>Triple<\/strong>\u00a0$1,743.35.<br \/>\n<strong>Cu\u00e1druple<\/strong>\u00a0$1,921.85.<\/span><\/p>\n<p style=\"text-align: right\"><span style=\"font-size: 18px\"><a href=\"https:\/\/www.marriott.com\/es\/hotels\/zloxm-city-express-manzanillo\/overview\/\" target=\"_blank\" rel=\"noopener\"><strong data-wp-editing=\"1\"><img loading=\"lazy\" decoding=\"async\" class=\"alignnone wp-image-305\" src=\"https:\/\/conferencia.anuies.mx\/wp-content\/uploads\/2025\/10\/web-icono.jpg\" alt=\"\" width=\"20\" height=\"20\" srcset=\"https:\/\/conferencia.anuies.mx\/wp-content\/uploads\/2025\/10\/web-icono.jpg 225w, https:\/\/conferencia.anuies.mx\/wp-content\/uploads\/2025\/10\/web-icono-150x150.jpg 150w\" sizes=\"auto, (max-width: 20px) 100vw, 20px\" \/>\u00a0P\u00e1gina web<\/strong><\/a><\/span><\/p>\n<p>&nbsp;<\/p>\n<p><span style=\"font-size: 18px\"><strong>TU TRASLADO A LA SEDE <\/strong><\/span><\/p>\n<p><span style=\"font-size: 18px\">Los tres d\u00edas del evento contaremos con veh\u00edculos esperando afuera del <strong>Hotel City Express<\/strong>\u00a0en los siguientes horarios:<\/span><\/p>\n<p><span style=\"font-size: 18px\"><u>Martes 11<\/u><\/span><br \/>\n<span style=\"font-size: 18px\">9:15 am URVAN 15 espacios\u00a0<\/span><br \/>\n<span style=\"font-size: 18px\">9:45 am URVAN 45 espacios<\/span><br \/>\n<span style=\"font-size: 18px\">10:15 am URVAN 15 espacios\u00a0<\/span><\/p>\n<p><span style=\"font-size: 18px\"><u>Mi\u00e9rcoles 12<\/u><\/span><\/p>\n<p><span style=\"font-size: 18px\">9:15 am URVAN 15 espacios\u00a0<\/span><br \/>\n<span style=\"font-size: 18px\">9:45 am AUTOB\u00daS 45 espacios\u00a0<\/span><br \/>\n<span style=\"font-size: 18px\">10:15 am URVAN 15 espacios\u00a0<\/span><\/p>\n<p><span style=\"font-size: 18px\"><u>Jueves 13<\/u><\/span><\/p>\n<p><span style=\"font-size: 18px\">8:50 am URVAN 15 espacios<\/span><br \/>\n<span style=\"font-size: 18px\">9:15 am AUTOB\u00daS 45 espacios\u00a0<\/span><br \/>\n<span style=\"font-size: 18px\">9:30 am URVAN 15 espacios\u00a0<\/span><\/p>\n\t\t\t<\/div>\n\t\t<\/div>\n\t\t<\/div>\n<\/div>\n<\/div><\/div><\/div><div id=\"panel-663-0-0-2\" class=\"so-panel widget widget_sow-editor panel-last-child\" data-index=\"2\" ><div style=\"text-align: left;\" data-title-color=\"#443f3f\" data-headings-color=\"#443f3f\" class=\"panel-widget-style panel-widget-style-for-663-0-0-2\" ><div\n\t\t\t\n\t\t\tclass=\"so-widget-sow-editor so-widget-sow-editor-base\"\n\t\t\t\n\t\t>\n<div class=\"siteorigin-widget-tinymce textwidget\">\n\t<p><img loading=\"lazy\" decoding=\"async\" class=\"alignnone size-full wp-image-643\" src=\"https:\/\/conferencia.anuies.mx\/wp-content\/uploads\/2025\/10\/linea.png\" alt=\"\" width=\"1243\" height=\"19\" srcset=\"https:\/\/conferencia.anuies.mx\/wp-content\/uploads\/2025\/10\/linea.png 1243w, https:\/\/conferencia.anuies.mx\/wp-content\/uploads\/2025\/10\/linea-300x5.png 300w, https:\/\/conferencia.anuies.mx\/wp-content\/uploads\/2025\/10\/linea-1024x16.png 1024w, https:\/\/conferencia.anuies.mx\/wp-content\/uploads\/2025\/10\/linea-768x12.png 768w, https:\/\/conferencia.anuies.mx\/wp-content\/uploads\/2025\/10\/linea-1000x15.png 1000w, https:\/\/conferencia.anuies.mx\/wp-content\/uploads\/2025\/10\/linea-230x4.png 230w, https:\/\/conferencia.anuies.mx\/wp-content\/uploads\/2025\/10\/linea-350x5.png 350w, https:\/\/conferencia.anuies.mx\/wp-content\/uploads\/2025\/10\/linea-480x7.png 480w\" sizes=\"auto, (max-width: 1243px) 100vw, 1243px\" \/><\/p>\n<\/div>\n<\/div><\/div><\/div><\/div><\/div><\/div><\/div>","protected":false},"excerpt":{"rendered":"<p>HOTEL BARCEL\u00d3 KARMINA HOTEL LAS HADAS BY BRISAS HOTEL CITY EXPRESS Direcci\u00f3n:\u00a0Av. Vista Hermosa 13, Pen\u00ednsula de Santiago, 28867 Manzanillo, Col.\u00a0 Reservaciones [&hellip;]<\/p>\n","protected":false},"author":2,"featured_media":0,"parent":0,"menu_order":0,"comment_status":"closed","ping_status":"closed","template":"page-templates\/page_fullwidth.php","meta":{"footnotes":""},"class_list":["post-663","page","type-page","status-publish","hentry"],"_links":{"self":[{"href":"https:\/\/conferencia.anuies.mx\/wp-json\/wp\/v2\/pages\/663","targetHints":{"allow":["GET"]}}],"collection":[{"href":"https:\/\/conferencia.anuies.mx\/wp-json\/wp\/v2\/pages"}],"about":[{"href":"https:\/\/conferencia.anuies.mx\/wp-json\/wp\/v2\/types\/page"}],"author":[{"embeddable":true,"href":"https:\/\/conferencia.anuies.mx\/wp-json\/wp\/v2\/users\/2"}],"replies":[{"embeddable":true,"href":"https:\/\/conferencia.anuies.mx\/wp-json\/wp\/v2\/comments?post=663"}],"version-history":[{"count":22,"href":"https:\/\/conferencia.anuies.mx\/wp-json\/wp\/v2\/pages\/663\/revisions"}],"predecessor-version":[{"id":898,"href":"https:\/\/conferencia.anuies.mx\/wp-json\/wp\/v2\/pages\/663\/revisions\/898"}],"wp:attachment":[{"href":"https:\/\/conferencia.anuies.mx\/wp-json\/wp\/v2\/media?parent=663"}],"curies":[{"name":"wp","href":"https:\/\/api.w.org\/{rel}","templated":true}]}}