{"id":8,"date":"2025-09-24T00:58:44","date_gmt":"2025-09-24T00:58:44","guid":{"rendered":"https:\/\/conferencia.anuies.mx\/home\/"},"modified":"2025-11-11T16:21:32","modified_gmt":"2025-11-11T16:21:32","slug":"home","status":"publish","type":"page","link":"https:\/\/conferencia.anuies.mx\/","title":{"rendered":""},"content":{"rendered":"<h1 style=\"text-align: center;\"><span style=\"color: #800000;\">Mensajes de bienvenida<\/span><\/h1>\n<table style=\"border-collapse: collapse; width: 100%;\">\n<tbody>\n<tr>\n<td style=\"width: 47.6954%; border-style: none; border-color: #ffffff;\"><img loading=\"lazy\" decoding=\"async\" class=\"size-full wp-image-560 aligncenter\" src=\"https:\/\/conferencia.anuies.mx\/wp-content\/uploads\/2025\/10\/bienvenida-SGE.png\" alt=\"\" width=\"309\" height=\"339\" \/><\/p>\n<p style=\"text-align: center;\"><span style=\"font-size: 18px;\"><strong>Luis A. Gonz\u00e1lez Placencia<\/strong><br \/>\n<strong>Secretario General Ejecutivo<\/strong><br \/>\n<strong>ANUIES<\/strong><\/span><\/p>\n<p>&nbsp;<\/p>\n<p style=\"text-align: justify;\"><span style=\"font-size: 18px;\">A nombre de la Asociaci\u00f3n Nacional de Universidades e Instituciones de Educaci\u00f3n Superior (ANUIES), les doy la m\u00e1s cordial bienvenida a la d\u00e9cimo primera edici\u00f3n de la Conferencia Internacional, en el marco del 75 aniversario de nuestra Asociaci\u00f3n.<\/span><\/p>\n<p style=\"text-align: justify;\"><span style=\"font-size: 18px;\">Bajo el lema \u201c<strong>Educaci\u00f3n Superior para el Futuro: <\/strong>El Plan M\u00e9xico como ruta de transformaci\u00f3n\u201d, reafirmamos nuestro compromiso con una educaci\u00f3n superior que lidere la construcci\u00f3n de un pa\u00eds m\u00e1s justo, sostenible y solidario, capaz de enfrentar los desaf\u00edos globales mediante conocimiento, innovaci\u00f3n y cooperaci\u00f3n.<\/span><\/p>\n<p style=\"text-align: justify;\"><span style=\"font-size: 18px;\">El Plan M\u00e9xico, como una gu\u00eda estrat\u00e9gica para articular los esfuerzos del sistema de educaci\u00f3n superior hacia un modelo m\u00e1s inclusivo e innovador, propone escuchar con atenci\u00f3n lo que piensan y sienten las y los j\u00f3venes, para consolidar as\u00ed a la comunidad universitaria en funci\u00f3n del bienestar social, la cooperaci\u00f3n internacional y el fortalecimiento institucional.<\/span><\/p>\n<p style=\"text-align: justify;\"><span style=\"font-size: 18px;\">Durante estos d\u00edas, la Universidad de Colima, a la que agradecemos profundamente por su hospitalidad, ser\u00e1 espacio de di\u00e1logo en el que confluyan voces nacionales e internacionales para reflexionar sobre el papel de la educaci\u00f3n superior en la transformaci\u00f3n del pa\u00eds.<\/span><\/p>\n<p style=\"text-align: justify;\"><span style=\"font-size: 18px;\">Gracias a todos por su presencia\u2026y el mayor de los \u00e9xitos en esta Conferencia Internacional de la ANUIES.<\/span><\/p>\n<\/td>\n<td style=\"width: 6.06213%; border-style: hidden;\"><\/td>\n<td style=\"width: 46.2425%; border-style: hidden;\"><img loading=\"lazy\" decoding=\"async\" class=\" wp-image-550 aligncenter\" src=\"https:\/\/conferencia.anuies.mx\/wp-content\/uploads\/2025\/10\/rector-ucolima-para-bienvenida.png\" alt=\"\" width=\"309\" height=\"339\" srcset=\"https:\/\/conferencia.anuies.mx\/wp-content\/uploads\/2025\/10\/rector-ucolima-para-bienvenida.png 502w, https:\/\/conferencia.anuies.mx\/wp-content\/uploads\/2025\/10\/rector-ucolima-para-bienvenida-273x300.png 273w, https:\/\/conferencia.anuies.mx\/wp-content\/uploads\/2025\/10\/rector-ucolima-para-bienvenida-230x252.png 230w, https:\/\/conferencia.anuies.mx\/wp-content\/uploads\/2025\/10\/rector-ucolima-para-bienvenida-350x384.png 350w, https:\/\/conferencia.anuies.mx\/wp-content\/uploads\/2025\/10\/rector-ucolima-para-bienvenida-480x527.png 480w\" sizes=\"auto, (max-width: 309px) 100vw, 309px\" \/><\/p>\n<p style=\"text-align: center;\"><span style=\"font-size: 18px;\"><strong>Dr. Christian Jorge Torres Ortiz Zerme\u00f1o<\/strong><br \/>\n<strong>Rector<br \/>\nUniversidad de Colima<\/strong><\/span><\/p>\n<p>&nbsp;<\/p>\n<p style=\"text-align: justify;\"><span style=\"font-size: 18px;\">Directivos, personal administrativo, profesores, investigadores y alumnos de la Universidad de Colima les damos la m\u00e1s c\u00e1lida bienvenida a nuestra ciudad y puerto de Manzanillo, Colima, donde hoy iniciamos con enorme emoci\u00f3n la XI <strong>Conferencia Internacional ANUIES 2025<\/strong>.<\/span><\/p>\n<p style=\"text-align: justify;\"><span style=\"font-size: 18px;\">Esta conferencia, por cierto, tiene un especial significado para todos nosotros, ya que se enmarca en el 85 aniversario de la Universidad de Colima. Coincidencia que nos invita a reflexionar acerca de nuestra historia\u2026pero, sobre todo, a proyectarnos hacia el futuro con un renovado compromiso social y acad\u00e9mico.<\/span><\/p>\n<p style=\"text-align: justify;\"><span style=\"font-size: 18px;\">La conferencia nos propone un programa muy nutrido que, por primera vez, incluye actividades pensadas especialmente para las y los estudiantes. Este hecho refleja el compromiso de nuestras instituciones con una educaci\u00f3n superior m\u00e1s equitativa, participativa, incluyente e innovadora.<\/span><\/p>\n<p style=\"text-align: justify;\"><span style=\"font-size: 18px;\">Estoy seguro de que estos d\u00edas de di\u00e1logo, reflexi\u00f3n y colaboraci\u00f3n fortalecer\u00e1n los v\u00ednculos entre nuestras instituciones y abrir\u00e1n nuevas rutas para seguir construyendo, desde la educaci\u00f3n superior, un M\u00e9xico m\u00e1s justo, sostenible e innovador.<\/span><\/p>\n<p style=\"text-align: justify;\"><span style=\"font-size: 18px;\">Sean todas y todos bienvenidos a Colima, a Manzanillo y a la Universidad de Colima, su casa.<\/span><\/p>\n<\/td>\n<\/tr>\n<\/tbody>\n<\/table>\n<h1 style=\"text-align: center;\"><span style=\"color: #008000;\">No te pierdas los talleres<\/span><\/h1>\n<div id=\"metaslider-id-680\" style=\"width: 100%;\" class=\"ml-slider-3-101-0 metaslider metaslider-flex metaslider-680 ml-slider has-dots-nav ms-theme-default-base\" role=\"region\" aria-label=\"Talleres\" data-height=\"2213\" data-width=\"8000\">\n    <div id=\"metaslider_container_680\">\n        <div id=\"metaslider_680\">\n            <ul aria-live='off' class='slides'>\n                <li style=\"display: block; width: 100%;\" class=\"slide-683 ms-image \" aria-roledescription=\"slide\" data-date=\"2025-10-29 19:56:11\"><a href=\"https:\/\/conferencia.anuies.mx\/talleres\/\" target=\"_self\" aria-label=\"View Slide Details\" class=\"metaslider_image_link\"><img loading=\"lazy\" decoding=\"async\" src=\"https:\/\/conferencia.anuies.mx\/wp-content\/uploads\/2025\/10\/TALLERES-CONFERENCIA-02-scaled-2559x708.png\" height=\"2213\" width=\"8000\" alt=\"\" class=\"slider-680 slide-683 msDefaultImage\" title=\"TALLERES CONFERENCIA-02\" \/><\/a><\/li>\n                <li style=\"display: none; width: 100%;\" class=\"slide-684 ms-image \" aria-roledescription=\"slide\" data-date=\"2025-10-29 19:56:16\"><a href=\"https:\/\/conferencia.anuies.mx\/talleres\/\" target=\"_self\" aria-label=\"View Slide Details\" class=\"metaslider_image_link\"><img loading=\"lazy\" decoding=\"async\" src=\"https:\/\/conferencia.anuies.mx\/wp-content\/uploads\/2025\/10\/TALLERES-CONFERENCIA-03-1-scaled-2559x708.png\" height=\"2213\" width=\"8000\" alt=\"\" class=\"slider-680 slide-684 msDefaultImage\" title=\"TALLERES CONFERENCIA-03 (1)\" \/><\/a><\/li>\n                <li style=\"display: none; width: 100%;\" class=\"slide-736 ms-image \" aria-roledescription=\"slide\" data-date=\"2025-11-04 20:37:55\"><a href=\"https:\/\/conferencia.anuies.mx\/talleres\/\" target=\"_self\" aria-label=\"View Slide Details\" class=\"metaslider_image_link\"><img loading=\"lazy\" decoding=\"async\" src=\"https:\/\/conferencia.anuies.mx\/wp-content\/uploads\/2025\/11\/TALLERES-CONFERENCIA-scaled-2559x708.png\" height=\"2213\" width=\"8000\" alt=\"\" class=\"slider-680 slide-736 msDefaultImage\" title=\"TALLERES CONFERENCIA\" \/><\/a><\/li>\n            <\/ul>\n        <\/div>\n        \n    <\/div>\n<\/div>\n<p>&nbsp;<\/p>\n<h1 style=\"text-align: center;\"><span style=\"color: #339966;\">Nuestros conferencistas y talleristas<\/span><\/h1>\n<p>&nbsp;<\/p>\n<table style=\"width: 100%; border-collapse: collapse; border-color: #ffffff; height: 74px;\">\n<tbody>\n<tr style=\"height: 24px;\">\n<td style=\"width: 25%; border-style: none; border-color: #ffffff; height: 24px;\">            <div class=\"oxi-addons-container noLightbox oxi-image-hover-wrapper-5 \" id=\"oxi-image-hover-wrapper-5\">\n                <div class=\"oxi-addons-row\">\n                                <div class=\"oxi-image-hover-style oxi-bt-col-lg-12 oxi-bt-col-md-12 oxi-bt-col-sm-12                         \" sa-data-animation=\"zoomIn\" sa-data-animation-offset=\"100%\" sa-data-animation-delay=\"0ms\" sa-data-animation-duration=\"1000ms\">\n                <div class=\"oxi-image-hover-style-square\">\n                    <div class=\"oxi-image-hover oxi-image-square-hover oxi-image-square-hover-style-5 oxi-image-square-hover-5-9\">\n                                                    <a  href=\"https:\/\/conferencia.anuies.mx\/#popmake-429\">\n                                                            <div class=\"oxi-image-hover-figure\">\n                                <div class=\"oxi-image-hover-image\">\n                                    <img decoding=\"async\" src=\"https:\/\/conferencia.anuies.mx\/wp-content\/uploads\/2025\/11\/Martina-Bo.png\" >\n                                <\/div>\n                                <div class=\"oxi-image-hover-figure-caption\">\n                                    <div class=\"oxi-image-hover-caption-tab image-hover-align-center-center\">\n                                                                                    <div class=\"oxi-image-hover-figure-heading iheu-zoom-in \"><h3 class=\"oxi-image-hover-heading \n                                            oxi-image-hover-heading-underline                                                \">Martina Bo<\/h3><\/div>\n                                                                                            <div class=\"oxi-image-hover-content iheu-zoom-in \">Erasmus Student Network (ESN)<\/div>\n                                                                                <\/div>\n                                <\/div>\n                            <\/div>\n                                                        <\/a>\n\t\t\t\t\t\t\t\t                    <\/div>\n                <\/div>\n                                <\/div>\n                            <div class=\"oxi-image-hover-style oxi-bt-col-lg-12 oxi-bt-col-md-12 oxi-bt-col-sm-12                         \" sa-data-animation=\"zoomIn\" sa-data-animation-offset=\"100%\" sa-data-animation-delay=\"0ms\" sa-data-animation-duration=\"1000ms\">\n                <div class=\"oxi-image-hover-style-square\">\n                    <div class=\"oxi-image-hover oxi-image-square-hover oxi-image-square-hover-style-5 oxi-image-square-hover-5-10\">\n                                                    <a  href=\"https:\/\/conferencia.anuies.mx\/#popmake-455\">\n                                                            <div class=\"oxi-image-hover-figure\">\n                                <div class=\"oxi-image-hover-image\">\n                                    <img decoding=\"async\" src=\"https:\/\/conferencia.anuies.mx\/wp-content\/uploads\/2025\/11\/Gabriela-Caceres.png\" >\n                                <\/div>\n                                <div class=\"oxi-image-hover-figure-caption\">\n                                    <div class=\"oxi-image-hover-caption-tab image-hover-align-center-center\">\n                                                                                    <div class=\"oxi-image-hover-figure-heading iheu-zoom-in \"><h3 class=\"oxi-image-hover-heading \n                                            oxi-image-hover-heading-underline                                                \">Gabriela C\u00e1ceres<\/h3><\/div>\n                                                                                            <div class=\"oxi-image-hover-content iheu-zoom-in \">Corporaci\u00f3n Ecuatoriana para el Desarrollo de la Investigaci\u00f3n y Academia (CEDIA)<\/div>\n                                                                                <\/div>\n                                <\/div>\n                            <\/div>\n                                                        <\/a>\n\t\t\t\t\t\t\t\t                    <\/div>\n                <\/div>\n                                <\/div>\n                            <div class=\"oxi-image-hover-style oxi-bt-col-lg-12 oxi-bt-col-md-12 oxi-bt-col-sm-12                         \" sa-data-animation=\"zoomIn\" sa-data-animation-offset=\"100%\" sa-data-animation-delay=\"0ms\" sa-data-animation-duration=\"1000ms\">\n                <div class=\"oxi-image-hover-style-square\">\n                    <div class=\"oxi-image-hover oxi-image-square-hover oxi-image-square-hover-style-5 oxi-image-square-hover-5-11\">\n                                                    <a  href=\"https:\/\/conferencia.anuies.mx\/#popmake-474\">\n                                                            <div class=\"oxi-image-hover-figure\">\n                                <div class=\"oxi-image-hover-image\">\n                                    <img decoding=\"async\" src=\"https:\/\/conferencia.anuies.mx\/wp-content\/uploads\/2025\/11\/Susana.png\" >\n                                <\/div>\n                                <div class=\"oxi-image-hover-figure-caption\">\n                                    <div class=\"oxi-image-hover-caption-tab image-hover-align-center-center\">\n                                                                                    <div class=\"oxi-image-hover-figure-heading iheu-zoom-in \"><h3 class=\"oxi-image-hover-heading \n                                            oxi-image-hover-heading-underline                                                \">Dra. Susana Aurelia Preciado Jim\u00e9nez <\/h3><\/div>\n                                                                                            <div class=\"oxi-image-hover-content iheu-zoom-in \">Coordinadora General de Docencia de la Universidad de Colima<\/div>\n                                                                                <\/div>\n                                <\/div>\n                            <\/div>\n                                                        <\/a>\n\t\t\t\t\t\t\t\t                    <\/div>\n                <\/div>\n                                <\/div>\n                            <div class=\"oxi-image-hover-style oxi-bt-col-lg-12 oxi-bt-col-md-12 oxi-bt-col-sm-12                         \" sa-data-animation=\"zoomIn\" sa-data-animation-offset=\"100%\" sa-data-animation-delay=\"0ms\" sa-data-animation-duration=\"1000ms\">\n                <div class=\"oxi-image-hover-style-square\">\n                    <div class=\"oxi-image-hover oxi-image-square-hover oxi-image-square-hover-style-5 oxi-image-square-hover-5-12\">\n                                                    <a  href=\"https:\/\/conferencia.anuies.mx\/#popmake-488\">\n                                                            <div class=\"oxi-image-hover-figure\">\n                                <div class=\"oxi-image-hover-image\">\n                                    <img decoding=\"async\" src=\"https:\/\/conferencia.anuies.mx\/wp-content\/uploads\/2025\/11\/Moises.png\" >\n                                <\/div>\n                                <div class=\"oxi-image-hover-figure-caption\">\n                                    <div class=\"oxi-image-hover-caption-tab image-hover-align-center-center\">\n                                                                                    <div class=\"oxi-image-hover-figure-heading iheu-zoom-in \"><h3 class=\"oxi-image-hover-heading \n                                            oxi-image-hover-heading-underline                                                \">Mtro. Mois\u00e9s Alejandro Guti\u00e9rrez Vega<\/h3><\/div>\n                                                                                            <div class=\"oxi-image-hover-content iheu-zoom-in \">Profesor y orientador educativo en la Universidad de Colima<br><\/div>\n                                                                                <\/div>\n                                <\/div>\n                            <\/div>\n                                                        <\/a>\n\t\t\t\t\t\t\t\t                    <\/div>\n                <\/div>\n                                <\/div>\n                                <\/div>\n            <\/div>\n\t\t\t<\/td>\n<td style=\"width: 25%; border-style: none; border-color: #ffffff; height: 24px;\">            <div class=\"oxi-addons-container noLightbox oxi-image-hover-wrapper-8 \" id=\"oxi-image-hover-wrapper-8\">\n                <div class=\"oxi-addons-row\">\n                                <div class=\"oxi-image-hover-style oxi-bt-col-lg-12 oxi-bt-col-md-12 oxi-bt-col-sm-12                         \" sa-data-animation=\"zoomIn\" sa-data-animation-offset=\"100%\" sa-data-animation-delay=\"0ms\" sa-data-animation-duration=\"1000ms\">\n                <div class=\"oxi-image-hover-style-square\">\n                    <div class=\"oxi-image-hover oxi-image-square-hover oxi-image-square-hover-style-5 oxi-image-square-hover-8-14\">\n                                                    <a  href=\"https:\/\/conferencia.anuies.mx\/#popmake-494\" target=\"_blank\" rel=\"nofollow\">\n                                                            <div class=\"oxi-image-hover-figure\">\n                                <div class=\"oxi-image-hover-image\">\n                                    <img decoding=\"async\" src=\"https:\/\/conferencia.anuies.mx\/wp-content\/uploads\/2025\/11\/Juan-Pablo.png\" >\n                                <\/div>\n                                <div class=\"oxi-image-hover-figure-caption\">\n                                    <div class=\"oxi-image-hover-caption-tab image-hover-align-center-center\">\n                                                                                    <div class=\"oxi-image-hover-figure-heading iheu-zoom-in \"><h3 class=\"oxi-image-hover-heading \n                                            oxi-image-hover-heading-underline                                                \">Ing. Juan Pablo Carvallo PhD.<\/h3><\/div>\n                                                                                            <div class=\"oxi-image-hover-content iheu-zoom-in \">Director Ejecutivo de la Corporaci\u00f3n Ecuatoriana para el Desarrollo de la Investigaci\u00f3n y la Academia (CEDIA)<\/div>\n                                                                                <\/div>\n                                <\/div>\n                            <\/div>\n                                                        <\/a>\n\t\t\t\t\t\t\t\t                    <\/div>\n                <\/div>\n                                <\/div>\n                            <div class=\"oxi-image-hover-style oxi-bt-col-lg-12 oxi-bt-col-md-12 oxi-bt-col-sm-12                         \" sa-data-animation=\"zoomIn\" sa-data-animation-offset=\"100%\" sa-data-animation-delay=\"0ms\" sa-data-animation-duration=\"1000ms\">\n                <div class=\"oxi-image-hover-style-square\">\n                    <div class=\"oxi-image-hover oxi-image-square-hover oxi-image-square-hover-style-5 oxi-image-square-hover-8-15\">\n                                                    <a  href=\"https:\/\/conferencia.anuies.mx\/#popmake-484\">\n                                                            <div class=\"oxi-image-hover-figure\">\n                                <div class=\"oxi-image-hover-image\">\n                                    <img decoding=\"async\" src=\"https:\/\/conferencia.anuies.mx\/wp-content\/uploads\/2025\/11\/Cindy.png\" >\n                                <\/div>\n                                <div class=\"oxi-image-hover-figure-caption\">\n                                    <div class=\"oxi-image-hover-caption-tab image-hover-align-center-center\">\n                                                                                    <div class=\"oxi-image-hover-figure-heading iheu-zoom-in \"><h3 class=\"oxi-image-hover-heading \n                                            oxi-image-hover-heading-underline                                                \">Mtra. Cindy Carolina Palomares Ortega<\/h3><\/div>\n                                                                                            <div class=\"oxi-image-hover-content iheu-zoom-in \">Docente y responsable del \u00e1rea de Comunicaci\u00f3n en la DGIE de la UCol<\/div>\n                                                                                <\/div>\n                                <\/div>\n                            <\/div>\n                                                        <\/a>\n\t\t\t\t\t\t\t\t                    <\/div>\n                <\/div>\n                                <\/div>\n                            <div class=\"oxi-image-hover-style oxi-bt-col-lg-12 oxi-bt-col-md-12 oxi-bt-col-sm-12                         \" sa-data-animation=\"zoomIn\" sa-data-animation-offset=\"100%\" sa-data-animation-delay=\"0ms\" sa-data-animation-duration=\"1000ms\">\n                <div class=\"oxi-image-hover-style-square\">\n                    <div class=\"oxi-image-hover oxi-image-square-hover oxi-image-square-hover-style-5 oxi-image-square-hover-8-16\">\n                                                    <a  href=\"https:\/\/conferencia.anuies.mx\/#popmake-478\" target=\"_blank\" rel=\"nofollow\">\n                                                            <div class=\"oxi-image-hover-figure\">\n                                <div class=\"oxi-image-hover-image\">\n                                    <img decoding=\"async\" src=\"https:\/\/conferencia.anuies.mx\/wp-content\/uploads\/2025\/11\/Krishna.png\" >\n                                <\/div>\n                                <div class=\"oxi-image-hover-figure-caption\">\n                                    <div class=\"oxi-image-hover-caption-tab image-hover-align-center-center\">\n                                                                                    <div class=\"oxi-image-hover-figure-heading iheu-zoom-in \"><h3 class=\"oxi-image-hover-heading \n                                            oxi-image-hover-heading-underline                                                \">Dra. Krishna Neith Guzm\u00e1n Benavides<\/h3><\/div>\n                                                                                            <div class=\"oxi-image-hover-content iheu-zoom-in \">Directora General de Innovaci\u00f3n y Emprendimiento de la UCol<\/div>\n                                                                                <\/div>\n                                <\/div>\n                            <\/div>\n                                                        <\/a>\n\t\t\t\t\t\t\t\t                    <\/div>\n                <\/div>\n                                <\/div>\n                            <div class=\"oxi-image-hover-style oxi-bt-col-lg-12 oxi-bt-col-md-12 oxi-bt-col-sm-12                         \" sa-data-animation=\"zoomIn\" sa-data-animation-offset=\"100%\" sa-data-animation-delay=\"0ms\" sa-data-animation-duration=\"1000ms\">\n                <div class=\"oxi-image-hover-style-square\">\n                    <div class=\"oxi-image-hover oxi-image-square-hover oxi-image-square-hover-style-5 oxi-image-square-hover-8-17\">\n                                                    <a  href=\"https:\/\/conferencia.anuies.mx\/#popmake-503\" target=\"_blank\" rel=\"nofollow\">\n                                                            <div class=\"oxi-image-hover-figure\">\n                                <div class=\"oxi-image-hover-image\">\n                                    <img decoding=\"async\" src=\"https:\/\/conferencia.anuies.mx\/wp-content\/uploads\/2025\/11\/Christoph.png\" >\n                                <\/div>\n                                <div class=\"oxi-image-hover-figure-caption\">\n                                    <div class=\"oxi-image-hover-caption-tab image-hover-align-center-center\">\n                                                                                    <div class=\"oxi-image-hover-figure-heading iheu-zoom-in \"><h3 class=\"oxi-image-hover-heading \n                                            oxi-image-hover-heading-underline                                                \">Christoph Hansert<\/h3><\/div>\n                                                                                            <div class=\"oxi-image-hover-content iheu-zoom-in \">Oficina Regional del DAAD para M\u00e9xico, Centroam\u00e9rica y el Caribe<\/div>\n                                                                                <\/div>\n                                <\/div>\n                            <\/div>\n                                                        <\/a>\n\t\t\t\t\t\t\t\t                    <\/div>\n                <\/div>\n                                <\/div>\n                                <\/div>\n            <\/div>\n\t\t\t<\/td>\n<td style=\"width: 25%; border-color: #ffffff; border-style: none; height: 24px;\">            <div class=\"oxi-addons-container noLightbox oxi-image-hover-wrapper-9 \" id=\"oxi-image-hover-wrapper-9\">\n                <div class=\"oxi-addons-row\">\n                                <div class=\"oxi-image-hover-style oxi-bt-col-lg-12 oxi-bt-col-md-12 oxi-bt-col-sm-12                         \" sa-data-animation=\"zoomIn\" sa-data-animation-offset=\"100%\" sa-data-animation-delay=\"0ms\" sa-data-animation-duration=\"1000ms\">\n                <div class=\"oxi-image-hover-style-square\">\n                    <div class=\"oxi-image-hover oxi-image-square-hover oxi-image-square-hover-style-5 oxi-image-square-hover-9-19\">\n                                                    <a  href=\"https:\/\/conferencia.anuies.mx\/#popmake-519\">\n                                                            <div class=\"oxi-image-hover-figure\">\n                                <div class=\"oxi-image-hover-image\">\n                                    <img decoding=\"async\" src=\"https:\/\/conferencia.anuies.mx\/wp-content\/uploads\/2025\/11\/Gaudencio.png\" >\n                                <\/div>\n                                <div class=\"oxi-image-hover-figure-caption\">\n                                    <div class=\"oxi-image-hover-caption-tab image-hover-align-center-center\">\n                                                                                    <div class=\"oxi-image-hover-figure-heading iheu-zoom-in \"><h3 class=\"oxi-image-hover-heading \n                                            oxi-image-hover-heading-underline                                                \">Dr. Gaudencio Lucas Bravo<\/h3><\/div>\n                                                                                            <div class=\"oxi-image-hover-content iheu-zoom-in \">Secretar\u00eda Acad\u00e9mica de Investigaci\u00f3n e Innovaci\u00f3n del TecNM<br><\/div>\n                                                                                <\/div>\n                                <\/div>\n                            <\/div>\n                                                        <\/a>\n\t\t\t\t\t\t\t\t                    <\/div>\n                <\/div>\n                                <\/div>\n                            <div class=\"oxi-image-hover-style oxi-bt-col-lg-12 oxi-bt-col-md-12 oxi-bt-col-sm-12                         \" sa-data-animation=\"zoomIn\" sa-data-animation-offset=\"100%\" sa-data-animation-delay=\"0ms\" sa-data-animation-duration=\"1000ms\">\n                <div class=\"oxi-image-hover-style-square\">\n                    <div class=\"oxi-image-hover oxi-image-square-hover oxi-image-square-hover-style-5 oxi-image-square-hover-9-20\">\n                                                    <a  href=\"https:\/\/conferencia.anuies.mx\/#popmake-581\">\n                                                            <div class=\"oxi-image-hover-figure\">\n                                <div class=\"oxi-image-hover-image\">\n                                    <img decoding=\"async\" src=\"https:\/\/conferencia.anuies.mx\/wp-content\/uploads\/2025\/11\/Valeria.png\" >\n                                <\/div>\n                                <div class=\"oxi-image-hover-figure-caption\">\n                                    <div class=\"oxi-image-hover-caption-tab image-hover-align-center-center\">\n                                                                                    <div class=\"oxi-image-hover-figure-heading iheu-zoom-in \"><h3 class=\"oxi-image-hover-heading \n                                            oxi-image-hover-heading-underline                                                \">Valeria Fernanda Cobi\u00e1n Puente<\/h3><\/div>\n                                                                                            <div class=\"oxi-image-hover-content iheu-zoom-in \">Estudiante de Ingenier\u00eda de Software de la UCol<\/div>\n                                                                                <\/div>\n                                <\/div>\n                            <\/div>\n                                                        <\/a>\n\t\t\t\t\t\t\t\t                    <\/div>\n                <\/div>\n                                <\/div>\n                            <div class=\"oxi-image-hover-style oxi-bt-col-lg-12 oxi-bt-col-md-12 oxi-bt-col-sm-12                         \" sa-data-animation=\"zoomIn\" sa-data-animation-offset=\"100%\" sa-data-animation-delay=\"0ms\" sa-data-animation-duration=\"1000ms\">\n                <div class=\"oxi-image-hover-style-square\">\n                    <div class=\"oxi-image-hover oxi-image-square-hover oxi-image-square-hover-style-5 oxi-image-square-hover-9-21\">\n                                                    <a  href=\"https:\/\/conferencia.anuies.mx\/#popmake-583\">\n                                                            <div class=\"oxi-image-hover-figure\">\n                                <div class=\"oxi-image-hover-image\">\n                                    <img decoding=\"async\" src=\"https:\/\/conferencia.anuies.mx\/wp-content\/uploads\/2025\/11\/Joel.png\" >\n                                <\/div>\n                                <div class=\"oxi-image-hover-figure-caption\">\n                                    <div class=\"oxi-image-hover-caption-tab image-hover-align-center-center\">\n                                                                                    <div class=\"oxi-image-hover-figure-heading iheu-zoom-in \"><h3 class=\"oxi-image-hover-heading \n                                            oxi-image-hover-heading-underline                                                \">Joel Adri\u00e1n Garc\u00eda Bravo<\/h3><\/div>\n                                                                                            <div class=\"oxi-image-hover-content iheu-zoom-in \">Estudiante de Ingenier\u00eda en Software de la UCol<\/div>\n                                                                                <\/div>\n                                <\/div>\n                            <\/div>\n                                                        <\/a>\n\t\t\t\t\t\t\t\t                    <\/div>\n                <\/div>\n                                <\/div>\n                            <div class=\"oxi-image-hover-style oxi-bt-col-lg-12 oxi-bt-col-md-12 oxi-bt-col-sm-12                         \" sa-data-animation=\"zoomIn\" sa-data-animation-offset=\"100%\" sa-data-animation-delay=\"0ms\" sa-data-animation-duration=\"1000ms\">\n                <div class=\"oxi-image-hover-style-square\">\n                    <div class=\"oxi-image-hover oxi-image-square-hover oxi-image-square-hover-style-5 oxi-image-square-hover-9-22\">\n                                                    <a  href=\"https:\/\/conferencia.anuies.mx\/#popmake-585\">\n                                                            <div class=\"oxi-image-hover-figure\">\n                                <div class=\"oxi-image-hover-image\">\n                                    <img decoding=\"async\" src=\"https:\/\/conferencia.anuies.mx\/wp-content\/uploads\/2025\/11\/Yahir.png\" >\n                                <\/div>\n                                <div class=\"oxi-image-hover-figure-caption\">\n                                    <div class=\"oxi-image-hover-caption-tab image-hover-align-center-center\">\n                                                                                    <div class=\"oxi-image-hover-figure-heading iheu-zoom-in \"><h3 class=\"oxi-image-hover-heading \n                                            oxi-image-hover-heading-underline                                                \">Yahir Acevedo<\/h3><\/div>\n                                                                                            <div class=\"oxi-image-hover-content iheu-zoom-in \">Estudiante de Ingenier\u00eda en Software de la UCol<br><\/div>\n                                                                                <\/div>\n                                <\/div>\n                            <\/div>\n                                                        <\/a>\n\t\t\t\t\t\t\t\t                    <\/div>\n                <\/div>\n                                <\/div>\n                                <\/div>\n            <\/div>\n\t\t\t<\/td>\n<td style=\"width: 25%; border-style: none; border-color: #ffffff; height: 24px;\">            <div class=\"oxi-addons-container noLightbox oxi-image-hover-wrapper-10 \" id=\"oxi-image-hover-wrapper-10\">\n                <div class=\"oxi-addons-row\">\n                                <div class=\"oxi-image-hover-style oxi-bt-col-lg-12 oxi-bt-col-md-12 oxi-bt-col-sm-12                         \" sa-data-animation=\"zoomIn\" sa-data-animation-offset=\"100%\" sa-data-animation-delay=\"0ms\" sa-data-animation-duration=\"1000ms\">\n                <div class=\"oxi-image-hover-style-square\">\n                    <div class=\"oxi-image-hover oxi-image-square-hover oxi-image-square-hover-style-5 oxi-image-square-hover-10-23\">\n                                                    <a  href=\"https:\/\/conferencia.anuies.mx\/#popmake-697\" target=\"_blank\" rel=\"nofollow\">\n                                                            <div class=\"oxi-image-hover-figure\">\n                                <div class=\"oxi-image-hover-image\">\n                                    <img decoding=\"async\" src=\"https:\/\/conferencia.anuies.mx\/wp-content\/uploads\/2025\/11\/Julio-Cesar.png\" >\n                                <\/div>\n                                <div class=\"oxi-image-hover-figure-caption\">\n                                    <div class=\"oxi-image-hover-caption-tab image-hover-align-center-center\">\n                                                                                    <div class=\"oxi-image-hover-figure-heading iheu-zoom-in \"><h3 class=\"oxi-image-hover-heading \n                                            oxi-image-hover-heading-underline                                                \">Dr. Julio Cesar Leyva Ruiz<\/h3><\/div>\n                                                                                            <div class=\"oxi-image-hover-content iheu-zoom-in \">Director de Dise\u00f1o y Desarrollo Curricular en la Direcci\u00f3nGeneral de Educaci\u00f3n Superior para el Magisterio<\/div>\n                                                                                <\/div>\n                                <\/div>\n                            <\/div>\n                                                        <\/a>\n\t\t\t\t\t\t\t\t                    <\/div>\n                <\/div>\n                                <\/div>\n                            <div class=\"oxi-image-hover-style oxi-bt-col-lg-12 oxi-bt-col-md-12 oxi-bt-col-sm-12                         \" sa-data-animation=\"zoomIn\" sa-data-animation-offset=\"100%\" sa-data-animation-delay=\"0ms\" sa-data-animation-duration=\"1000ms\">\n                <div class=\"oxi-image-hover-style-square\">\n                    <div class=\"oxi-image-hover oxi-image-square-hover oxi-image-square-hover-style-5 oxi-image-square-hover-10-24\">\n                                                    <a  href=\"https:\/\/conferencia.anuies.mx\/#popmake-587\">\n                                                            <div class=\"oxi-image-hover-figure\">\n                                <div class=\"oxi-image-hover-image\">\n                                    <img decoding=\"async\" src=\"https:\/\/conferencia.anuies.mx\/wp-content\/uploads\/2025\/11\/Gerardo.png\" >\n                                <\/div>\n                                <div class=\"oxi-image-hover-figure-caption\">\n                                    <div class=\"oxi-image-hover-caption-tab image-hover-align-center-center\">\n                                                                                    <div class=\"oxi-image-hover-figure-heading iheu-zoom-in \"><h3 class=\"oxi-image-hover-heading \n                                            oxi-image-hover-heading-underline                                                \">Dr. Gerardo Emmanuel C\u00e1rdenas Villa<\/h3><\/div>\n                                                                                            <div class=\"oxi-image-hover-content iheu-zoom-in \">Coordinador General de Tecnolog\u00edas de Informaci\u00f3n de la UCol<\/div>\n                                                                                <\/div>\n                                <\/div>\n                            <\/div>\n                                                        <\/a>\n\t\t\t\t\t\t\t\t                    <\/div>\n                <\/div>\n                                <\/div>\n                            <div class=\"oxi-image-hover-style oxi-bt-col-lg-12 oxi-bt-col-md-12 oxi-bt-col-sm-12                         \" sa-data-animation=\"zoomIn\" sa-data-animation-offset=\"100%\" sa-data-animation-delay=\"0ms\" sa-data-animation-duration=\"1000ms\">\n                <div class=\"oxi-image-hover-style-square\">\n                    <div class=\"oxi-image-hover oxi-image-square-hover oxi-image-square-hover-style-5 oxi-image-square-hover-10-25\">\n                                                    <a  href=\"https:\/\/conferencia.anuies.mx\/#popmake-701\" target=\"_blank\" rel=\"nofollow\">\n                                                            <div class=\"oxi-image-hover-figure\">\n                                <div class=\"oxi-image-hover-image\">\n                                    <img decoding=\"async\" src=\"https:\/\/conferencia.anuies.mx\/wp-content\/uploads\/2025\/11\/Graciela.png\" >\n                                <\/div>\n                                <div class=\"oxi-image-hover-figure-caption\">\n                                    <div class=\"oxi-image-hover-caption-tab image-hover-align-center-center\">\n                                                                                    <div class=\"oxi-image-hover-figure-heading iheu-zoom-in \"><h3 class=\"oxi-image-hover-heading \n                                            oxi-image-hover-heading-underline                                                \">Mtra. Graciela B\u00e1ez Ric\u00e1rdez<\/h3><\/div>\n                                                                                            <div class=\"oxi-image-hover-content iheu-zoom-in \">Directora General de Cooperaci\u00f3n Educativa en la Secretar\u00eda de Educaci\u00f3n P\u00fablica<\/div>\n                                                                                <\/div>\n                                <\/div>\n                            <\/div>\n                                                        <\/a>\n\t\t\t\t\t\t\t\t                    <\/div>\n                <\/div>\n                                <\/div>\n                            <div class=\"oxi-image-hover-style oxi-bt-col-lg-12 oxi-bt-col-md-12 oxi-bt-col-sm-12                         \" sa-data-animation=\"zoomIn\" sa-data-animation-offset=\"100%\" sa-data-animation-delay=\"0ms\" sa-data-animation-duration=\"1000ms\">\n                <div class=\"oxi-image-hover-style-square\">\n                    <div class=\"oxi-image-hover oxi-image-square-hover oxi-image-square-hover-style-5 oxi-image-square-hover-10-26\">\n                                                    <a  href=\"https:\/\/conferencia.anuies.mx\/#popmake-704\" target=\"_blank\" rel=\"nofollow\">\n                                                            <div class=\"oxi-image-hover-figure\">\n                                <div class=\"oxi-image-hover-image\">\n                                    <img decoding=\"async\" src=\"https:\/\/conferencia.anuies.mx\/wp-content\/uploads\/2025\/11\/Isabella.png\" >\n                                <\/div>\n                                <div class=\"oxi-image-hover-figure-caption\">\n                                    <div class=\"oxi-image-hover-caption-tab image-hover-align-center-center\">\n                                                                                    <div class=\"oxi-image-hover-figure-heading iheu-zoom-in \"><h3 class=\"oxi-image-hover-heading \n                                            oxi-image-hover-heading-underline                                                \">Isabella Dufour-Baumgartner <\/h3><\/div>\n                                                                                            <div class=\"oxi-image-hover-content iheu-zoom-in \">Subdirectora de Asuntos Internacionales de IMT Mines Albi<\/div>\n                                                                                <\/div>\n                                <\/div>\n                            <\/div>\n                                                        <\/a>\n\t\t\t\t\t\t\t\t                    <\/div>\n                <\/div>\n                                <\/div>\n                                <\/div>\n            <\/div>\n\t\t\t<\/td>\n<\/tr>\n<tr style=\"height: 24px;\">\n<td style=\"width: 25%; border-style: none; border-color: #ffffff; height: 24px;\">            <div class=\"oxi-addons-container noLightbox oxi-image-hover-wrapper-11 \" id=\"oxi-image-hover-wrapper-11\">\n                <div class=\"oxi-addons-row\">\n                                <div class=\"oxi-image-hover-style oxi-bt-col-lg-12 oxi-bt-col-md-12 oxi-bt-col-sm-12                         \" sa-data-animation=\"zoomIn\" sa-data-animation-offset=\"100%\" sa-data-animation-delay=\"0ms\" sa-data-animation-duration=\"1000ms\">\n                <div class=\"oxi-image-hover-style-square\">\n                    <div class=\"oxi-image-hover oxi-image-square-hover oxi-image-square-hover-style-5 oxi-image-square-hover-11-27\">\n                                                    <a  href=\"https:\/\/conferencia.anuies.mx\/#popmake-719\" target=\"_blank\" rel=\"nofollow\">\n                                                            <div class=\"oxi-image-hover-figure\">\n                                <div class=\"oxi-image-hover-image\">\n                                    <img decoding=\"async\" src=\"https:\/\/conferencia.anuies.mx\/wp-content\/uploads\/2025\/11\/Alia-1.png\" >\n                                <\/div>\n                                <div class=\"oxi-image-hover-figure-caption\">\n                                    <div class=\"oxi-image-hover-caption-tab image-hover-align-center-center\">\n                                                                                    <div class=\"oxi-image-hover-figure-heading iheu-zoom-in \"><h3 class=\"oxi-image-hover-heading \n                                            oxi-image-hover-heading-underline                                                \">Dra. Alia Imtoual <\/h3><\/div>\n                                                                                            <div class=\"oxi-image-hover-content iheu-zoom-in \">Consejera de Educaci\u00f3n e Investigaci\u00f3n en la Embajada de Australia en M\u00e9xico<\/div>\n                                                                                <\/div>\n                                <\/div>\n                            <\/div>\n                                                        <\/a>\n\t\t\t\t\t\t\t\t                    <\/div>\n                <\/div>\n                                <\/div>\n                            <div class=\"oxi-image-hover-style oxi-bt-col-lg-12 oxi-bt-col-md-12 oxi-bt-col-sm-12                         \" sa-data-animation=\"zoomIn\" sa-data-animation-offset=\"100%\" sa-data-animation-delay=\"0ms\" sa-data-animation-duration=\"1000ms\">\n                <div class=\"oxi-image-hover-style-square\">\n                    <div class=\"oxi-image-hover oxi-image-square-hover oxi-image-square-hover-style-5 oxi-image-square-hover-11-28\">\n                                                    <a  href=\"https:\/\/conferencia.anuies.mx\/#popmake-709\">\n                                                            <div class=\"oxi-image-hover-figure\">\n                                <div class=\"oxi-image-hover-image\">\n                                    <img decoding=\"async\" src=\"https:\/\/conferencia.anuies.mx\/wp-content\/uploads\/2025\/11\/Salomon.png\" >\n                                <\/div>\n                                <div class=\"oxi-image-hover-figure-caption\">\n                                    <div class=\"oxi-image-hover-caption-tab image-hover-align-center-center\">\n                                                                                    <div class=\"oxi-image-hover-figure-heading iheu-zoom-in \"><h3 class=\"oxi-image-hover-heading \n                                            oxi-image-hover-heading-underline                                                \">Salom\u00f3n Amkie Cheirif<\/h3><\/div>\n                                                                                            <div class=\"oxi-image-hover-content iheu-zoom-in \">Director de Relaciones Institucionales, Santander Universidades y Universia M\u00e9xico<\/div>\n                                                                                <\/div>\n                                <\/div>\n                            <\/div>\n                                                        <\/a>\n\t\t\t\t\t\t\t\t                    <\/div>\n                <\/div>\n                                <\/div>\n                                <\/div>\n            <\/div>\n\t\t\t<\/td>\n<td style=\"width: 25%; border-style: none; border-color: #ffffff; height: 24px;\">            <div class=\"oxi-addons-container noLightbox oxi-image-hover-wrapper-13 \" id=\"oxi-image-hover-wrapper-13\">\n                <div class=\"oxi-addons-row\">\n                                <div class=\"oxi-image-hover-style oxi-bt-col-lg-12 oxi-bt-col-md-12 oxi-bt-col-sm-12                         \" sa-data-animation=\"zoomIn\" sa-data-animation-offset=\"100%\" sa-data-animation-delay=\"0ms\" sa-data-animation-duration=\"1000ms\">\n                <div class=\"oxi-image-hover-style-square\">\n                    <div class=\"oxi-image-hover oxi-image-square-hover oxi-image-square-hover-style-5 oxi-image-square-hover-13-40\">\n                                                    <a  href=\"https:\/\/conferencia.anuies.mx\/#popmake-723\">\n                                                            <div class=\"oxi-image-hover-figure\">\n                                <div class=\"oxi-image-hover-image\">\n                                    <img decoding=\"async\" src=\"https:\/\/conferencia.anuies.mx\/wp-content\/uploads\/2025\/11\/Armando.png\" >\n                                <\/div>\n                                <div class=\"oxi-image-hover-figure-caption\">\n                                    <div class=\"oxi-image-hover-caption-tab image-hover-align-center-center\">\n                                                                                    <div class=\"oxi-image-hover-figure-heading iheu-zoom-in \"><h3 class=\"oxi-image-hover-heading \n                                            oxi-image-hover-heading-underline                                                \">Dr. Armando Renato Balderrama Santander<\/h3><\/div>\n                                                                                            <div class=\"oxi-image-hover-content iheu-zoom-in \">CIDE, Director del Observatorio Iberoamericano de Industrias Creativas de Corea (M\u00e9xico)<\/div>\n                                                                                <\/div>\n                                <\/div>\n                            <\/div>\n                                                        <\/a>\n\t\t\t\t\t\t\t\t                    <\/div>\n                <\/div>\n                                <\/div>\n                            <div class=\"oxi-image-hover-style oxi-bt-col-lg-12 oxi-bt-col-md-12 oxi-bt-col-sm-12                         \" sa-data-animation=\"zoomIn\" sa-data-animation-offset=\"100%\" sa-data-animation-delay=\"0ms\" sa-data-animation-duration=\"1000ms\">\n                <div class=\"oxi-image-hover-style-square\">\n                    <div class=\"oxi-image-hover oxi-image-square-hover oxi-image-square-hover-style-5 oxi-image-square-hover-13-41\">\n                                                    <a  href=\"https:\/\/conferencia.anuies.mx\/#popmake-729\">\n                                                            <div class=\"oxi-image-hover-figure\">\n                                <div class=\"oxi-image-hover-image\">\n                                    <img decoding=\"async\" src=\"https:\/\/conferencia.anuies.mx\/wp-content\/uploads\/2025\/11\/Romina.png\" >\n                                <\/div>\n                                <div class=\"oxi-image-hover-figure-caption\">\n                                    <div class=\"oxi-image-hover-caption-tab image-hover-align-center-center\">\n                                                                                    <div class=\"oxi-image-hover-figure-heading iheu-zoom-in \"><h3 class=\"oxi-image-hover-heading \n                                            oxi-image-hover-heading-underline                                                \">Dra. Romina Hidalgo Emparanza<\/h3><\/div>\n                                                                                            <div class=\"oxi-image-hover-content iheu-zoom-in \">Directora de I+D+i\u00a0de la Pontificia Universidad Cat\u00f3lica de Chile<\/div>\n                                                                                <\/div>\n                                <\/div>\n                            <\/div>\n                                                        <\/a>\n\t\t\t\t\t\t\t\t                    <\/div>\n                <\/div>\n                                <\/div>\n                                <\/div>\n            <\/div>\n\t\t\t<\/td>\n<td style=\"width: 25%; border-style: none; border-color: #ffffff; height: 24px;\">            <div class=\"oxi-addons-container noLightbox oxi-image-hover-wrapper-14 \" id=\"oxi-image-hover-wrapper-14\">\n                <div class=\"oxi-addons-row\">\n                                <div class=\"oxi-image-hover-style oxi-bt-col-lg-12 oxi-bt-col-md-12 oxi-bt-col-sm-12                         \" sa-data-animation=\"zoomIn\" sa-data-animation-offset=\"100%\" sa-data-animation-delay=\"0ms\" sa-data-animation-duration=\"1000ms\">\n                <div class=\"oxi-image-hover-style-square\">\n                    <div class=\"oxi-image-hover oxi-image-square-hover oxi-image-square-hover-style-5 oxi-image-square-hover-14-42\">\n                                                    <a  href=\"https:\/\/conferencia.anuies.mx\/#popmake-744\" target=\"_blank\" rel=\"nofollow\">\n                                                            <div class=\"oxi-image-hover-figure\">\n                                <div class=\"oxi-image-hover-image\">\n                                    <img decoding=\"async\" src=\"https:\/\/conferencia.anuies.mx\/wp-content\/uploads\/2025\/11\/Ana.png\" >\n                                <\/div>\n                                <div class=\"oxi-image-hover-figure-caption\">\n                                    <div class=\"oxi-image-hover-caption-tab image-hover-align-center-center\">\n                                                                                    <div class=\"oxi-image-hover-figure-heading iheu-zoom-in \"><h3 class=\"oxi-image-hover-heading \n                                            oxi-image-hover-heading-underline                                                \">Ana Lucia Ba\u00f1uelos Aguilar<\/h3><\/div>\n                                                                                            <div class=\"oxi-image-hover-content iheu-zoom-in \">Estudiante de Negocios Internacionales\u00a0de la Universidad Aut\u00f3noma de Nayarit<\/div>\n                                                                                <\/div>\n                                <\/div>\n                            <\/div>\n                                                        <\/a>\n\t\t\t\t\t\t\t\t                    <\/div>\n                <\/div>\n                                <\/div>\n                            <div class=\"oxi-image-hover-style oxi-bt-col-lg-12 oxi-bt-col-md-12 oxi-bt-col-sm-12                         \" sa-data-animation=\"zoomIn\" sa-data-animation-offset=\"100%\" sa-data-animation-delay=\"0ms\" sa-data-animation-duration=\"1000ms\">\n                <div class=\"oxi-image-hover-style-square\">\n                    <div class=\"oxi-image-hover oxi-image-square-hover oxi-image-square-hover-style-5 oxi-image-square-hover-14-47\">\n                                                    <a  href=\"https:\/\/conferencia.anuies.mx\/#popmake-770\" target=\"_blank\" rel=\"nofollow\">\n                                                            <div class=\"oxi-image-hover-figure\">\n                                <div class=\"oxi-image-hover-image\">\n                                    <img decoding=\"async\" src=\"https:\/\/conferencia.anuies.mx\/wp-content\/uploads\/2025\/11\/Carlos.png\" >\n                                <\/div>\n                                <div class=\"oxi-image-hover-figure-caption\">\n                                    <div class=\"oxi-image-hover-caption-tab image-hover-align-center-center\">\n                                                                                    <div class=\"oxi-image-hover-figure-heading iheu-zoom-in \"><h3 class=\"oxi-image-hover-heading \n                                            oxi-image-hover-heading-underline                                                \">Carlos Guillermo Elizondo Ancer <\/h3><\/div>\n                                                                                            <div class=\"oxi-image-hover-content iheu-zoom-in \">CEO y cofundador de Territorium<\/div>\n                                                                                <\/div>\n                                <\/div>\n                            <\/div>\n                                                        <\/a>\n\t\t\t\t\t\t\t\t                    <\/div>\n                <\/div>\n                                <\/div>\n                                <\/div>\n            <\/div>\n\t\t\t<\/td>\n<td style=\"width: 25%; border-style: none; border-color: #ffffff; height: 24px;\">            <div class=\"oxi-addons-container noLightbox oxi-image-hover-wrapper-18 \" id=\"oxi-image-hover-wrapper-18\">\n                <div class=\"oxi-addons-row\">\n                                <div class=\"oxi-image-hover-style oxi-bt-col-lg-12 oxi-bt-col-md-12 oxi-bt-col-sm-12                         \" sa-data-animation=\"zoomIn\" sa-data-animation-offset=\"100%\" sa-data-animation-delay=\"0ms\" sa-data-animation-duration=\"1000ms\">\n                <div class=\"oxi-image-hover-style-square\">\n                    <div class=\"oxi-image-hover oxi-image-square-hover oxi-image-square-hover-style-5 oxi-image-square-hover-18-54\">\n                                                    <a  href=\"https:\/\/conferencia.anuies.mx\/#popmake-461\" target=\"_blank\" rel=\"nofollow\">\n                                                            <div class=\"oxi-image-hover-figure\">\n                                <div class=\"oxi-image-hover-image\">\n                                    <img decoding=\"async\" src=\"https:\/\/conferencia.anuies.mx\/wp-content\/uploads\/2025\/11\/Pedro.png\" >\n                                <\/div>\n                                <div class=\"oxi-image-hover-figure-caption\">\n                                    <div class=\"oxi-image-hover-caption-tab image-hover-align-center-center\">\n                                                                                    <div class=\"oxi-image-hover-figure-heading iheu-zoom-in \"><h3 class=\"oxi-image-hover-heading \n                                            oxi-image-hover-heading-underline                                                \">Dr. Pedro C\u00e9sar Santana Mancilla<\/h3><\/div>\n                                                                                            <div class=\"oxi-image-hover-content iheu-zoom-in \">Profesor investigador de la Universidad de Colima<\/div>\n                                                                                <\/div>\n                                <\/div>\n                            <\/div>\n                                                        <\/a>\n\t\t\t\t\t\t\t\t                    <\/div>\n                <\/div>\n                                <\/div>\n                            <div class=\"oxi-image-hover-style oxi-bt-col-lg-12 oxi-bt-col-md-12 oxi-bt-col-sm-12                         \" sa-data-animation=\"zoomIn\" sa-data-animation-offset=\"100%\" sa-data-animation-delay=\"0ms\" sa-data-animation-duration=\"1000ms\">\n                <div class=\"oxi-image-hover-style-square\">\n                    <div class=\"oxi-image-hover oxi-image-square-hover oxi-image-square-hover-style-5 oxi-image-square-hover-18-55\">\n                                                    <a  href=\"https:\/\/conferencia.anuies.mx\/#popmake-459\">\n                                                            <div class=\"oxi-image-hover-figure\">\n                                <div class=\"oxi-image-hover-image\">\n                                    <img decoding=\"async\" src=\"https:\/\/conferencia.anuies.mx\/wp-content\/uploads\/2025\/11\/Maria.png\" >\n                                <\/div>\n                                <div class=\"oxi-image-hover-figure-caption\">\n                                    <div class=\"oxi-image-hover-caption-tab image-hover-align-center-center\">\n                                                                                    <div class=\"oxi-image-hover-figure-heading iheu-zoom-in \"><h3 class=\"oxi-image-hover-heading \n                                            oxi-image-hover-heading-underline                                                \">Dra. Mar\u00eda Adriana Aguilera Arrieta<\/h3><\/div>\n                                                                                            <div class=\"oxi-image-hover-content iheu-zoom-in \">Acad\u00e9mica de la Universidad de Guanajuato<\/div>\n                                                                                <\/div>\n                                <\/div>\n                            <\/div>\n                                                        <\/a>\n\t\t\t\t\t\t\t\t                    <\/div>\n                <\/div>\n                                <\/div>\n                                <\/div>\n            <\/div>\n\t\t\t<\/td>\n<\/tr>\n<\/tbody>\n<\/table>\n","protected":false},"excerpt":{"rendered":"<p>Mensajes de bienvenida Luis A. Gonz\u00e1lez Placencia Secretario General Ejecutivo ANUIES &nbsp; A nombre de la Asociaci\u00f3n Nacional de Universidades e Instituciones [&hellip;]<\/p>\n","protected":false},"author":1,"featured_media":0,"parent":0,"menu_order":0,"comment_status":"closed","ping_status":"closed","template":"page-templates\/page_fullwidth.php","meta":{"footnotes":""},"class_list":["post-8","page","type-page","status-publish","hentry"],"_links":{"self":[{"href":"https:\/\/conferencia.anuies.mx\/wp-json\/wp\/v2\/pages\/8","targetHints":{"allow":["GET"]}}],"collection":[{"href":"https:\/\/conferencia.anuies.mx\/wp-json\/wp\/v2\/pages"}],"about":[{"href":"https:\/\/conferencia.anuies.mx\/wp-json\/wp\/v2\/types\/page"}],"author":[{"embeddable":true,"href":"https:\/\/conferencia.anuies.mx\/wp-json\/wp\/v2\/users\/1"}],"replies":[{"embeddable":true,"href":"https:\/\/conferencia.anuies.mx\/wp-json\/wp\/v2\/comments?post=8"}],"version-history":[{"count":33,"href":"https:\/\/conferencia.anuies.mx\/wp-json\/wp\/v2\/pages\/8\/revisions"}],"predecessor-version":[{"id":895,"href":"https:\/\/conferencia.anuies.mx\/wp-json\/wp\/v2\/pages\/8\/revisions\/895"}],"wp:attachment":[{"href":"https:\/\/conferencia.anuies.mx\/wp-json\/wp\/v2\/media?parent=8"}],"curies":[{"name":"wp","href":"https:\/\/api.w.org\/{rel}","templated":true}]}}